{"version":"1.0","provider_name":"Ch\u00e2teau Saint-Pierre de Mejans | Vineyard","provider_url":"https:\/\/saintpierredemejans.com\/en","author_name":"contact@saintpierredemejans.com","author_url":"https:\/\/saintpierredemejans.com\/en\/author\/contactsaintpierredemejans-com\/","title":"Concert Ap\u00e9ro le 4 Juillet | Ch\u00e2teau Saint-Pierre de Mejans | Vignoble","type":"rich","width":600,"height":338,"html":"<blockquote class=\"wp-embedded-content\" data-secret=\"1x1tDrZd6i\"><a href=\"https:\/\/saintpierredemejans.com\/en\/concert-apero-le-4-juillet\/\">Ap\u00e9ro concert on 4 July<\/a><\/blockquote><iframe sandbox=\"allow-scripts\" security=\"restricted\" src=\"https:\/\/saintpierredemejans.com\/en\/concert-apero-le-4-juillet\/embed\/#?secret=1x1tDrZd6i\" width=\"600\" height=\"338\" title=\"\u201cAperitif Concert on 4 July\u201d \u2014 Ch\u00e2teau Saint-Pierre de Mejans | Vineyard\" data-secret=\"1x1tDrZd6i\" frameborder=\"0\" marginwidth=\"0\" marginheight=\"0\" scrolling=\"no\" class=\"wp-embedded-content\"><\/iframe><script type=\"text\/javascript\">\n\/* <![CDATA[ *\/\n\/*! This file is auto-generated *\/\n!function(d,l){\"use strict\";l.querySelector&&d.addEventListener&&\"undefined\"!=typeof URL&&(d.wp=d.wp||{},d.wp.receiveEmbedMessage||(d.wp.receiveEmbedMessage=function(e){var t=e.data;if((t||t.secret||t.message||t.value)&&!\/[^a-zA-Z0-9]\/.test(t.secret)){for(var s,r,n,a=l.querySelectorAll('iframe[data-secret=\"'+t.secret+'\"]'),o=l.querySelectorAll('blockquote[data-secret=\"'+t.secret+'\"]'),c=new RegExp(\"^https?:$\",\"i\"),i=0;i<o.length;i++)o[i].style.display=\"none\";for(i=0;i<a.length;i++)s=a[i],e.source===s.contentWindow&&(s.removeAttribute(\"style\"),\"height\"===t.message?(1e3<(r=parseInt(t.value,10))?r=1e3:~~r<200&&(r=200),s.height=r):\"link\"===t.message&&(r=new URL(s.getAttribute(\"src\")),n=new URL(t.value),c.test(n.protocol))&&n.host===r.host&&l.activeElement===s&&(d.top.location.href=t.value))}},d.addEventListener(\"message\",d.wp.receiveEmbedMessage,!1),l.addEventListener(\"DOMContentLoaded\",function(){for(var e,t,s=l.querySelectorAll(\"iframe.wp-embedded-content\"),r=0;r<s.length;r++)(t=(e=s[r]).getAttribute(\"data-secret\"))||(t=Math.random().toString(36).substring(2,12),e.src+=\"#?secret=\"+t,e.setAttribute(\"data-secret\",t)),e.contentWindow.postMessage({message:\"ready\",secret:t},\"*\")},!1)))}(window,document);\n\/\/# sourceURL=https:\/\/saintpierredemejans.com\/wp-includes\/js\/wp-embed.min.js\n\/* ]]> *\/\n<\/script>","description":"Nous sommes ravis de vous inviter \u00e0 notre deuxi\u00e8me concert d&rsquo;\u00e9t\u00e9 avec Caroline Mayer Quartet. Une soir\u00e9e conviviale dans notre jardin avec restauration sur place (food trucks) et un verre de vin offert. Pour toute r\u00e9servation, veuillez trouver le lien ci-dessous: BILLETERIE EN LIGNE","thumbnail_url":"https:\/\/saintpierredemejans.com\/wp-content\/uploads\/2024\/05\/Cream-New-Product-Acne-Care-Instagram-Post-Flyers-212x300.png"}