{"version":"1.0","provider_name":"Ch\u00e2teau Saint-Pierre de Mejans | Vineyard","provider_url":"https:\/\/saintpierredemejans.com\/en","author_name":"contact@saintpierredemejans.com","author_url":"https:\/\/saintpierredemejans.com\/en\/author\/contactsaintpierredemejans-com\/","title":"March\u00e9 de No\u00ebl 2025 | Ch\u00e2teau Saint-Pierre de Mejans | Vignoble","type":"rich","width":600,"height":338,"html":"<blockquote class=\"wp-embedded-content\" data-secret=\"8dCTqPjAyo\"><a href=\"https:\/\/saintpierredemejans.com\/en\/marche-de-noel-2025\/\">Christmas Market 2025<\/a><\/blockquote><iframe sandbox=\"allow-scripts\" security=\"restricted\" src=\"https:\/\/saintpierredemejans.com\/en\/marche-de-noel-2025\/embed\/#?secret=8dCTqPjAyo\" width=\"600\" height=\"338\" title=\"\u201cChristmas Market 2025\u201d \u2014 Ch\u00e2teau Saint-Pierre de Mejans | Vineyard\" data-secret=\"8dCTqPjAyo\" frameborder=\"0\" marginwidth=\"0\" marginheight=\"0\" scrolling=\"no\" class=\"wp-embedded-content\"><\/iframe><script type=\"text\/javascript\">\n\/* <![CDATA[ *\/\n\/*! This file is auto-generated *\/\n!function(d,l){\"use strict\";l.querySelector&&d.addEventListener&&\"undefined\"!=typeof URL&&(d.wp=d.wp||{},d.wp.receiveEmbedMessage||(d.wp.receiveEmbedMessage=function(e){var t=e.data;if((t||t.secret||t.message||t.value)&&!\/[^a-zA-Z0-9]\/.test(t.secret)){for(var s,r,n,a=l.querySelectorAll('iframe[data-secret=\"'+t.secret+'\"]'),o=l.querySelectorAll('blockquote[data-secret=\"'+t.secret+'\"]'),c=new RegExp(\"^https?:$\",\"i\"),i=0;i<o.length;i++)o[i].style.display=\"none\";for(i=0;i<a.length;i++)s=a[i],e.source===s.contentWindow&&(s.removeAttribute(\"style\"),\"height\"===t.message?(1e3<(r=parseInt(t.value,10))?r=1e3:~~r<200&&(r=200),s.height=r):\"link\"===t.message&&(r=new URL(s.getAttribute(\"src\")),n=new URL(t.value),c.test(n.protocol))&&n.host===r.host&&l.activeElement===s&&(d.top.location.href=t.value))}},d.addEventListener(\"message\",d.wp.receiveEmbedMessage,!1),l.addEventListener(\"DOMContentLoaded\",function(){for(var e,t,s=l.querySelectorAll(\"iframe.wp-embedded-content\"),r=0;r<s.length;r++)(t=(e=s[r]).getAttribute(\"data-secret\"))||(t=Math.random().toString(36).substring(2,12),e.src+=\"#?secret=\"+t,e.setAttribute(\"data-secret\",t)),e.contentWindow.postMessage({message:\"ready\",secret:t},\"*\")},!1)))}(window,document);\n\/\/# sourceURL=https:\/\/saintpierredemejans.com\/wp-includes\/js\/wp-embed.min.js\n\/* ]]> *\/\n<\/script>","description":"March\u00e9 de No\u00ebl \u2013 4\u1d49 \u00e9dition Nous avons le plaisir d\u2019annoncer la 4\u1d49 \u00e9dition de notre March\u00e9 de No\u00ebl, qui se tiendra le samedi 13 d\u00e9cembre. Cet \u00e9v\u00e9nement est devenu un rendez-vous incontournable pour c\u00e9l\u00e9brer la p\u00e9riode des f\u00eates dans une ambiance conviviale et chaleureuse. Au programme Artisans et artistes locaux : d\u00e9couvrez des cr\u00e9ations [&hellip;]","thumbnail_url":"https:\/\/saintpierredemejans.com\/wp-content\/uploads\/2025\/11\/Marche-de-Noel.jpg","thumbnail_width":1080,"thumbnail_height":1080}