{"version":"1.0","provider_name":"Ch\u00e2teau Saint-Pierre de Mejans | Vineyard","provider_url":"https:\/\/saintpierredemejans.com\/en","author_name":"contact@saintpierredemejans.com","author_url":"https:\/\/saintpierredemejans.com\/en\/author\/contactsaintpierredemejans-com\/","title":"CONCERTS D'ETE 2023 AU CHATEAU | Ch\u00e2teau Saint-Pierre de Mejans | Vignoble","type":"rich","width":600,"height":338,"html":"<blockquote class=\"wp-embedded-content\" data-secret=\"stKjMaq47g\"><a href=\"https:\/\/saintpierredemejans.com\/en\/concerts-dete-2023-au-chateau\/\">SUMMER CONCERTS 2023 AT THE CHATEAU<\/a><\/blockquote><iframe sandbox=\"allow-scripts\" security=\"restricted\" src=\"https:\/\/saintpierredemejans.com\/en\/concerts-dete-2023-au-chateau\/embed\/#?secret=stKjMaq47g\" width=\"600\" height=\"338\" title=\"\u201cSUMMER CONCERTS 2023 AT THE CH\u00c2TEAU\u201d \u2014 Ch\u00e2teau Saint-Pierre de Mejans | Vineyard\" data-secret=\"stKjMaq47g\" frameborder=\"0\" marginwidth=\"0\" marginheight=\"0\" scrolling=\"no\" class=\"wp-embedded-content\"><\/iframe><script type=\"text\/javascript\">\n\/* <![CDATA[ *\/\n\/*! This file is auto-generated *\/\n!function(d,l){\"use strict\";l.querySelector&&d.addEventListener&&\"undefined\"!=typeof URL&&(d.wp=d.wp||{},d.wp.receiveEmbedMessage||(d.wp.receiveEmbedMessage=function(e){var t=e.data;if((t||t.secret||t.message||t.value)&&!\/[^a-zA-Z0-9]\/.test(t.secret)){for(var s,r,n,a=l.querySelectorAll('iframe[data-secret=\"'+t.secret+'\"]'),o=l.querySelectorAll('blockquote[data-secret=\"'+t.secret+'\"]'),c=new RegExp(\"^https?:$\",\"i\"),i=0;i<o.length;i++)o[i].style.display=\"none\";for(i=0;i<a.length;i++)s=a[i],e.source===s.contentWindow&&(s.removeAttribute(\"style\"),\"height\"===t.message?(1e3<(r=parseInt(t.value,10))?r=1e3:~~r<200&&(r=200),s.height=r):\"link\"===t.message&&(r=new URL(s.getAttribute(\"src\")),n=new URL(t.value),c.test(n.protocol))&&n.host===r.host&&l.activeElement===s&&(d.top.location.href=t.value))}},d.addEventListener(\"message\",d.wp.receiveEmbedMessage,!1),l.addEventListener(\"DOMContentLoaded\",function(){for(var e,t,s=l.querySelectorAll(\"iframe.wp-embedded-content\"),r=0;r<s.length;r++)(t=(e=s[r]).getAttribute(\"data-secret\"))||(t=Math.random().toString(36).substring(2,12),e.src+=\"#?secret=\"+t,e.setAttribute(\"data-secret\",t)),e.contentWindow.postMessage({message:\"ready\",secret:t},\"*\")},!1)))}(window,document);\n\/\/# sourceURL=https:\/\/saintpierredemejans.com\/wp-includes\/js\/wp-embed.min.js\n\/* ]]> *\/\n<\/script>","description":"Cette ann\u00e9e encore, nous sommes heureux de participer aux Musicales dans les Vignes avec trois concerts au ch\u00e2teau. Les concerts se d\u00e9roulent en plein air sur le terrain ou dans la cour du ch\u00e2teau et chaque invit\u00e9 est accueilli avec un verre de notre Ros\u00e9 Cuv\u00e9e 1118. Plusieurs options de restauration seront \u00e9galement disponibles. Vous [&hellip;]","thumbnail_url":"https:\/\/saintpierredemejans.com\/wp-content\/uploads\/2023\/03\/Guerrero-concert2-242x300.png"}