{"version":"1.0","provider_name":"Ch\u00e2teau Saint-Pierre de Mejans | Vineyard","provider_url":"https:\/\/saintpierredemejans.com\/en","author_name":"contact@saintpierredemejans.com","author_url":"https:\/\/saintpierredemejans.com\/en\/author\/contactsaintpierredemejans-com\/","title":"Pr\u00e9sentation - La Vie des Abeilles | Ch\u00e2teau Saint-Pierre de Mejans | Vignoble","type":"rich","width":600,"height":338,"html":"<blockquote class=\"wp-embedded-content\" data-secret=\"3KzyjL9rdL\"><a href=\"https:\/\/saintpierredemejans.com\/en\/presentation-la-vie-des-abeilles\/\">Presentation - La Vie des Abeilles<\/a><\/blockquote><iframe sandbox=\"allow-scripts\" security=\"restricted\" src=\"https:\/\/saintpierredemejans.com\/en\/presentation-la-vie-des-abeilles\/embed\/#?secret=3KzyjL9rdL\" width=\"600\" height=\"338\" title=\"\u201cPresentation \u2013 The Life of Bees\u201d \u2014 Ch\u00e2teau Saint-Pierre de Mejans | Vineyard\" data-secret=\"3KzyjL9rdL\" frameborder=\"0\" marginwidth=\"0\" marginheight=\"0\" scrolling=\"no\" class=\"wp-embedded-content\"><\/iframe><script type=\"text\/javascript\">\n\/* <![CDATA[ *\/\n\/*! This file is auto-generated *\/\n!function(d,l){\"use strict\";l.querySelector&&d.addEventListener&&\"undefined\"!=typeof URL&&(d.wp=d.wp||{},d.wp.receiveEmbedMessage||(d.wp.receiveEmbedMessage=function(e){var t=e.data;if((t||t.secret||t.message||t.value)&&!\/[^a-zA-Z0-9]\/.test(t.secret)){for(var s,r,n,a=l.querySelectorAll('iframe[data-secret=\"'+t.secret+'\"]'),o=l.querySelectorAll('blockquote[data-secret=\"'+t.secret+'\"]'),c=new RegExp(\"^https?:$\",\"i\"),i=0;i<o.length;i++)o[i].style.display=\"none\";for(i=0;i<a.length;i++)s=a[i],e.source===s.contentWindow&&(s.removeAttribute(\"style\"),\"height\"===t.message?(1e3<(r=parseInt(t.value,10))?r=1e3:~~r<200&&(r=200),s.height=r):\"link\"===t.message&&(r=new URL(s.getAttribute(\"src\")),n=new URL(t.value),c.test(n.protocol))&&n.host===r.host&&l.activeElement===s&&(d.top.location.href=t.value))}},d.addEventListener(\"message\",d.wp.receiveEmbedMessage,!1),l.addEventListener(\"DOMContentLoaded\",function(){for(var e,t,s=l.querySelectorAll(\"iframe.wp-embedded-content\"),r=0;r<s.length;r++)(t=(e=s[r]).getAttribute(\"data-secret\"))||(t=Math.random().toString(36).substring(2,12),e.src+=\"#?secret=\"+t,e.setAttribute(\"data-secret\",t)),e.contentWindow.postMessage({message:\"ready\",secret:t},\"*\")},!1)))}(window,document);\n\/\/# sourceURL=https:\/\/saintpierredemejans.com\/wp-includes\/js\/wp-embed.min.js\n\/* ]]> *\/\n<\/script>","thumbnail_url":"https:\/\/saintpierredemejans.com\/wp-content\/uploads\/2023\/11\/Abeilles-51.png","thumbnail_width":1080,"thumbnail_height":1920,"description":"[et_pb_section admin_label=\u00a0\u00bbsection\u00a0\u00bb] [et_pb_row admin_label=\u00a0\u00bbrow\u00a0\u00bb] [et_pb_column type=\u00a0\u00bb4_4&Prime;][et_pb_text admin_label=\u00a0\u00bbText\u00a0\u00bb]Le Samedi 18 Novembre rencontrez notre apiculteur, Christophe AZEMA et ses abeilles. Install\u00e9es depuis le printemps au Ch\u00e2teau, elles attendent petits et grands pour une soir\u00e9e gourmande. Au programme &#8211; de 17h \u00e0 19h : \ud83c\udf6f Visite du rucher avec notre apiculteur. \ud83d\udc68\u200d\ud83c\udf3e Pr\u00e9sentation de son m\u00e9tier et de [&hellip;]"}