{"version":"1.0","provider_name":"Ch\u00e2teau Saint-Pierre de Mejans | Vineyard","provider_url":"https:\/\/saintpierredemejans.com\/en","author_name":"contact@saintpierredemejans.com","author_url":"https:\/\/saintpierredemejans.com\/en\/author\/contactsaintpierredemejans-com\/","title":"Th\u00e9\u00e2tre au ch\u00e2teau | Ch\u00e2teau Saint-Pierre de Mejans | Vignoble","type":"rich","width":600,"height":338,"html":"<blockquote class=\"wp-embedded-content\" data-secret=\"zQ3ylaPmPg\"><a href=\"https:\/\/saintpierredemejans.com\/en\/theatre-au-chateau\/\">Theatre at the castle<\/a><\/blockquote><iframe sandbox=\"allow-scripts\" security=\"restricted\" src=\"https:\/\/saintpierredemejans.com\/en\/theatre-au-chateau\/embed\/#?secret=zQ3ylaPmPg\" width=\"600\" height=\"338\" title=\"\u201cTheatre at the castle\u201d \u2014 Ch\u00e2teau Saint-Pierre de Mejans | Vineyard\" data-secret=\"zQ3ylaPmPg\" frameborder=\"0\" marginwidth=\"0\" marginheight=\"0\" scrolling=\"no\" class=\"wp-embedded-content\"><\/iframe><script type=\"text\/javascript\">\n\/* <![CDATA[ *\/\n\/*! This file is auto-generated *\/\n!function(d,l){\"use strict\";l.querySelector&&d.addEventListener&&\"undefined\"!=typeof URL&&(d.wp=d.wp||{},d.wp.receiveEmbedMessage||(d.wp.receiveEmbedMessage=function(e){var t=e.data;if((t||t.secret||t.message||t.value)&&!\/[^a-zA-Z0-9]\/.test(t.secret)){for(var s,r,n,a=l.querySelectorAll('iframe[data-secret=\"'+t.secret+'\"]'),o=l.querySelectorAll('blockquote[data-secret=\"'+t.secret+'\"]'),c=new RegExp(\"^https?:$\",\"i\"),i=0;i<o.length;i++)o[i].style.display=\"none\";for(i=0;i<a.length;i++)s=a[i],e.source===s.contentWindow&&(s.removeAttribute(\"style\"),\"height\"===t.message?(1e3<(r=parseInt(t.value,10))?r=1e3:~~r<200&&(r=200),s.height=r):\"link\"===t.message&&(r=new URL(s.getAttribute(\"src\")),n=new URL(t.value),c.test(n.protocol))&&n.host===r.host&&l.activeElement===s&&(d.top.location.href=t.value))}},d.addEventListener(\"message\",d.wp.receiveEmbedMessage,!1),l.addEventListener(\"DOMContentLoaded\",function(){for(var e,t,s=l.querySelectorAll(\"iframe.wp-embedded-content\"),r=0;r<s.length;r++)(t=(e=s[r]).getAttribute(\"data-secret\"))||(t=Math.random().toString(36).substring(2,12),e.src+=\"#?secret=\"+t,e.setAttribute(\"data-secret\",t)),e.contentWindow.postMessage({message:\"ready\",secret:t},\"*\")},!1)))}(window,document);\n\/\/# sourceURL=https:\/\/saintpierredemejans.com\/wp-includes\/js\/wp-embed.min.js\n\/* ]]> *\/\n<\/script>","description":"\ud83c\udfad Spectacle au Ch\u00e2teau pour la Journ\u00e9e du Patrimoine \ud83c\udfb6\ud83d\udcc5 Vendredi 20 septembre au soir\ud83d\udccd Ch\u00e2teau de Saint-Pierre De Mejans \u00c0 l\u2019occasion de la Journ\u00e9e europ\u00e9enne du Patrimoine, venez assister \u00e0 un spectacle pluridisciplinaire exceptionnel, m\u00ealant chant, th\u00e9\u00e2tre, musique et danse, de la Renaissance \u00e0 nos jours. \u2728 Avec la participation de : Patricia PONSELLE, [&hellip;]","thumbnail_url":"https:\/\/saintpierredemejans.com\/wp-content\/uploads\/2025\/09\/20-Sept-theatre.jpg","thumbnail_width":987,"thumbnail_height":693}