{"id":5017,"date":"2025-12-15T19:46:40","date_gmt":"2025-12-15T18:46:40","guid":{"rendered":"https:\/\/saintpierredemejans.com\/?post_type=artiste&#038;p=5017"},"modified":"2025-12-15T19:46:40","modified_gmt":"2025-12-15T18:46:40","slug":"dorit-dscarlett","status":"publish","type":"artiste","link":"https:\/\/saintpierredemejans.com\/en\/artistes\/dorit-dscarlett\/","title":{"rendered":"Dorit D'Scarlett"},"content":{"rendered":"<p>Dorit D'Scarlett is an Australian writer with a passion for history, particularly the history of France.<\/p>\n<p>She is working on a historical novel of the Middle Ages and is taking advantage of her stay at the 12th-century priory and the region to deepen her research.<\/p>","protected":false},"excerpt":{"rendered":"<p>Dorit D'Scarlett is an Australian writer with a passion for history, particularly French history. She is working on a historical novel about the Middle Ages and is taking advantage of her stay at the 12th-century priory and the region to do some in-depth research.<\/p>","protected":false},"featured_media":5033,"template":"","annee_residence":[165],"class_list":["post-5017","artiste","type-artiste","status-publish","has-post-thumbnail","hentry","annee_residence-165"],"yoast_head":"<!-- This site is optimized with the Yoast SEO plugin v27.4 - https:\/\/yoast.com\/product\/yoast-seo-wordpress\/ -->\n<title>Dorit D&#039;Scarlett | Ch\u00e2teau Saint-Pierre de Mejans | Vignoble<\/title>\n<meta name=\"robots\" content=\"index, follow, max-snippet:-1, max-image-preview:large, max-video-preview:-1\" \/>\n<link rel=\"canonical\" href=\"https:\/\/saintpierredemejans.com\/en\/artists\/dorit-dscarlett\/\" \/>\n<meta property=\"og:locale\" content=\"en_GB\" \/>\n<meta property=\"og:type\" content=\"article\" \/>\n<meta property=\"og:title\" content=\"Dorit D&#039;Scarlett | Ch\u00e2teau Saint-Pierre de Mejans | Vignoble\" \/>\n<meta property=\"og:description\" content=\"Dorit D&rsquo;Scarlett est une \u00e9crivaine australienne qui est passionn\u00e9e d&rsquo;histoire et tout particuli\u00e8re de l&rsquo;histoire de France. Elle travaille sur un roman historique du Moyen Age et profite de son s\u00e9jour au prieur\u00e9 du 12\u00e8me si\u00e8cle ainsi que la r\u00e9gion pour profondeur ses recherches.\" \/>\n<meta property=\"og:url\" content=\"https:\/\/saintpierredemejans.com\/en\/artists\/dorit-dscarlett\/\" \/>\n<meta property=\"og:site_name\" content=\"Ch\u00e2teau Saint-Pierre de Mejans | Vignoble\" \/>\n<meta property=\"og:image\" content=\"https:\/\/saintpierredemejans.com\/wp-content\/uploads\/2025\/12\/dorit.jpg\" \/>\n\t<meta property=\"og:image:width\" content=\"479\" \/>\n\t<meta property=\"og:image:height\" content=\"487\" \/>\n\t<meta property=\"og:image:type\" content=\"image\/jpeg\" \/>\n<meta name=\"twitter:card\" content=\"summary_large_image\" \/>\n<script type=\"application\/ld+json\" class=\"yoast-schema-graph\">{\"@context\":\"https:\\\/\\\/schema.org\",\"@graph\":[{\"@type\":\"WebPage\",\"@id\":\"https:\\\/\\\/saintpierredemejans.com\\\/artistes\\\/dorit-dscarlett\\\/\",\"url\":\"https:\\\/\\\/saintpierredemejans.com\\\/artistes\\\/dorit-dscarlett\\\/\",\"name\":\"Dorit D'Scarlett | Ch\u00e2teau Saint-Pierre de Mejans | Vignoble\",\"isPartOf\":{\"@id\":\"https:\\\/\\\/saintpierredemejans.com\\\/#website\"},\"primaryImageOfPage\":{\"@id\":\"https:\\\/\\\/saintpierredemejans.com\\\/artistes\\\/dorit-dscarlett\\\/#primaryimage\"},\"image\":{\"@id\":\"https:\\\/\\\/saintpierredemejans.com\\\/artistes\\\/dorit-dscarlett\\\/#primaryimage\"},\"thumbnailUrl\":\"https:\\\/\\\/saintpierredemejans.com\\\/wp-content\\\/uploads\\\/2025\\\/12\\\/dorit.jpg\",\"datePublished\":\"2025-12-15T18:46:40+00:00\",\"breadcrumb\":{\"@id\":\"https:\\\/\\\/saintpierredemejans.com\\\/artistes\\\/dorit-dscarlett\\\/#breadcrumb\"},\"inLanguage\":\"en-GB\",\"potentialAction\":[{\"@type\":\"ReadAction\",\"target\":[\"https:\\\/\\\/saintpierredemejans.com\\\/artistes\\\/dorit-dscarlett\\\/\"]}]},{\"@type\":\"ImageObject\",\"inLanguage\":\"en-GB\",\"@id\":\"https:\\\/\\\/saintpierredemejans.com\\\/artistes\\\/dorit-dscarlett\\\/#primaryimage\",\"url\":\"https:\\\/\\\/saintpierredemejans.com\\\/wp-content\\\/uploads\\\/2025\\\/12\\\/dorit.jpg\",\"contentUrl\":\"https:\\\/\\\/saintpierredemejans.com\\\/wp-content\\\/uploads\\\/2025\\\/12\\\/dorit.jpg\",\"width\":479,\"height\":487},{\"@type\":\"BreadcrumbList\",\"@id\":\"https:\\\/\\\/saintpierredemejans.com\\\/artistes\\\/dorit-dscarlett\\\/#breadcrumb\",\"itemListElement\":[{\"@type\":\"ListItem\",\"position\":1,\"name\":\"Home\",\"item\":\"https:\\\/\\\/saintpierredemejans.com\\\/\"},{\"@type\":\"ListItem\",\"position\":2,\"name\":\"Artistes\",\"item\":\"https:\\\/\\\/saintpierredemejans.com\\\/artistes\\\/\"},{\"@type\":\"ListItem\",\"position\":3,\"name\":\"Dorit D&rsquo;Scarlett\"}]},{\"@type\":\"WebSite\",\"@id\":\"https:\\\/\\\/saintpierredemejans.com\\\/#website\",\"url\":\"https:\\\/\\\/saintpierredemejans.com\\\/\",\"name\":\"Ch\u00e2teau Saint-Pierre de Mejans | Vignoble\",\"description\":\"ch\u00e2teau vignoble\",\"publisher\":{\"@id\":\"https:\\\/\\\/saintpierredemejans.com\\\/#organization\"},\"potentialAction\":[{\"@type\":\"SearchAction\",\"target\":{\"@type\":\"EntryPoint\",\"urlTemplate\":\"https:\\\/\\\/saintpierredemejans.com\\\/?s={search_term_string}\"},\"query-input\":{\"@type\":\"PropertyValueSpecification\",\"valueRequired\":true,\"valueName\":\"search_term_string\"}}],\"inLanguage\":\"en-GB\"},{\"@type\":\"Organization\",\"@id\":\"https:\\\/\\\/saintpierredemejans.com\\\/#organization\",\"name\":\"Ch\u00e2teau Saint-Pierre de Mejans | Vignoble dans le Lub\u00e9ron\",\"url\":\"https:\\\/\\\/saintpierredemejans.com\\\/\",\"logo\":{\"@type\":\"ImageObject\",\"inLanguage\":\"en-GB\",\"@id\":\"https:\\\/\\\/saintpierredemejans.com\\\/#\\\/schema\\\/logo\\\/image\\\/\",\"url\":\"https:\\\/\\\/saintpierredemejans.com\\\/wp-content\\\/uploads\\\/2021\\\/08\\\/favicon-1.png\",\"contentUrl\":\"https:\\\/\\\/saintpierredemejans.com\\\/wp-content\\\/uploads\\\/2021\\\/08\\\/favicon-1.png\",\"width\":822,\"height\":822,\"caption\":\"Ch\u00e2teau Saint-Pierre de Mejans | Vignoble dans le Lub\u00e9ron\"},\"image\":{\"@id\":\"https:\\\/\\\/saintpierredemejans.com\\\/#\\\/schema\\\/logo\\\/image\\\/\"}}]}<\/script>\n<!-- \/ Yoast SEO plugin. -->","yoast_head_json":{"title":"Dorit D'Scarlett | Ch\u00e2teau Saint-Pierre de Mejans | Vineyard","robots":{"index":"index","follow":"follow","max-snippet":"max-snippet:-1","max-image-preview":"max-image-preview:large","max-video-preview":"max-video-preview:-1"},"canonical":"https:\/\/saintpierredemejans.com\/en\/artists\/dorit-dscarlett\/","og_locale":"en_GB","og_type":"article","og_title":"Dorit D'Scarlett | Ch\u00e2teau Saint-Pierre de Mejans | Vignoble","og_description":"Dorit D&rsquo;Scarlett est une \u00e9crivaine australienne qui est passionn\u00e9e d&rsquo;histoire et tout particuli\u00e8re de l&rsquo;histoire de France. Elle travaille sur un roman historique du Moyen Age et profite de son s\u00e9jour au prieur\u00e9 du 12\u00e8me si\u00e8cle ainsi que la r\u00e9gion pour profondeur ses recherches.","og_url":"https:\/\/saintpierredemejans.com\/en\/artists\/dorit-dscarlett\/","og_site_name":"Ch\u00e2teau Saint-Pierre de Mejans | Vignoble","og_image":[{"width":479,"height":487,"url":"https:\/\/saintpierredemejans.com\/wp-content\/uploads\/2025\/12\/dorit.jpg","type":"image\/jpeg"}],"twitter_card":"summary_large_image","schema":{"@context":"https:\/\/schema.org","@graph":[{"@type":"WebPage","@id":"https:\/\/saintpierredemejans.com\/artistes\/dorit-dscarlett\/","url":"https:\/\/saintpierredemejans.com\/artistes\/dorit-dscarlett\/","name":"Dorit D'Scarlett | Ch\u00e2teau Saint-Pierre de Mejans | Vineyard","isPartOf":{"@id":"https:\/\/saintpierredemejans.com\/#website"},"primaryImageOfPage":{"@id":"https:\/\/saintpierredemejans.com\/artistes\/dorit-dscarlett\/#primaryimage"},"image":{"@id":"https:\/\/saintpierredemejans.com\/artistes\/dorit-dscarlett\/#primaryimage"},"thumbnailUrl":"https:\/\/saintpierredemejans.com\/wp-content\/uploads\/2025\/12\/dorit.jpg","datePublished":"2025-12-15T18:46:40+00:00","breadcrumb":{"@id":"https:\/\/saintpierredemejans.com\/artistes\/dorit-dscarlett\/#breadcrumb"},"inLanguage":"en-GB","potentialAction":[{"@type":"ReadAction","target":["https:\/\/saintpierredemejans.com\/artistes\/dorit-dscarlett\/"]}]},{"@type":"ImageObject","inLanguage":"en-GB","@id":"https:\/\/saintpierredemejans.com\/artistes\/dorit-dscarlett\/#primaryimage","url":"https:\/\/saintpierredemejans.com\/wp-content\/uploads\/2025\/12\/dorit.jpg","contentUrl":"https:\/\/saintpierredemejans.com\/wp-content\/uploads\/2025\/12\/dorit.jpg","width":479,"height":487},{"@type":"BreadcrumbList","@id":"https:\/\/saintpierredemejans.com\/artistes\/dorit-dscarlett\/#breadcrumb","itemListElement":[{"@type":"ListItem","position":1,"name":"Home","item":"https:\/\/saintpierredemejans.com\/"},{"@type":"ListItem","position":2,"name":"Artistes","item":"https:\/\/saintpierredemejans.com\/artistes\/"},{"@type":"ListItem","position":3,"name":"Dorit D&rsquo;Scarlett"}]},{"@type":"WebSite","@id":"https:\/\/saintpierredemejans.com\/#website","url":"https:\/\/saintpierredemejans.com\/","name":"Ch\u00e2teau Saint-Pierre de Mejans | Vineyard","description":"chateau vineyard","publisher":{"@id":"https:\/\/saintpierredemejans.com\/#organization"},"potentialAction":[{"@type":"SearchAction","target":{"@type":"EntryPoint","urlTemplate":"https:\/\/saintpierredemejans.com\/?s={search_term_string}"},"query-input":{"@type":"PropertyValueSpecification","valueRequired":true,"valueName":"search_term_string"}}],"inLanguage":"en-GB"},{"@type":"Organization","@id":"https:\/\/saintpierredemejans.com\/#organization","name":"Ch\u00e2teau Saint-Pierre de Mejans | Vineyard in the Lub\u00e9ron","url":"https:\/\/saintpierredemejans.com\/","logo":{"@type":"ImageObject","inLanguage":"en-GB","@id":"https:\/\/saintpierredemejans.com\/#\/schema\/logo\/image\/","url":"https:\/\/saintpierredemejans.com\/wp-content\/uploads\/2021\/08\/favicon-1.png","contentUrl":"https:\/\/saintpierredemejans.com\/wp-content\/uploads\/2021\/08\/favicon-1.png","width":822,"height":822,"caption":"Ch\u00e2teau Saint-Pierre de Mejans | Vignoble dans le Lub\u00e9ron"},"image":{"@id":"https:\/\/saintpierredemejans.com\/#\/schema\/logo\/image\/"}}]}},"_links":{"self":[{"href":"https:\/\/saintpierredemejans.com\/en\/wp-json\/wp\/v2\/artiste\/5017","targetHints":{"allow":["GET"]}}],"collection":[{"href":"https:\/\/saintpierredemejans.com\/en\/wp-json\/wp\/v2\/artiste"}],"about":[{"href":"https:\/\/saintpierredemejans.com\/en\/wp-json\/wp\/v2\/types\/artiste"}],"wp:featuredmedia":[{"embeddable":true,"href":"https:\/\/saintpierredemejans.com\/en\/wp-json\/wp\/v2\/media\/5033"}],"wp:attachment":[{"href":"https:\/\/saintpierredemejans.com\/en\/wp-json\/wp\/v2\/media?parent=5017"}],"wp:term":[{"taxonomy":"annee_residence","embeddable":true,"href":"https:\/\/saintpierredemejans.com\/en\/wp-json\/wp\/v2\/annee_residence?post=5017"}],"curies":[{"name":"wp","href":"https:\/\/api.w.org\/{rel}","templated":true}]}}