{"id":155,"date":"2021-06-11T14:10:58","date_gmt":"2021-06-11T12:10:58","guid":{"rendered":"https:\/\/mejans.hotel-webdesign.fr\/?page_id=155"},"modified":"2026-02-24T08:42:31","modified_gmt":"2026-02-24T07:42:31","slug":"accueil-2","status":"publish","type":"page","link":"https:\/\/saintpierredemejans.com\/en\/","title":{"rendered":"Home"},"content":{"rendered":"<p>[et_pb_section fb_built=\u00a0\u00bb1&Prime; admin_label=\u00a0\u00bbHeader\u00a0\u00bb _builder_version=\u00a0\u00bb4.16&Prime; _module_preset=\u00a0\u00bbdefault\u00a0\u00bb background_color=\u00a0\u00bbRGBA(0,0,0,0)\u00a0\u00bb background_video_mp4=\u00a0\u00bbhttps:\/\/saintpierredemejans.com\/wp-content\/uploads\/2022\/06\/inauguration_cha\u0302teau_saint-pierre_de_mejans_re\u0301alise\u0301_par_adrien_arnaud.mp4-720p.mp4&Prime; z_index=\u00a0\u00bb0&Prime; custom_margin=\u00a0\u00bb0px||0px||true|false\u00a0\u00bb custom_padding=\u00a0\u00bb170px||170px||true|false\u00a0\u00bb da_disable_devices=\u00a0\u00bboff|off|off\u00a0\u00bb global_colors_info=\u00a0\u00bb{}\u00a0\u00bb da_is_popup=\u00a0\u00bboff\u00a0\u00bb da_exit_intent=\u00a0\u00bboff\u00a0\u00bb da_has_close=\u00a0\u00bbon\u00a0\u00bb da_alt_close=\u00a0\u00bboff\u00a0\u00bb da_dark_close=\u00a0\u00bboff\u00a0\u00bb da_not_modal=\u00a0\u00bbon\u00a0\u00bb da_is_singular=\u00a0\u00bboff\u00a0\u00bb da_with_loader=\u00a0\u00bboff\u00a0\u00bb da_has_shadow=\u00a0\u00bbon\u00a0\u00bb][et_pb_row custom_padding_last_edited=\u00a0\u00bbon|phone\u00a0\u00bb _builder_version=\u00a0\u00bb4.16&Prime; _module_preset=\u00a0\u00bbdefault\u00a0\u00bb width=\u00a0\u00bb90%\u00a0\u00bb custom_padding=\u00a0\u00bb0px|0%|||false|false\u00a0\u00bb custom_padding_tablet=\u00a0\u00bb40px|0%|||false|false\u00a0\u00bb custom_padding_phone=\u00a0\u00bb\u00a0\u00bb locked=\u00a0\u00bboff\u00a0\u00bb global_colors_info=\u00a0\u00bb{}\u00a0\u00bb][et_pb_column type=\u00a0\u00bb4_4&Prime; _builder_version=\u00a0\u00bb4.16&Prime; _module_preset=\u00a0\u00bbdefault\u00a0\u00bb custom_padding=\u00a0\u00bb100px|30px|||false|false\u00a0\u00bb custom_padding_tablet=\u00a0\u00bb0px|0px|||false|false\u00a0\u00bb custom_padding_phone=\u00a0\u00bb\u00a0\u00bb custom_padding_last_edited=\u00a0\u00bbon|desktop\u00a0\u00bb global_colors_info=\u00a0\u00bb{}\u00a0\u00bb][et_pb_text _builder_version=\u00a0\u00bb4.27.4&Prime; _module_preset=\u00a0\u00bbdefault\u00a0\u00bb header_font=\u00a0\u00bb|||on|||||\u00a0\u00bb header_text_color=\u00a0\u00bb#FFFFFF\u00a0\u00bb header_font_size=\u00a0\u00bb48px\u00a0\u00bb header_letter_spacing=\u00a0\u00bb0.1em\u00a0\u00bb header_line_height=\u00a0\u00bb1.2em\u00a0\u00bb header_2_font=\u00a0\u00bb|700||on|||||\u00a0\u00bb header_2_text_color=\u00a0\u00bb#FFFFFF\u00a0\u00bb header_2_font_size=\u00a0\u00bb16px\u00a0\u00bb header_2_letter_spacing=\u00a0\u00bb6px\u00a0\u00bb header_2_line_height=\u00a0\u00bb1.2em\u00a0\u00bb width=\u00a0\u00bb100%\u00a0\u00bb custom_margin=\u00a0\u00bb-27px|||||\u00a0\u00bb header_font_size_tablet=\u00a0\u00bb49px\u00a0\u00bb header_font_size_phone=\u00a0\u00bb42px\u00a0\u00bb header_font_size_last_edited=\u00a0\u00bbon|phone\u00a0\u00bb header_2_font_size_tablet=\u00a0\u00bb14px\u00a0\u00bb header_2_font_size_phone=\u00a0\u00bb12px\u00a0\u00bb header_2_font_size_last_edited=\u00a0\u00bbon|phone\u00a0\u00bb global_colors_info=\u00a0\u00bb{}\u00a0\u00bb]<\/p>\n<h2><\/h2>\n<p><img loading=\"lazy\" decoding=\"async\" src=\"https:\/\/saintpierredemejans.com\/wp-content\/uploads\/2021\/06\/fond-mejans-coloradjust-white-300x190.png\" width=\"241\" height=\"153\" alt=\"\" class=\"wp-image-246 alignnone size-medium imgaccueil\" style=\"float: left\" \/><\/p>\n<h2>Vignoble \u00e0 Puyvert<\/h2>\n<h1>Ch\u00e2teau Saint-Pierre<br \/>De Mejans<\/h1>\n<p>[\/et_pb_text][\/et_pb_column][\/et_pb_row][\/et_pb_section][et_pb_section fb_built=\u00a0\u00bb1&Prime; admin_label=\u00a0\u00bbServices\u00a0\u00bb _builder_version=\u00a0\u00bb4.16&Prime; _module_preset=\u00a0\u00bbdefault\u00a0\u00bb background_color=\u00a0\u00bbRGBA(0,0,0,0)\u00a0\u00bb background_color_gradient_direction=\u00a0\u00bb92deg\u00a0\u00bb custom_margin=\u00a0\u00bb-1px|||||\u00a0\u00bb custom_padding=\u00a0\u00bb61px||61px||true|\u00a0\u00bb da_disable_devices=\u00a0\u00bboff|off|off\u00a0\u00bb locked=\u00a0\u00bboff\u00a0\u00bb global_colors_info=\u00a0\u00bb{}\u00a0\u00bb da_is_popup=\u00a0\u00bboff\u00a0\u00bb da_exit_intent=\u00a0\u00bboff\u00a0\u00bb da_has_close=\u00a0\u00bbon\u00a0\u00bb da_alt_close=\u00a0\u00bboff\u00a0\u00bb da_dark_close=\u00a0\u00bboff\u00a0\u00bb da_not_modal=\u00a0\u00bbon\u00a0\u00bb da_is_singular=\u00a0\u00bboff\u00a0\u00bb da_with_loader=\u00a0\u00bboff\u00a0\u00bb da_has_shadow=\u00a0\u00bbon\u00a0\u00bb][et_pb_row column_structure=\u00a0\u00bb2_5,3_5&Prime; _builder_version=\u00a0\u00bb4.16&Prime; _module_preset=\u00a0\u00bbdefault\u00a0\u00bb custom_margin=\u00a0\u00bb0px|auto||auto|false|false\u00a0\u00bb custom_padding=\u00a0\u00bb15px||0px|||\u00a0\u00bb locked=\u00a0\u00bboff\u00a0\u00bb global_colors_info=\u00a0\u00bb{}\u00a0\u00bb][et_pb_column type=\u00a0\u00bb2_5&Prime; _builder_version=\u00a0\u00bb4.16&Prime; _module_preset=\u00a0\u00bbdefault\u00a0\u00bb global_colors_info=\u00a0\u00bb{}\u00a0\u00bb][et_pb_text _builder_version=\u00a0\u00bb4.16&Prime; _module_preset=\u00a0\u00bbdefault\u00a0\u00bb text_line_height=\u00a0\u00bb2em\u00a0\u00bb header_2_font=\u00a0\u00bb|||on|||||\u00a0\u00bb header_2_font_size=\u00a0\u00bb38px\u00a0\u00bb header_2_letter_spacing=\u00a0\u00bb0.1em\u00a0\u00bb header_2_line_height=\u00a0\u00bb1.2em\u00a0\u00bb text_orientation=\u00a0\u00bbjustified\u00a0\u00bb header_2_font_size_tablet=\u00a0\u00bb30px\u00a0\u00bb header_2_font_size_phone=\u00a0\u00bb20px\u00a0\u00bb header_2_font_size_last_edited=\u00a0\u00bbon|phone\u00a0\u00bb locked=\u00a0\u00bboff\u00a0\u00bb global_colors_info=\u00a0\u00bb{}\u00a0\u00bb]<\/p>\n<h2 style=\"text-align: left\"><img loading=\"lazy\" decoding=\"async\" class=\"wp-image-33 alignnone size-full\" style=\"font-size: 16px\" src=\"https:\/\/saintpierredemejans.com\/wp-content\/uploads\/2021\/05\/shoe-repair-12.png\" alt=\"\" width=\"39\" height=\"20\" \/> <em>Le domaine<\/em><\/h2>\n<p>[\/et_pb_text][\/et_pb_column][et_pb_column type=\u00a0\u00bb3_5&Prime; _builder_version=\u00a0\u00bb4.16&Prime; _module_preset=\u00a0\u00bbdefault\u00a0\u00bb global_colors_info=\u00a0\u00bb{}\u00a0\u00bb][et_pb_divider show_divider=\u00a0\u00bboff\u00a0\u00bb _builder_version=\u00a0\u00bb4.16&Prime; _module_preset=\u00a0\u00bbdefault\u00a0\u00bb background_enable_color=\u00a0\u00bboff\u00a0\u00bb background_image=\u00a0\u00bbhttps:\/\/saintpierredemejans.com\/wp-content\/uploads\/2021\/05\/angled-line-pattern-dark.png\u00a0\u00bb background_size=\u00a0\u00bbinitial\u00a0\u00bb background_repeat=\u00a0\u00bbrepeat-x\u00a0\u00bb height=\u00a0\u00bb32px\u00a0\u00bb custom_margin=\u00a0\u00bb11px||||false|false\u00a0\u00bb locked=\u00a0\u00bboff\u00a0\u00bb global_colors_info=\u00a0\u00bb{}\u00a0\u00bb][\/et_pb_divider][\/et_pb_column][\/et_pb_row][et_pb_row column_structure=\u00a0\u00bb1_3,1_3,1_3&Prime; use_custom_gutter=\u00a0\u00bbon\u00a0\u00bb gutter_width=\u00a0\u00bb2&Prime; make_equal=\u00a0\u00bbon\u00a0\u00bb _builder_version=\u00a0\u00bb4.16&Prime; _module_preset=\u00a0\u00bbdefault\u00a0\u00bb height=\u00a0\u00bb611px\u00a0\u00bb custom_margin=\u00a0\u00bb|auto|-3px|auto||\u00a0\u00bb custom_padding=\u00a0\u00bb||8px|||\u00a0\u00bb locked=\u00a0\u00bboff\u00a0\u00bb global_colors_info=\u00a0\u00bb{}\u00a0\u00bb][et_pb_column type=\u00a0\u00bb1_3&Prime; module_id=\u00a0\u00bbcolonnehover1&Prime; _builder_version=\u00a0\u00bb4.16&Prime; _module_preset=\u00a0\u00bbdefault\u00a0\u00bb link_option_url=\u00a0\u00bb\/location\u00a0\u00bb global_colors_info=\u00a0\u00bb{}\u00a0\u00bb][et_pb_image src=\u00a0\u00bbhttps:\/\/saintpierredemejans.com\/wp-content\/uploads\/2021\/07\/Chateau-Saint-Pierre-Mejans-20210507_175209-1.jpg\u00a0\u00bb title_text=\u00a0\u00bbChateau-Saint-Pierre-Mejans-20210507_175209&Prime; _builder_version=\u00a0\u00bb4.24.1&Prime; _module_preset=\u00a0\u00bbdefault\u00a0\u00bb custom_margin=\u00a0\u00bb||||false|false\u00a0\u00bb global_colors_info=\u00a0\u00bb{}\u00a0\u00bb][\/et_pb_image][et_pb_text _builder_version=\u00a0\u00bb4.24.1&Prime; _module_preset=\u00a0\u00bbdefault\u00a0\u00bb text_line_height=\u00a0\u00bb2em\u00a0\u00bb header_3_font=\u00a0\u00bbLora||||||||\u00a0\u00bb header_3_font_size=\u00a0\u00bb16px\u00a0\u00bb header_3_line_height=\u00a0\u00bb1.4em\u00a0\u00bb text_orientation=\u00a0\u00bbjustified\u00a0\u00bb header_3_font_size_tablet=\u00a0\u00bb18px\u00a0\u00bb header_3_font_size_phone=\u00a0\u00bb\u00a0\u00bb header_3_font_size_last_edited=\u00a0\u00bbon|tablet\u00a0\u00bb global_colors_info=\u00a0\u00bb{}\u00a0\u00bb]<\/p>\n<h3><img loading=\"lazy\" decoding=\"async\" src=\"https:\/\/saintpierredemejans.com\/wp-content\/uploads\/2021\/06\/divider-mejeans.png\" width=\"25\" height=\"14\" alt=\"\" class=\"wp-image-225 alignnone size-full\" \/> \u00a0Privatisation du domaine<\/h3>\n<p>D\u00e9couvrez notre offre de location pour le domaine ou pour des chambres individuelles.\u00a0<\/p>\n<p>[\/et_pb_text][et_pb_button button_url=\u00a0\u00bbhttps:\/\/saintpierredemejans.com\/reservation\/\u00a0\u00bb button_text=\u00a0\u00bbLes formules de location\u00a0\u00bb button_alignment=\u00a0\u00bbcenter\u00a0\u00bb module_class=\u00a0\u00bbfull-width-btn\u00a0\u00bb _builder_version=\u00a0\u00bb4.16&Prime; _module_preset=\u00a0\u00bbdefault\u00a0\u00bb custom_button=\u00a0\u00bbon\u00a0\u00bb button_text_size=\u00a0\u00bb14px\u00a0\u00bb button_text_color=\u00a0\u00bb#757575&Prime; button_bg_color=\u00a0\u00bbRGBA(0,0,0,0)\u00a0\u00bb button_border_width=\u00a0\u00bb1px\u00a0\u00bb button_border_color=\u00a0\u00bb#757575&Prime; button_border_radius=\u00a0\u00bb0px\u00a0\u00bb button_letter_spacing=\u00a0\u00bb1px\u00a0\u00bb button_font=\u00a0\u00bb|600||on|||||\u00a0\u00bb button_icon=\u00a0\u00bb&#xe001;||divi||400&Prime; button_on_hover=\u00a0\u00bboff\u00a0\u00bb custom_margin=\u00a0\u00bb||||false|true\u00a0\u00bb custom_padding=\u00a0\u00bb7px||7px||true|true\u00a0\u00bb locked=\u00a0\u00bboff\u00a0\u00bb global_colors_info=\u00a0\u00bb{}\u00a0\u00bb][\/et_pb_button][\/et_pb_column][et_pb_column type=\u00a0\u00bb1_3&Prime; module_id=\u00a0\u00bbcolonnehover2&Prime; _builder_version=\u00a0\u00bb4.16&Prime; _module_preset=\u00a0\u00bbdefault\u00a0\u00bb link_option_url=\u00a0\u00bb\/oenotourisme\u00a0\u00bb global_colors_info=\u00a0\u00bb{}\u00a0\u00bb][et_pb_image src=\u00a0\u00bbhttps:\/\/saintpierredemejans.com\/wp-content\/uploads\/2024\/07\/O7Sty5mH-scaled-copie.jpg\u00a0\u00bb title_text=\u00a0\u00bbO7Sty5mH-scaled &#8211; copie\u00a0\u00bb _builder_version=\u00a0\u00bb4.24.1&Prime; _module_preset=\u00a0\u00bbdefault\u00a0\u00bb custom_margin=\u00a0\u00bb||||false|false\u00a0\u00bb locked=\u00a0\u00bboff\u00a0\u00bb global_colors_info=\u00a0\u00bb{}\u00a0\u00bb][\/et_pb_image][et_pb_text _builder_version=\u00a0\u00bb4.16&Prime; _module_preset=\u00a0\u00bbdefault\u00a0\u00bb text_line_height=\u00a0\u00bb2em\u00a0\u00bb header_3_font=\u00a0\u00bbLora||||||||\u00a0\u00bb header_3_font_size=\u00a0\u00bb16px\u00a0\u00bb header_3_line_height=\u00a0\u00bb1.4em\u00a0\u00bb text_orientation=\u00a0\u00bbjustified\u00a0\u00bb header_3_font_size_tablet=\u00a0\u00bb18px\u00a0\u00bb header_3_font_size_phone=\u00a0\u00bb\u00a0\u00bb header_3_font_size_last_edited=\u00a0\u00bbon|tablet\u00a0\u00bb locked=\u00a0\u00bboff\u00a0\u00bb global_colors_info=\u00a0\u00bb{}\u00a0\u00bb]<\/p>\n<h3><img loading=\"lazy\" decoding=\"async\" src=\"https:\/\/saintpierredemejans.com\/wp-content\/uploads\/2021\/06\/divider-mejeans.png\" width=\"25\" height=\"14\" alt=\"\" class=\"wp-image-225 alignnone size-full\" \/> \u00a0\u0152notourisme au ch\u00e2teau<\/h3>\n<p>Partez \u00e0 la d\u00e9couverte des vignobles du Luberon avec nos d\u00e9gustations de vins et explorations du domaine viticole.<\/p>\n<p>[\/et_pb_text][et_pb_button button_url=\u00a0\u00bbhttps:\/\/saintpierredemejans.com\/oenotourisme\/\u00a0\u00bb button_text=\u00a0\u00bb\u0152unotourisme\u00a0\u00bb button_alignment=\u00a0\u00bbcenter\u00a0\u00bb module_class=\u00a0\u00bbfull-width-btn\u00a0\u00bb _builder_version=\u00a0\u00bb4.16&Prime; _module_preset=\u00a0\u00bbdefault\u00a0\u00bb custom_button=\u00a0\u00bbon\u00a0\u00bb button_text_size=\u00a0\u00bb14px\u00a0\u00bb button_text_color=\u00a0\u00bb#757575&Prime; button_bg_color=\u00a0\u00bbRGBA(0,0,0,0)\u00a0\u00bb button_border_width=\u00a0\u00bb1px\u00a0\u00bb button_border_color=\u00a0\u00bb#757575&Prime; button_border_radius=\u00a0\u00bb0px\u00a0\u00bb button_letter_spacing=\u00a0\u00bb1px\u00a0\u00bb button_font=\u00a0\u00bb|600||on|||||\u00a0\u00bb button_icon=\u00a0\u00bb&#xe01d;||divi||400&Prime; button_on_hover=\u00a0\u00bboff\u00a0\u00bb custom_margin=\u00a0\u00bb||||false|true\u00a0\u00bb custom_padding=\u00a0\u00bb9px||9px||true|true\u00a0\u00bb locked=\u00a0\u00bboff\u00a0\u00bb global_colors_info=\u00a0\u00bb{}\u00a0\u00bb][\/et_pb_button][\/et_pb_column][et_pb_column type=\u00a0\u00bb1_3&Prime; module_id=\u00a0\u00bbcolonnehover3&Prime; _builder_version=\u00a0\u00bb4.16&Prime; _module_preset=\u00a0\u00bbdefault\u00a0\u00bb link_option_url=\u00a0\u00bb\/boutique\u00a0\u00bb global_colors_info=\u00a0\u00bb{}\u00a0\u00bb][et_pb_image src=\u00a0\u00bbhttps:\/\/saintpierredemejans.com\/wp-content\/uploads\/2023\/03\/rose-1118-1.jpg\u00a0\u00bb alt=\u00a0\u00bbfour wine glasses\u00a0\u00bb title_text=\u00a0\u00bbrose 1118&Prime; force_fullwidth=\u00a0\u00bbon\u00a0\u00bb _builder_version=\u00a0\u00bb4.24.1&Prime; _module_preset=\u00a0\u00bbdefault\u00a0\u00bb custom_margin=\u00a0\u00bb||||false|false\u00a0\u00bb locked=\u00a0\u00bboff\u00a0\u00bb global_colors_info=\u00a0\u00bb{}\u00a0\u00bb][\/et_pb_image][et_pb_text _builder_version=\u00a0\u00bb4.16&Prime; _module_preset=\u00a0\u00bbdefault\u00a0\u00bb text_line_height=\u00a0\u00bb2em\u00a0\u00bb header_3_font=\u00a0\u00bbLora||||||||\u00a0\u00bb header_3_font_size=\u00a0\u00bb16px\u00a0\u00bb header_3_line_height=\u00a0\u00bb1.4em\u00a0\u00bb text_orientation=\u00a0\u00bbjustified\u00a0\u00bb header_3_font_size_tablet=\u00a0\u00bb18px\u00a0\u00bb header_3_font_size_phone=\u00a0\u00bb\u00a0\u00bb header_3_font_size_last_edited=\u00a0\u00bbon|tablet\u00a0\u00bb locked=\u00a0\u00bboff\u00a0\u00bb global_colors_info=\u00a0\u00bb{}\u00a0\u00bb]<\/p>\n<h3><img loading=\"lazy\" decoding=\"async\" src=\"https:\/\/saintpierredemejans.com\/wp-content\/uploads\/2021\/06\/divider-mejeans.png\" width=\"25\" height=\"14\" alt=\"\" class=\"wp-image-225 alignnone size-full\" \/>\u00a0 Boutique en ligne<\/h3>\n<p>Faites vous plaisir en d\u00e9couvrant toutes nos cuv\u00e9es dans la boutique en ligne du site internet. Meilleur tarif garanti.<\/p>\n<p>[\/et_pb_text][et_pb_button button_url=\u00a0\u00bbhttps:\/\/saintpierredemejans.com\/boutique\/\u00a0\u00bb button_text=\u00a0\u00bbBoutique en ligne\u00a0\u00bb button_alignment=\u00a0\u00bbcenter\u00a0\u00bb module_class=\u00a0\u00bbfull-width-btn\u00a0\u00bb _builder_version=\u00a0\u00bb4.16&Prime; _module_preset=\u00a0\u00bbdefault\u00a0\u00bb custom_button=\u00a0\u00bbon\u00a0\u00bb button_text_size=\u00a0\u00bb14px\u00a0\u00bb button_text_color=\u00a0\u00bb#757575&Prime; button_bg_color=\u00a0\u00bbRGBA(0,0,0,0)\u00a0\u00bb button_border_width=\u00a0\u00bb1px\u00a0\u00bb button_border_color=\u00a0\u00bb#757575&Prime; button_border_radius=\u00a0\u00bb0px\u00a0\u00bb button_letter_spacing=\u00a0\u00bb1px\u00a0\u00bb button_font=\u00a0\u00bb|600||on|||||\u00a0\u00bb button_icon=\u00a0\u00bb&#xe015;||divi||400&Prime; button_on_hover=\u00a0\u00bboff\u00a0\u00bb custom_margin=\u00a0\u00bb||||false|true\u00a0\u00bb custom_padding=\u00a0\u00bb9px||9px||true|true\u00a0\u00bb locked=\u00a0\u00bboff\u00a0\u00bb global_colors_info=\u00a0\u00bb{}\u00a0\u00bb][\/et_pb_button][\/et_pb_column][\/et_pb_row][\/et_pb_section][et_pb_section fb_built=\u00a0\u00bb1&Prime; admin_label=\u00a0\u00bbLogos\u00a0\u00bb _builder_version=\u00a0\u00bb4.16&Prime; _module_preset=\u00a0\u00bbdefault\u00a0\u00bb background_color=\u00a0\u00bbrgba(0,0,0,0.78)\u00a0\u00bb background_image=\u00a0\u00bbhttps:\/\/saintpierredemejans.com\/wp-content\/uploads\/2021\/06\/mdjvfxjgnrm.jpg\u00a0\u00bb background_blend=\u00a0\u00bbdarken\u00a0\u00bb custom_padding=\u00a0\u00bb23px||69px||false|\u00a0\u00bb da_disable_devices=\u00a0\u00bboff|off|off\u00a0\u00bb locked=\u00a0\u00bboff\u00a0\u00bb global_colors_info=\u00a0\u00bb{}\u00a0\u00bb da_is_popup=\u00a0\u00bboff\u00a0\u00bb da_exit_intent=\u00a0\u00bboff\u00a0\u00bb da_has_close=\u00a0\u00bbon\u00a0\u00bb da_alt_close=\u00a0\u00bboff\u00a0\u00bb da_dark_close=\u00a0\u00bboff\u00a0\u00bb da_not_modal=\u00a0\u00bbon\u00a0\u00bb da_is_singular=\u00a0\u00bboff\u00a0\u00bb da_with_loader=\u00a0\u00bboff\u00a0\u00bb da_has_shadow=\u00a0\u00bbon\u00a0\u00bb][et_pb_row column_structure=\u00a0\u00bb3_5,2_5&Prime; _builder_version=\u00a0\u00bb4.16&Prime; _module_preset=\u00a0\u00bbdefault\u00a0\u00bb custom_padding=\u00a0\u00bb||11px|||\u00a0\u00bb locked=\u00a0\u00bboff\u00a0\u00bb global_colors_info=\u00a0\u00bb{}\u00a0\u00bb][et_pb_column type=\u00a0\u00bb3_5&Prime; _builder_version=\u00a0\u00bb4.16&Prime; _module_preset=\u00a0\u00bbdefault\u00a0\u00bb global_colors_info=\u00a0\u00bb{}\u00a0\u00bb][et_pb_text _builder_version=\u00a0\u00bb4.16&Prime; _module_preset=\u00a0\u00bbdefault\u00a0\u00bb text_line_height=\u00a0\u00bb2em\u00a0\u00bb header_2_font=\u00a0\u00bb|||on|||||\u00a0\u00bb header_2_text_color=\u00a0\u00bb#FFFFFF\u00a0\u00bb header_2_font_size=\u00a0\u00bb33px\u00a0\u00bb header_2_letter_spacing=\u00a0\u00bb0.1em\u00a0\u00bb header_2_line_height=\u00a0\u00bb1.2em\u00a0\u00bb text_orientation=\u00a0\u00bbcenter\u00a0\u00bb custom_margin=\u00a0\u00bb||2px|||\u00a0\u00bb custom_padding=\u00a0\u00bb||5px|||\u00a0\u00bb header_2_font_size_tablet=\u00a0\u00bb30px\u00a0\u00bb header_2_font_size_phone=\u00a0\u00bb20px\u00a0\u00bb header_2_font_size_last_edited=\u00a0\u00bbon|phone\u00a0\u00bb locked=\u00a0\u00bboff\u00a0\u00bb global_colors_info=\u00a0\u00bb{}\u00a0\u00bb]<\/p>\n<h2 style=\"text-align: left\"><img loading=\"lazy\" decoding=\"async\" src=\"https:\/\/saintpierredemejans.com\/wp-content\/uploads\/2021\/06\/divider-mejeans-white.png\" width=\"54\" height=\"30\" alt=\"\" class=\"wp-image-249 alignnone size-full\" \/>\u00a0<em>Le ch\u00e2teau en photos<\/em><\/h2>\n<p>[\/et_pb_text][\/et_pb_column][et_pb_column type=\u00a0\u00bb2_5&Prime; _builder_version=\u00a0\u00bb4.16&Prime; _module_preset=\u00a0\u00bbdefault\u00a0\u00bb global_colors_info=\u00a0\u00bb{}\u00a0\u00bb][et_pb_divider show_divider=\u00a0\u00bboff\u00a0\u00bb _builder_version=\u00a0\u00bb4.16&Prime; _module_preset=\u00a0\u00bbdefault\u00a0\u00bb background_enable_color=\u00a0\u00bboff\u00a0\u00bb background_image=\u00a0\u00bbhttps:\/\/saintpierredemejans.com\/wp-content\/uploads\/2021\/05\/angled-line-pattern-dark.png\u00a0\u00bb background_size=\u00a0\u00bbinitial\u00a0\u00bb background_repeat=\u00a0\u00bbrepeat-x\u00a0\u00bb height=\u00a0\u00bb32px\u00a0\u00bb custom_margin=\u00a0\u00bb5px||||false|false\u00a0\u00bb locked=\u00a0\u00bboff\u00a0\u00bb global_colors_info=\u00a0\u00bb{}\u00a0\u00bb][\/et_pb_divider][\/et_pb_column][\/et_pb_row][et_pb_row _builder_version=\u00a0\u00bb4.16&Prime; _module_preset=\u00a0\u00bbdefault\u00a0\u00bb custom_padding=\u00a0\u00bb||0px||false|false\u00a0\u00bb global_colors_info=\u00a0\u00bb{}\u00a0\u00bb][et_pb_column type=\u00a0\u00bb4_4&Prime; _builder_version=\u00a0\u00bb4.16&Prime; _module_preset=\u00a0\u00bbdefault\u00a0\u00bb global_colors_info=\u00a0\u00bb{}\u00a0\u00bb][dica_divi_carousel loop=\u00a0\u00bbon\u00a0\u00bb arrow_nav=\u00a0\u00bbon\u00a0\u00bb item_spacing=\u00a0\u00bb2&Prime; lazy_loading=\u00a0\u00bbon\u00a0\u00bb load_before_transition=\u00a0\u00bbon\u00a0\u00bb advanced_effect=\u00a0\u00bb1&Prime; arrow_nav_color=\u00a0\u00bb#FFFFFF\u00a0\u00bb arrow_bg_color=\u00a0\u00bbRGBA(0,0,0,0)\u00a0\u00bb dots_active_color=\u00a0\u00bb#ddcdba\u00a0\u00bb overlay_color_field_bgcolor=\u00a0\u00bbrgba(255,255,255,0.85)\u00a0\u00bb arrow_position=\u00a0\u00bbmiddle-outside\u00a0\u00bb arrow_font_size=\u00a0\u00bb39px\u00a0\u00bb admin_label=\u00a0\u00bbcarousel\u00a0\u00bb _builder_version=\u00a0\u00bb4.27.4&Prime; _module_preset=\u00a0\u00bbdefault\u00a0\u00bb global_colors_info=\u00a0\u00bb{}\u00a0\u00bb][dica_divi_carouselitem admin_label=\u00a0\u00bbvins\u00a0\u00bb button_url_new_window=\u00a0\u00bb1&Prime; image=\u00a0\u00bbhttps:\/\/saintpierredemejans.com\/wp-content\/uploads\/2021\/07\/uttous-les-vins-Chateau-Saint-Pierre-Mejans-DSC_0734.jpg\u00a0\u00bb image_alt=\u00a0\u00bbvins chateau st pierre mejans\u00a0\u00bb image_lightbox=\u00a0\u00bbon\u00a0\u00bb module_class=\u00a0\u00bbcarouselaccueil\u00a0\u00bb _builder_version=\u00a0\u00bb4.16&Prime; _module_preset=\u00a0\u00bbdefault\u00a0\u00bb header_text_color=\u00a0\u00bbRGBA(0,0,0,0)\u00a0\u00bb subtitle_text_color=\u00a0\u00bb#FFFFFF\u00a0\u00bb global_colors_info=\u00a0\u00bb{}\u00a0\u00bb][\/dica_divi_carouselitem][dica_divi_carouselitem admin_label=\u00a0\u00bbpanorama\u00a0\u00bb button_url_new_window=\u00a0\u00bb1&Prime; image=\u00a0\u00bbhttps:\/\/saintpierredemejans.com\/wp-content\/uploads\/2021\/07\/Chateau-Saint-Pierre-Mejans-20210507_175209.jpg\u00a0\u00bb image_alt=\u00a0\u00bbvins chateau st pierre mejans\u00a0\u00bb image_lightbox=\u00a0\u00bbon\u00a0\u00bb module_class=\u00a0\u00bbcarouselaccueil\u00a0\u00bb _builder_version=\u00a0\u00bb4.16&Prime; _module_preset=\u00a0\u00bbdefault\u00a0\u00bb header_text_color=\u00a0\u00bbRGBA(0,0,0,0)\u00a0\u00bb subtitle_text_color=\u00a0\u00bb#FFFFFF\u00a0\u00bb global_colors_info=\u00a0\u00bb{}\u00a0\u00bb][\/dica_divi_carouselitem][dica_divi_carouselitem admin_label=\u00a0\u00bbentr\u00e9e\u00a0\u00bb button_url_new_window=\u00a0\u00bb1&Prime; image=\u00a0\u00bbhttps:\/\/saintpierredemejans.com\/wp-content\/uploads\/2021\/07\/Chateau-Saint-Pierre-Mejans-20210507_185836.jpg\u00a0\u00bb image_alt=\u00a0\u00bbvins chateau st pierre mejans\u00a0\u00bb image_lightbox=\u00a0\u00bbon\u00a0\u00bb module_class=\u00a0\u00bbcarouselaccueil\u00a0\u00bb _builder_version=\u00a0\u00bb4.16&Prime; _module_preset=\u00a0\u00bbdefault\u00a0\u00bb header_text_color=\u00a0\u00bbRGBA(0,0,0,0)\u00a0\u00bb subtitle_text_color=\u00a0\u00bb#FFFFFF\u00a0\u00bb global_colors_info=\u00a0\u00bb{}\u00a0\u00bb][\/dica_divi_carouselitem][dica_divi_carouselitem admin_label=\u00a0\u00bbpiscine\u00a0\u00bb button_url_new_window=\u00a0\u00bb1&Prime; image=\u00a0\u00bbhttps:\/\/saintpierredemejans.com\/wp-content\/uploads\/2021\/07\/piscine-Chateau-Saint-Pierre-Mejans-DSC_0671.jpg\u00a0\u00bb image_alt=\u00a0\u00bbvins chateau st pierre mejans\u00a0\u00bb image_lightbox=\u00a0\u00bbon\u00a0\u00bb module_class=\u00a0\u00bbcarouselaccueil\u00a0\u00bb _builder_version=\u00a0\u00bb4.16&Prime; _module_preset=\u00a0\u00bbdefault\u00a0\u00bb header_text_color=\u00a0\u00bbRGBA(0,0,0,0)\u00a0\u00bb subtitle_text_color=\u00a0\u00bb#FFFFFF\u00a0\u00bb global_colors_info=\u00a0\u00bb{}\u00a0\u00bb][\/dica_divi_carouselitem][dica_divi_carouselitem admin_label=\u00a0\u00bbvue cot\u00e9\u00a0\u00bb button_url_new_window=\u00a0\u00bb1&Prime; image=\u00a0\u00bbhttps:\/\/saintpierredemejans.com\/wp-content\/uploads\/2021\/07\/Chateau-Saint-Pierre-Mejans-20210507_180153.jpg\u00a0\u00bb image_alt=\u00a0\u00bbvins chateau st pierre mejans\u00a0\u00bb image_lightbox=\u00a0\u00bbon\u00a0\u00bb module_class=\u00a0\u00bbcarouselaccueil\u00a0\u00bb _builder_version=\u00a0\u00bb4.16&Prime; _module_preset=\u00a0\u00bbdefault\u00a0\u00bb header_text_color=\u00a0\u00bbRGBA(0,0,0,0)\u00a0\u00bb subtitle_text_color=\u00a0\u00bb#FFFFFF\u00a0\u00bb global_colors_info=\u00a0\u00bb{}\u00a0\u00bb][\/dica_divi_carouselitem][\/dica_divi_carousel][\/et_pb_column][\/et_pb_row][\/et_pb_section][et_pb_section fb_built=\u00a0\u00bb1&Prime; admin_label=\u00a0\u00bbTestimonials\u00a0\u00bb _builder_version=\u00a0\u00bb4.16&Prime; _module_preset=\u00a0\u00bbdefault\u00a0\u00bb background_color=\u00a0\u00bbRGBA(0,0,0,0)\u00a0\u00bb da_disable_devices=\u00a0\u00bboff|off|off\u00a0\u00bb locked=\u00a0\u00bboff\u00a0\u00bb global_colors_info=\u00a0\u00bb{}\u00a0\u00bb da_is_popup=\u00a0\u00bboff\u00a0\u00bb da_exit_intent=\u00a0\u00bboff\u00a0\u00bb da_has_close=\u00a0\u00bbon\u00a0\u00bb da_alt_close=\u00a0\u00bboff\u00a0\u00bb da_dark_close=\u00a0\u00bboff\u00a0\u00bb da_not_modal=\u00a0\u00bbon\u00a0\u00bb da_is_singular=\u00a0\u00bboff\u00a0\u00bb da_with_loader=\u00a0\u00bboff\u00a0\u00bb da_has_shadow=\u00a0\u00bbon\u00a0\u00bb][et_pb_row _builder_version=\u00a0\u00bb4.16&Prime; _module_preset=\u00a0\u00bbdefault\u00a0\u00bb custom_padding=\u00a0\u00bb21px||21px||true|false\u00a0\u00bb border_width_all=\u00a0\u00bb1px\u00a0\u00bb border_color_all=\u00a0\u00bb#000000&Prime; global_colors_info=\u00a0\u00bb{}\u00a0\u00bb][et_pb_column type=\u00a0\u00bb4_4&Prime; _builder_version=\u00a0\u00bb4.16&Prime; _module_preset=\u00a0\u00bbdefault\u00a0\u00bb global_colors_info=\u00a0\u00bb{}\u00a0\u00bb][et_pb_image src=\u00a0\u00bbhttps:\/\/saintpierredemejans.com\/wp-content\/uploads\/2021\/05\/shoe-repair-12.png\u00a0\u00bb title_text=\u00a0\u00bbshoe-repair-12&Prime; align=\u00a0\u00bbcenter\u00a0\u00bb _builder_version=\u00a0\u00bb4.16&Prime; _module_preset=\u00a0\u00bbdefault\u00a0\u00bb global_colors_info=\u00a0\u00bb{}\u00a0\u00bb][\/et_pb_image][et_pb_slider arrows_custom_color=\u00a0\u00bb#A98063&Prime; dot_nav_custom_color=\u00a0\u00bb#a98063&Prime; module_id=\u00a0\u00bbtemoignages\u00a0\u00bb _builder_version=\u00a0\u00bb4.16&Prime; _module_preset=\u00a0\u00bbdefault\u00a0\u00bb header_font=\u00a0\u00bb|700|||||||\u00a0\u00bb header_text_color=\u00a0\u00bb#000000&Prime; header_font_size=\u00a0\u00bb50px\u00a0\u00bb header_line_height=\u00a0\u00bb1.4em\u00a0\u00bb body_font=\u00a0\u00bb|600|||||||\u00a0\u00bb background_enable_color=\u00a0\u00bboff\u00a0\u00bb custom_padding=\u00a0\u00bb0px|0px|55px|0px|false|true\u00a0\u00bb auto=\u00a0\u00bbon\u00a0\u00bb header_font_size_tablet=\u00a0\u00bb24px\u00a0\u00bb header_font_size_phone=\u00a0\u00bb16px\u00a0\u00bb header_font_size_last_edited=\u00a0\u00bbon|phone\u00a0\u00bb header_text_shadow_style=\u00a0\u00bbpreset1&Prime; header_text_shadow_color=\u00a0\u00bbrgba(0,0,0,0)\u00a0\u00bb global_colors_info=\u00a0\u00bb{}\u00a0\u00bb][et_pb_slide heading=\u00a0\u00bbL&rsquo;avis du Guide Hachette des Vins\u00a0\u00bb use_text_overlay=\u00a0\u00bboff\u00a0\u00bb _builder_version=\u00a0\u00bb4.16&Prime; _module_preset=\u00a0\u00bbdefault\u00a0\u00bb header_level=\u00a0\u00bbh3&Prime; header_font=\u00a0\u00bb|300|on||||||\u00a0\u00bb header_font_size=\u00a0\u00bb37px\u00a0\u00bb body_font=\u00a0\u00bb|600|||||||\u00a0\u00bb body_text_color=\u00a0\u00bb#b59980&Prime; body_quote_border_weight=\u00a0\u00bb0px\u00a0\u00bb body_quote_font=\u00a0\u00bb||||||||\u00a0\u00bb body_quote_text_color=\u00a0\u00bbRGBA(0,0,0,0)\u00a0\u00bb body_quote_font_size=\u00a0\u00bb6px\u00a0\u00bb background_color=\u00a0\u00bbrgba(0,0,0,0)\u00a0\u00bb background_enable_color=\u00a0\u00bbon\u00a0\u00bb global_colors_info=\u00a0\u00bb{}\u00a0\u00bb sticky_transition=\u00a0\u00bbon\u00a0\u00bb]\u00a0\u00bbBeaucoup de concentration et de volume dans ce 2015 issu de vieux ceps de grenache (70 %) et de syrah. Un luberon domin\u00e9 par d&rsquo;intenses ar\u00f4mes de fruits noirs \u00e0 l&rsquo;olfaction (m\u00fbre, myrtille), agr\u00e9ment\u00e9s de notes de tapenade. La bouche se montre ample et riche mais sans lourdeur, \u00e9tay\u00e9e par des tanins tr\u00e8s fins. Une harmonie parfaite pour ce vin qui conjugue puissance et finesse\u00a0\u00bb[\/et_pb_slide][et_pb_slide heading=\u00a0\u00bbL&rsquo;avis du Petit Fut\u00e9 \u00a0\u00bb _builder_version=\u00a0\u00bb4.16&Prime; _module_preset=\u00a0\u00bbdefault\u00a0\u00bb header_level=\u00a0\u00bbh3&Prime; header_font=\u00a0\u00bb|300|on||||||\u00a0\u00bb header_font_size=\u00a0\u00bb37px\u00a0\u00bb body_font=\u00a0\u00bb|600|||||||\u00a0\u00bb body_text_color=\u00a0\u00bb#b59980&Prime; body_quote_border_weight=\u00a0\u00bb0px\u00a0\u00bb body_quote_font=\u00a0\u00bb||||||||\u00a0\u00bb body_quote_text_color=\u00a0\u00bbRGBA(0,0,0,0)\u00a0\u00bb body_quote_font_size=\u00a0\u00bb6px\u00a0\u00bb background_color=\u00a0\u00bbrgba(0,0,0,0)\u00a0\u00bb background_enable_color=\u00a0\u00bbon\u00a0\u00bb global_colors_info=\u00a0\u00bb{}\u00a0\u00bb sticky_transition=\u00a0\u00bbon\u00a0\u00bb]Le vin rouge a une robe soutenue, il est puissant et charnu. Le ros\u00e9 est flatteur et gouleyant et le blanc tout en finesse. A d\u00e9couvrir pour le plaisir du palais et des yeux.[\/et_pb_slide][\/et_pb_slider][\/et_pb_column][\/et_pb_row][\/et_pb_section][et_pb_section fb_built=\u00a0\u00bb1&Prime; custom_padding_last_edited=\u00a0\u00bbon|phone\u00a0\u00bb admin_label=\u00a0\u00bbFooter\u00a0\u00bb module_id=\u00a0\u00bbfooterelements\u00a0\u00bb _builder_version=\u00a0\u00bb4.16&Prime; _module_preset=\u00a0\u00bbdefault\u00a0\u00bb use_background_color_gradient=\u00a0\u00bbon\u00a0\u00bb background_color_gradient_direction=\u00a0\u00bb100deg\u00a0\u00bb background_color_gradient_stops=\u00a0\u00bbrgba(17,8,7,0.8) 0%|rgba(17,8,7,0.85) 100%\u00a0\u00bb background_color_gradient_overlays_image=\u00a0\u00bbon\u00a0\u00bb background_color_gradient_start=\u00a0\u00bbrgba(17,8,7,0.8)\u00a0\u00bb background_color_gradient_end=\u00a0\u00bbrgba(17,8,7,0.85)\u00a0\u00bb background_image=\u00a0\u00bbhttps:\/\/saintpierredemejans.com\/wp-content\/uploads\/2021\/05\/vue-chateau-st-pierre-mejans.jpg\u00a0\u00bb custom_margin=\u00a0\u00bb1px|||||\u00a0\u00bb custom_padding=\u00a0\u00bb0px||0px||true|false\u00a0\u00bb custom_padding_tablet=\u00a0\u00bb60px||60px||true|false\u00a0\u00bb custom_padding_phone=\u00a0\u00bb\u00a0\u00bb background_color_gradient_stops_tablet=\u00a0\u00bbrgba(17,8,7,0.8) 0%|rgba(17,8,7,0.85) 100%\u00a0\u00bb background_color_gradient_stops_phone=\u00a0\u00bbrgba(17,8,7,0.8) 0%|rgba(17,8,7,0.85) 100%\u00a0\u00bb da_popup_slug=\u00a0\u00bbfooterelements\u00a0\u00bb da_disable_devices=\u00a0\u00bboff|off|off\u00a0\u00bb global_module=\u00a0\u00bb302&Prime; locked=\u00a0\u00bboff\u00a0\u00bb global_colors_info=\u00a0\u00bb{}\u00a0\u00bb da_is_popup=\u00a0\u00bboff\u00a0\u00bb da_exit_intent=\u00a0\u00bboff\u00a0\u00bb da_has_close=\u00a0\u00bbon\u00a0\u00bb da_alt_close=\u00a0\u00bboff\u00a0\u00bb da_dark_close=\u00a0\u00bboff\u00a0\u00bb da_not_modal=\u00a0\u00bbon\u00a0\u00bb da_is_singular=\u00a0\u00bboff\u00a0\u00bb da_with_loader=\u00a0\u00bboff\u00a0\u00bb da_has_shadow=\u00a0\u00bbon\u00a0\u00bb][et_pb_row column_structure=\u00a0\u00bb1_4,1_4,1_4,1_4&Prime; use_custom_gutter=\u00a0\u00bbon\u00a0\u00bb gutter_width=\u00a0\u00bb1&Prime; _builder_version=\u00a0\u00bb4.27.4&Prime; _module_preset=\u00a0\u00bbdefault\u00a0\u00bb width=\u00a0\u00bb90%\u00a0\u00bb max_width=\u00a0\u00bb2560px\u00a0\u00bb custom_margin_tablet=\u00a0\u00bb\u00a0\u00bb custom_margin_phone=\u00a0\u00bb\u00a0\u00bb custom_margin_last_edited=\u00a0\u00bbon|desktop\u00a0\u00bb custom_padding=\u00a0\u00bb27px||2px|||\u00a0\u00bb global_colors_info=\u00a0\u00bb{}\u00a0\u00bb][et_pb_column type=\u00a0\u00bb1_4&Prime; _builder_version=\u00a0\u00bb4.16&Prime; _module_preset=\u00a0\u00bbdefault\u00a0\u00bb global_colors_info=\u00a0\u00bb{}\u00a0\u00bb][et_pb_text _builder_version=\u00a0\u00bb4.27.4&Prime; _module_preset=\u00a0\u00bbdefault\u00a0\u00bb header_2_font=\u00a0\u00bb||||||||\u00a0\u00bb header_2_font_size=\u00a0\u00bb39px\u00a0\u00bb header_2_letter_spacing=\u00a0\u00bb0.1em\u00a0\u00bb header_2_line_height=\u00a0\u00bb1.2em\u00a0\u00bb text_orientation=\u00a0\u00bbcenter\u00a0\u00bb background_layout=\u00a0\u00bbdark\u00a0\u00bb header_2_font_size_tablet=\u00a0\u00bb30px\u00a0\u00bb header_2_font_size_phone=\u00a0\u00bb20px\u00a0\u00bb header_2_font_size_last_edited=\u00a0\u00bbon|phone\u00a0\u00bb locked=\u00a0\u00bboff\u00a0\u00bb global_colors_info=\u00a0\u00bb{}\u00a0\u00bb]<\/p>\n<h3>Contactez\u2011nous<\/h3>\n<p>Pour tout renseignement, n&rsquo;h\u00e9sitez pas \u00e0 nous contacter.<\/p>\n<p>[\/et_pb_text][et_pb_contact_form captcha=\u00a0\u00bboff\u00a0\u00bb email=\u00a0\u00bbcontact@saintpierredemejans.com\u00a0\u00bb custom_message=\u00a0\u00bbMessage du formulaire de contact de https:\/\/saintpierredemejans.com\/||et_pb_line_break_holder||||et_pb_line_break_holder||Nom: %%Name%%||et_pb_line_break_holder||Email: %%Email%%||et_pb_line_break_holder||||et_pb_line_break_holder||Message: ||et_pb_line_break_holder||%%Message%%\u00a0\u00bb success_message=\u00a0\u00bbMessage envoy\u00e9, merci\u00a0\u00bb submit_button_text=\u00a0\u00bbEnvoyer\u00a0\u00bb _builder_version=\u00a0\u00bb4.27.5&Prime; _module_preset=\u00a0\u00bbdefault\u00a0\u00bb _unique_id=\u00a0\u00bb8d2a91db-c01c-42ee-b730-f6ce3a9c77ee\u00a0\u00bb custom_button=\u00a0\u00bbon\u00a0\u00bb button_on_hover=\u00a0\u00bboff\u00a0\u00bb button_custom_margin=\u00a0\u00bb|||2px|false|false\u00a0\u00bb button_custom_padding=\u00a0\u00bb1px||1px||true|false\u00a0\u00bb width=\u00a0\u00bb100%\u00a0\u00bb module_alignment=\u00a0\u00bbcenter\u00a0\u00bb custom_margin=\u00a0\u00bb||20px|||\u00a0\u00bb custom_padding=\u00a0\u00bb||2px|||\u00a0\u00bb hover_enabled=\u00a0\u00bb0&Prime; global_colors_info=\u00a0\u00bb{}\u00a0\u00bb sticky_enabled=\u00a0\u00bb0&Prime;][et_pb_contact_field field_id=\u00a0\u00bbName\u00a0\u00bb field_title=\u00a0\u00bbNom\u00a0\u00bb _builder_version=\u00a0\u00bb4.16&Prime; form_field_background_color=\u00a0\u00bbrgba(255,255,255,0.64)\u00a0\u00bb form_field_text_color=\u00a0\u00bb#000000&Prime; form_field_focus_background_color=\u00a0\u00bbrgba(255,255,255,0.8)\u00a0\u00bb form_field_focus_text_color=\u00a0\u00bb#000000&Prime; background_enable_color=\u00a0\u00bboff\u00a0\u00bb global_colors_info=\u00a0\u00bb{}\u00a0\u00bb button_text_size__hover_enabled=\u00a0\u00bboff\u00a0\u00bb button_one_text_size__hover_enabled=\u00a0\u00bboff\u00a0\u00bb button_two_text_size__hover_enabled=\u00a0\u00bboff\u00a0\u00bb button_text_color__hover_enabled=\u00a0\u00bboff\u00a0\u00bb button_one_text_color__hover_enabled=\u00a0\u00bboff\u00a0\u00bb button_two_text_color__hover_enabled=\u00a0\u00bboff\u00a0\u00bb button_border_width__hover_enabled=\u00a0\u00bboff\u00a0\u00bb button_one_border_width__hover_enabled=\u00a0\u00bboff\u00a0\u00bb button_two_border_width__hover_enabled=\u00a0\u00bboff\u00a0\u00bb button_border_color__hover_enabled=\u00a0\u00bboff\u00a0\u00bb button_one_border_color__hover_enabled=\u00a0\u00bboff\u00a0\u00bb button_two_border_color__hover_enabled=\u00a0\u00bboff\u00a0\u00bb button_border_radius__hover_enabled=\u00a0\u00bboff\u00a0\u00bb button_one_border_radius__hover_enabled=\u00a0\u00bboff\u00a0\u00bb button_two_border_radius__hover_enabled=\u00a0\u00bboff\u00a0\u00bb button_letter_spacing__hover_enabled=\u00a0\u00bboff\u00a0\u00bb button_one_letter_spacing__hover_enabled=\u00a0\u00bboff\u00a0\u00bb button_two_letter_spacing__hover_enabled=\u00a0\u00bboff\u00a0\u00bb button_bg_color__hover_enabled=\u00a0\u00bboff\u00a0\u00bb button_one_bg_color__hover_enabled=\u00a0\u00bboff\u00a0\u00bb button_two_bg_color__hover_enabled=\u00a0\u00bboff\u00a0\u00bb][\/et_pb_contact_field][et_pb_contact_field field_id=\u00a0\u00bbEmail\u00a0\u00bb field_title=\u00a0\u00bbAdresse e-mail\u00a0\u00bb field_type=\u00a0\u00bbemail\u00a0\u00bb _builder_version=\u00a0\u00bb4.16&Prime; form_field_background_color=\u00a0\u00bbrgba(255,255,255,0.64)\u00a0\u00bb form_field_text_color=\u00a0\u00bb#000000&Prime; form_field_focus_background_color=\u00a0\u00bbrgba(255,255,255,0.8)\u00a0\u00bb form_field_focus_text_color=\u00a0\u00bb#000000&Prime; global_colors_info=\u00a0\u00bb{}\u00a0\u00bb button_text_size__hover_enabled=\u00a0\u00bboff\u00a0\u00bb button_one_text_size__hover_enabled=\u00a0\u00bboff\u00a0\u00bb button_two_text_size__hover_enabled=\u00a0\u00bboff\u00a0\u00bb button_text_color__hover_enabled=\u00a0\u00bboff\u00a0\u00bb button_one_text_color__hover_enabled=\u00a0\u00bboff\u00a0\u00bb button_two_text_color__hover_enabled=\u00a0\u00bboff\u00a0\u00bb button_border_width__hover_enabled=\u00a0\u00bboff\u00a0\u00bb button_one_border_width__hover_enabled=\u00a0\u00bboff\u00a0\u00bb button_two_border_width__hover_enabled=\u00a0\u00bboff\u00a0\u00bb button_border_color__hover_enabled=\u00a0\u00bboff\u00a0\u00bb button_one_border_color__hover_enabled=\u00a0\u00bboff\u00a0\u00bb button_two_border_color__hover_enabled=\u00a0\u00bboff\u00a0\u00bb button_border_radius__hover_enabled=\u00a0\u00bboff\u00a0\u00bb button_one_border_radius__hover_enabled=\u00a0\u00bboff\u00a0\u00bb button_two_border_radius__hover_enabled=\u00a0\u00bboff\u00a0\u00bb button_letter_spacing__hover_enabled=\u00a0\u00bboff\u00a0\u00bb button_one_letter_spacing__hover_enabled=\u00a0\u00bboff\u00a0\u00bb button_two_letter_spacing__hover_enabled=\u00a0\u00bboff\u00a0\u00bb button_bg_color__hover_enabled=\u00a0\u00bboff\u00a0\u00bb button_one_bg_color__hover_enabled=\u00a0\u00bboff\u00a0\u00bb button_two_bg_color__hover_enabled=\u00a0\u00bboff\u00a0\u00bb][\/et_pb_contact_field][et_pb_contact_field field_id=\u00a0\u00bbMessage\u00a0\u00bb field_title=\u00a0\u00bbMessage\u00a0\u00bb field_type=\u00a0\u00bbtext\u00a0\u00bb fullwidth_field=\u00a0\u00bbon\u00a0\u00bb _builder_version=\u00a0\u00bb4.16&Prime; form_field_background_color=\u00a0\u00bbrgba(255,255,255,0.64)\u00a0\u00bb form_field_text_color=\u00a0\u00bb#000000&Prime; form_field_focus_background_color=\u00a0\u00bbrgba(255,255,255,0.8)\u00a0\u00bb form_field_focus_text_color=\u00a0\u00bb#000000&Prime; max_height=\u00a0\u00bb63px\u00a0\u00bb custom_margin=\u00a0\u00bb0px||||false|false\u00a0\u00bb global_colors_info=\u00a0\u00bb{}\u00a0\u00bb button_text_size__hover_enabled=\u00a0\u00bboff\u00a0\u00bb button_one_text_size__hover_enabled=\u00a0\u00bboff\u00a0\u00bb button_two_text_size__hover_enabled=\u00a0\u00bboff\u00a0\u00bb button_text_color__hover_enabled=\u00a0\u00bboff\u00a0\u00bb button_one_text_color__hover_enabled=\u00a0\u00bboff\u00a0\u00bb button_two_text_color__hover_enabled=\u00a0\u00bboff\u00a0\u00bb button_border_width__hover_enabled=\u00a0\u00bboff\u00a0\u00bb button_one_border_width__hover_enabled=\u00a0\u00bboff\u00a0\u00bb button_two_border_width__hover_enabled=\u00a0\u00bboff\u00a0\u00bb button_border_color__hover_enabled=\u00a0\u00bboff\u00a0\u00bb button_one_border_color__hover_enabled=\u00a0\u00bboff\u00a0\u00bb button_two_border_color__hover_enabled=\u00a0\u00bboff\u00a0\u00bb button_border_radius__hover_enabled=\u00a0\u00bboff\u00a0\u00bb button_one_border_radius__hover_enabled=\u00a0\u00bboff\u00a0\u00bb button_two_border_radius__hover_enabled=\u00a0\u00bboff\u00a0\u00bb button_letter_spacing__hover_enabled=\u00a0\u00bboff\u00a0\u00bb button_one_letter_spacing__hover_enabled=\u00a0\u00bboff\u00a0\u00bb button_two_letter_spacing__hover_enabled=\u00a0\u00bboff\u00a0\u00bb button_bg_color__hover_enabled=\u00a0\u00bboff\u00a0\u00bb button_one_bg_color__hover_enabled=\u00a0\u00bboff\u00a0\u00bb button_two_bg_color__hover_enabled=\u00a0\u00bboff\u00a0\u00bb][\/et_pb_contact_field][\/et_pb_contact_form][\/et_pb_column][et_pb_column type=\u00a0\u00bb1_4&Prime; _builder_version=\u00a0\u00bb4.16&Prime; _module_preset=\u00a0\u00bbdefault\u00a0\u00bb custom_padding=\u00a0\u00bb|||26px|false|false\u00a0\u00bb global_colors_info=\u00a0\u00bb{}\u00a0\u00bb][et_pb_blurb title=\u00a0\u00bbHoraires\u00a0\u00bb use_icon=\u00a0\u00bbon\u00a0\u00bb font_icon=\u00a0\u00bb&#xe06b;||divi||400&Prime; icon_color=\u00a0\u00bb#dbc2b3&Prime; icon_placement=\u00a0\u00bbleft\u00a0\u00bb image_icon_width=\u00a0\u00bb30px\u00a0\u00bb _builder_version=\u00a0\u00bb4.27.5&Prime; _module_preset=\u00a0\u00bbdefault\u00a0\u00bb header_level=\u00a0\u00bbh3&Prime; header_font=\u00a0\u00bb|700||on|||||\u00a0\u00bb header_text_align=\u00a0\u00bbleft\u00a0\u00bb header_text_color=\u00a0\u00bb#ddcdba\u00a0\u00bb header_font_size=\u00a0\u00bb14px\u00a0\u00bb header_letter_spacing=\u00a0\u00bb4px\u00a0\u00bb header_line_height=\u00a0\u00bb1.2em\u00a0\u00bb body_font=\u00a0\u00bb||||||||\u00a0\u00bb body_text_align=\u00a0\u00bbleft\u00a0\u00bb body_font_size=\u00a0\u00bb17px\u00a0\u00bb body_line_height=\u00a0\u00bb1.6em\u00a0\u00bb text_orientation=\u00a0\u00bbcenter\u00a0\u00bb background_layout=\u00a0\u00bbdark\u00a0\u00bb custom_margin=\u00a0\u00bb||11px||false|false\u00a0\u00bb body_font_size_tablet=\u00a0\u00bb24px\u00a0\u00bb body_font_size_phone=\u00a0\u00bb22px\u00a0\u00bb body_font_size_last_edited=\u00a0\u00bbon|tablet\u00a0\u00bb icon_font_size=\u00a0\u00bb30px\u00a0\u00bb global_colors_info=\u00a0\u00bb{}\u00a0\u00bb]<\/p>\n<p>Ouvert de 10h \u00e0 18h.<br \/>Du Mardi au Samedi<\/p>\n<p>[\/et_pb_blurb][et_pb_blurb title=\u00a0\u00bbContact\u00a0\u00bb use_icon=\u00a0\u00bbon\u00a0\u00bb font_icon=\u00a0\u00bb&#xe090;||divi||400&Prime; icon_color=\u00a0\u00bb#dbc2b3&Prime; icon_placement=\u00a0\u00bbleft\u00a0\u00bb image_icon_width=\u00a0\u00bb30px\u00a0\u00bb _builder_version=\u00a0\u00bb4.27.5&Prime; _module_preset=\u00a0\u00bbdefault\u00a0\u00bb header_level=\u00a0\u00bbh3&Prime; header_font=\u00a0\u00bb|700||on|||||\u00a0\u00bb header_text_align=\u00a0\u00bbleft\u00a0\u00bb header_text_color=\u00a0\u00bb#ddcdba\u00a0\u00bb header_font_size=\u00a0\u00bb14px\u00a0\u00bb header_letter_spacing=\u00a0\u00bb4px\u00a0\u00bb header_line_height=\u00a0\u00bb1.2em\u00a0\u00bb body_font=\u00a0\u00bb||||||||\u00a0\u00bb body_text_align=\u00a0\u00bbleft\u00a0\u00bb body_font_size=\u00a0\u00bb17px\u00a0\u00bb body_line_height=\u00a0\u00bb1.6em\u00a0\u00bb text_orientation=\u00a0\u00bbcenter\u00a0\u00bb background_layout=\u00a0\u00bbdark\u00a0\u00bb custom_margin=\u00a0\u00bb||11px||false|false\u00a0\u00bb body_font_size_tablet=\u00a0\u00bb24px\u00a0\u00bb body_font_size_phone=\u00a0\u00bb22px\u00a0\u00bb body_font_size_last_edited=\u00a0\u00bbon|tablet\u00a0\u00bb icon_font_size=\u00a0\u00bb30px\u00a0\u00bb locked=\u00a0\u00bboff\u00a0\u00bb global_colors_info=\u00a0\u00bb{}\u00a0\u00bb]<\/p>\n<p>+33 4 90 08 70 10<\/p>\n<p>[\/et_pb_blurb][et_pb_blurb title=\u00a0\u00bbAdresse\u00a0\u00bb use_icon=\u00a0\u00bbon\u00a0\u00bb font_icon=\u00a0\u00bb&#xe082;||divi||400&Prime; icon_color=\u00a0\u00bb#dbc2b3&Prime; icon_placement=\u00a0\u00bbleft\u00a0\u00bb image_icon_width=\u00a0\u00bb30px\u00a0\u00bb _builder_version=\u00a0\u00bb4.27.5&Prime; _module_preset=\u00a0\u00bbdefault\u00a0\u00bb header_level=\u00a0\u00bbh3&Prime; header_font=\u00a0\u00bb|700||on|||||\u00a0\u00bb header_text_align=\u00a0\u00bbleft\u00a0\u00bb header_text_color=\u00a0\u00bb#ddcdba\u00a0\u00bb header_font_size=\u00a0\u00bb14px\u00a0\u00bb header_letter_spacing=\u00a0\u00bb4px\u00a0\u00bb header_line_height=\u00a0\u00bb1.2em\u00a0\u00bb body_font=\u00a0\u00bb||||||||\u00a0\u00bb body_text_align=\u00a0\u00bbleft\u00a0\u00bb body_font_size=\u00a0\u00bb17px\u00a0\u00bb body_line_height=\u00a0\u00bb1.6em\u00a0\u00bb text_orientation=\u00a0\u00bbcenter\u00a0\u00bb background_layout=\u00a0\u00bbdark\u00a0\u00bb custom_margin=\u00a0\u00bb||11px||false|false\u00a0\u00bb body_font_size_tablet=\u00a0\u00bb24px\u00a0\u00bb body_font_size_phone=\u00a0\u00bb22px\u00a0\u00bb body_font_size_last_edited=\u00a0\u00bbon|tablet\u00a0\u00bb icon_font_size=\u00a0\u00bb30px\u00a0\u00bb locked=\u00a0\u00bboff\u00a0\u00bb global_colors_info=\u00a0\u00bb{}\u00a0\u00bb]<\/p>\n<p>2 Voie Communale Jas de Puyvert<br \/>84160 Puyvert, France<\/p>\n<p>[\/et_pb_blurb][\/et_pb_column][et_pb_column type=\u00a0\u00bb1_4&Prime; _builder_version=\u00a0\u00bb4.16&Prime; _module_preset=\u00a0\u00bbdefault\u00a0\u00bb global_colors_info=\u00a0\u00bb{}\u00a0\u00bb][et_pb_signup mailchimp_list=\u00a0\u00bbSt Pierre Mejans API mailchimp|7450c8c3fe\u00a0\u00bb first_name_fullwidth=\u00a0\u00bboff\u00a0\u00bb last_name_fullwidth=\u00a0\u00bboff\u00a0\u00bb email_fullwidth=\u00a0\u00bboff\u00a0\u00bb success_message=\u00a0\u00bbMerci pour votre inscription! \u00a0\u00bb title=\u00a0\u00bbNewsletter\u00a0\u00bb button_text=\u00a0\u00bbS&rsquo;inscrire\u00a0\u00bb description=\u00a0\u00bb<\/p>\n<p>Abonnez-vous \u00e0 notre newsletter pour recevoir les derni\u00e8res nouvelles et offres du domaine<\/p>\n<p>\u00a0\u00bb _builder_version=\u00a0\u00bb4.27.4&Prime; _module_preset=\u00a0\u00bbdefault\u00a0\u00bb form_field_background_color=\u00a0\u00bbrgba(255,255,255,0.94)\u00a0\u00bb form_field_text_color=\u00a0\u00bb#000000&Prime; form_field_custom_margin=\u00a0\u00bb-13px||||false|false\u00a0\u00bb background_enable_color=\u00a0\u00bboff\u00a0\u00bb background_enable_image=\u00a0\u00bboff\u00a0\u00bb background_blend=\u00a0\u00bboverlay\u00a0\u00bb custom_button=\u00a0\u00bbon\u00a0\u00bb button_text_size=\u00a0\u00bb22px\u00a0\u00bb button_text_color=\u00a0\u00bb#FFFFFF\u00a0\u00bb button_use_icon=\u00a0\u00bboff\u00a0\u00bb button_custom_padding=\u00a0\u00bb2px||2px||true|false\u00a0\u00bb module_alignment=\u00a0\u00bbcenter\u00a0\u00bb custom_margin=\u00a0\u00bb||||false|false\u00a0\u00bb custom_padding=\u00a0\u00bb3px||||false|false\u00a0\u00bb border_radii_fields=\u00a0\u00bbon|1px|1px|1px|1px\u00a0\u00bb global_colors_info=\u00a0\u00bb{}\u00a0\u00bb][et_pb_signup_custom_field field_id=\u00a0\u00bbField_1&Prime; _builder_version=\u00a0\u00bb4.27.4&Prime; _module_preset=\u00a0\u00bbdefault\u00a0\u00bb global_colors_info=\u00a0\u00bb{}\u00a0\u00bb][\/et_pb_signup_custom_field][\/et_pb_signup][\/et_pb_column][et_pb_column type=\u00a0\u00bb1_4&Prime; _builder_version=\u00a0\u00bb4.16&Prime; _module_preset=\u00a0\u00bbdefault\u00a0\u00bb global_colors_info=\u00a0\u00bb{}\u00a0\u00bb][et_pb_image src=\u00a0\u00bbhttps:\/\/saintpierredemejans.com\/wp-content\/uploads\/2025\/06\/Untitled-design-82.png\u00a0\u00bb title_text=\u00a0\u00bbUntitled design (82)\u00a0\u00bb _builder_version=\u00a0\u00bb4.27.4&Prime; _module_preset=\u00a0\u00bbdefault\u00a0\u00bb width=\u00a0\u00bb100%\u00a0\u00bb custom_padding=\u00a0\u00bb|||14px||\u00a0\u00bb custom_css_free_form=\u00a0\u00bbselector {display: inline-block;}\u00a0\u00bb global_colors_info=\u00a0\u00bb{}\u00a0\u00bb][\/et_pb_image][et_pb_social_media_follow icon_color=\u00a0\u00bb#ffffff\u00a0\u00bb use_icon_font_size=\u00a0\u00bbon\u00a0\u00bb icon_font_size=\u00a0\u00bb12px\u00a0\u00bb admin_label=\u00a0\u00bbSuivez-nous sur les r\u00e9seaux sociaux\u00a0\u00bb _builder_version=\u00a0\u00bb4.27.4&Prime; _module_preset=\u00a0\u00bbdefault\u00a0\u00bb text_orientation=\u00a0\u00bbcenter\u00a0\u00bb custom_margin=\u00a0\u00bb7px||9px|44px|false|false\u00a0\u00bb border_radii=\u00a0\u00bbon|25px|25px|25px|25px\u00a0\u00bb global_colors_info=\u00a0\u00bb{}\u00a0\u00bb][et_pb_social_media_follow_network social_network=\u00a0\u00bbfacebook\u00a0\u00bb url=\u00a0\u00bbhttps:\/\/www.facebook.com\/ChateauSaintPierredeMejans\u00a0\u00bb _builder_version=\u00a0\u00bb4.16&Prime; _module_preset=\u00a0\u00bbdefault\u00a0\u00bb background_color=\u00a0\u00bb#0C71C3&Prime; background_enable_color=\u00a0\u00bbon\u00a0\u00bb custom_padding=\u00a0\u00bb8px|8px|8px|8px|true|true\u00a0\u00bb global_colors_info=\u00a0\u00bb{}\u00a0\u00bb follow_button=\u00a0\u00bboff\u00a0\u00bb url_new_window=\u00a0\u00bbon\u00a0\u00bb]facebook[\/et_pb_social_media_follow_network][et_pb_social_media_follow_network social_network=\u00a0\u00bbinstagram\u00a0\u00bb url=\u00a0\u00bbhttps:\/\/www.instagram.com\/chateausaintpierredemejans\/\u00a0\u00bb _builder_version=\u00a0\u00bb4.16&Prime; _module_preset=\u00a0\u00bbdefault\u00a0\u00bb background_color=\u00a0\u00bb#ea2c59&Prime; background_enable_color=\u00a0\u00bbon\u00a0\u00bb custom_padding=\u00a0\u00bb8px|8px|8px|8px|true|true\u00a0\u00bb global_colors_info=\u00a0\u00bb{}\u00a0\u00bb follow_button=\u00a0\u00bboff\u00a0\u00bb url_new_window=\u00a0\u00bbon\u00a0\u00bb]instagram[\/et_pb_social_media_follow_network][\/et_pb_social_media_follow][\/et_pb_column][\/et_pb_row][et_pb_row _builder_version=\u00a0\u00bb4.27.5&Prime; _module_preset=\u00a0\u00bbdefault\u00a0\u00bb width=\u00a0\u00bb90%\u00a0\u00bb max_width=\u00a0\u00bb2560px\u00a0\u00bb custom_padding=\u00a0\u00bb3px||22px|||\u00a0\u00bb global_colors_info=\u00a0\u00bb{}\u00a0\u00bb][et_pb_column type=\u00a0\u00bb4_4&Prime; _builder_version=\u00a0\u00bb4.27.4&Prime; _module_preset=\u00a0\u00bbdefault\u00a0\u00bb global_colors_info=\u00a0\u00bb{}\u00a0\u00bb][et_pb_text _builder_version=\u00a0\u00bb4.27.5&Prime; _module_preset=\u00a0\u00bbdefault\u00a0\u00bb text_text_color=\u00a0\u00bb#FFFFFF\u00a0\u00bb text_font_size=\u00a0\u00bb14px\u00a0\u00bb text_letter_spacing=\u00a0\u00bb3px\u00a0\u00bb global_colors_info=\u00a0\u00bb{}\u00a0\u00bb]<\/p>\n<p style=\"text-align: center\"><span style=\"color: #ffffff\"><a style=\"color: #ffffff\" href=\"https:\/\/saintpierredemejans.com\/presse\/\">PRESSE<\/a> | <a style=\"color: #ffffff\" href=\"https:\/\/saintpierredemejans.com\/recrutement\/\">RECRUTEMENT<\/a>\u00a0 | <a style=\"color: #ffffff\" href=\"https:\/\/saintpierredemejans.com\/galerie-photos\/\">PHOTOS<\/a> | <a style=\"color: #ffffff\" href=\"https:\/\/saintpierredemejans.com\/actualites\/\">ACTUALIT\u00c9S<\/a> | <a style=\"color: #ffffff\" href=\"https:\/\/saintpierredemejans.com\/contact\/\">CONTACT<\/a><\/span><\/p>\n<p>[\/et_pb_text][\/et_pb_column][\/et_pb_row][\/et_pb_section]<\/p>\n","protected":false},"excerpt":{"rendered":"<p>Vignoble \u00e0 Puyvert Ch\u00e2teau Saint-PierreDe Mejans Le domaine \u00a0Privatisation du domaine D\u00e9couvrez notre offre de location pour le domaine ou pour des chambres individuelles.\u00a0 \u00a0\u0152notourisme au ch\u00e2teau Partez \u00e0 la d\u00e9couverte des vignobles du Luberon avec nos d\u00e9gustations de vins et explorations du domaine viticole.\u00a0 Boutique en ligne Faites vous plaisir en d\u00e9couvrant toutes nos [&hellip;]<\/p>\n","protected":false},"author":1,"featured_media":0,"parent":0,"menu_order":0,"comment_status":"closed","ping_status":"closed","template":"","meta":{"_et_pb_use_builder":"on","_et_pb_old_content":"<!-- wp:paragraph -->\r\n<p>Ceci est une page d\u2019exemple. C\u2019est diff\u00e9rent d\u2019un article de blog parce qu\u2019elle restera au m\u00eame endroit et appara\u00eetra dans la navigation de votre site (dans la plupart des th\u00e8mes). La plupart des gens commencent par une page \u00ab\u00a0\u00c0 propos\u00a0\u00bb qui les pr\u00e9sente aux personnes visitant du site. Cela pourrait ressembler \u00e0 quelque chose comme cela\u00a0:<\/p>\r\n<!-- \/wp:paragraph -->\r\n\r\n<!-- wp:quote -->\r\n<blockquote class=\"wp-block-quote\"><p>Bonjour\u00a0! Je suis un m\u00e9canicien qui aspire \u00e0 devenir acteur, et voici mon site. J\u2019habite \u00e0 Bordeaux, j\u2019ai un super chien baptis\u00e9 Russell, et j\u2019aime la vodka (ainsi qu\u2019\u00eatre surpris par la pluie soudaine lors de longues balades sur la plage au coucher du soleil).<\/p><\/blockquote>\r\n<!-- \/wp:quote -->\r\n\r\n<!-- wp:paragraph -->\r\n<p>\u2026ou quelque chose comme cela\u00a0:<\/p>\r\n<!-- \/wp:paragraph -->\r\n\r\n<!-- wp:quote -->\r\n<blockquote class=\"wp-block-quote\"><p>La soci\u00e9t\u00e9 123 Machin Truc a \u00e9t\u00e9 cr\u00e9\u00e9e en 1971, et n\u2019a cess\u00e9 de proposer au public des machins-trucs de qualit\u00e9 depuis lors. Situ\u00e9e \u00e0 Saint-Remy-en-Bouzemont-Saint-Genest-et-Isson, 123 Machin Truc emploie 2 000 personnes, et fabrique toutes sortes de bidules supers pour la communaut\u00e9 bouzemontoise.<\/p><\/blockquote>\r\n<!-- \/wp:quote -->\r\n\r\n<!-- wp:paragraph -->\r\n<p>En tant que nouvel utilisateur ou utilisatrice de WordPress, vous devriez vous rendre sur <a href=\"https:\/\/saintpierredemejans.com\/wp-admin\/\">votre tableau de bord<\/a> pour supprimer cette page et cr\u00e9er de nouvelles pages pour votre contenu. Amusez-vous bien\u00a0!<\/p>\r\n<!-- \/wp:paragraph -->","_et_gb_content_width":"","footnotes":""},"class_list":["post-155","page","type-page","status-publish","hentry"],"yoast_head":"<!-- This site is optimized with the Yoast SEO plugin v27.4 - https:\/\/yoast.com\/product\/yoast-seo-wordpress\/ -->\n<title>Accueil | Ch\u00e2teau Saint-Pierre de Mejans | Vignoble<\/title>\n<meta name=\"description\" content=\"Ch\u00e2teau Saint-Pierre de Mejans, domaine viticole, vigneron dans le Lub\u00e9ron. Vente de vin, location de Mas et de ch\u00e2teau dans le Lub\u00e9ron\" \/>\n<meta name=\"robots\" content=\"index, follow, max-snippet:-1, max-image-preview:large, max-video-preview:-1\" \/>\n<link rel=\"canonical\" href=\"https:\/\/saintpierredemejans.com\/en\/\" \/>\n<meta property=\"og:locale\" content=\"en_GB\" \/>\n<meta property=\"og:type\" content=\"article\" \/>\n<meta property=\"og:title\" content=\"Accueil | Ch\u00e2teau Saint-Pierre de Mejans | Vignoble\" \/>\n<meta property=\"og:description\" content=\"Ch\u00e2teau Saint-Pierre de Mejans, domaine viticole, vigneron dans le Lub\u00e9ron. Vente de vin, location de Mas et de ch\u00e2teau dans le Lub\u00e9ron\" \/>\n<meta property=\"og:url\" content=\"https:\/\/saintpierredemejans.com\/en\/\" \/>\n<meta property=\"og:site_name\" content=\"Ch\u00e2teau Saint-Pierre de Mejans | Vignoble\" \/>\n<meta property=\"article:modified_time\" content=\"2026-02-24T07:42:31+00:00\" \/>\n<meta property=\"og:image\" content=\"https:\/\/saintpierredemejans.com\/wp-content\/uploads\/2021\/06\/fond-mejans-coloradjust-white.png\" \/>\n\t<meta property=\"og:image:width\" content=\"1044\" \/>\n\t<meta property=\"og:image:height\" content=\"661\" \/>\n\t<meta property=\"og:image:type\" content=\"image\/png\" \/>\n<meta name=\"twitter:card\" content=\"summary_large_image\" \/>\n<meta name=\"twitter:label1\" content=\"Estimated reading time\" \/>\n\t<meta name=\"twitter:data1\" content=\"5 minutes\" \/>\n<script type=\"application\/ld+json\" class=\"yoast-schema-graph\">{\"@context\":\"https:\\\/\\\/schema.org\",\"@graph\":[{\"@type\":\"WebPage\",\"@id\":\"https:\\\/\\\/saintpierredemejans.com\\\/\",\"url\":\"https:\\\/\\\/saintpierredemejans.com\\\/\",\"name\":\"Accueil | Ch\u00e2teau Saint-Pierre de Mejans | Vignoble\",\"isPartOf\":{\"@id\":\"https:\\\/\\\/saintpierredemejans.com\\\/#website\"},\"primaryImageOfPage\":{\"@id\":\"https:\\\/\\\/saintpierredemejans.com\\\/#primaryimage\"},\"image\":{\"@id\":\"https:\\\/\\\/saintpierredemejans.com\\\/#primaryimage\"},\"thumbnailUrl\":\"https:\\\/\\\/saintpierredemejans.com\\\/wp-content\\\/uploads\\\/2021\\\/06\\\/fond-mejans-coloradjust-white-300x190.png\",\"datePublished\":\"2021-06-11T12:10:58+00:00\",\"dateModified\":\"2026-02-24T07:42:31+00:00\",\"description\":\"Ch\u00e2teau Saint-Pierre de Mejans, domaine viticole, vigneron dans le Lub\u00e9ron. Vente de vin, location de Mas et de ch\u00e2teau dans le Lub\u00e9ron\",\"breadcrumb\":{\"@id\":\"https:\\\/\\\/saintpierredemejans.com\\\/#breadcrumb\"},\"inLanguage\":\"en-GB\",\"potentialAction\":[{\"@type\":\"ReadAction\",\"target\":[\"https:\\\/\\\/saintpierredemejans.com\\\/\"]}]},{\"@type\":\"ImageObject\",\"inLanguage\":\"en-GB\",\"@id\":\"https:\\\/\\\/saintpierredemejans.com\\\/#primaryimage\",\"url\":\"https:\\\/\\\/saintpierredemejans.com\\\/wp-content\\\/uploads\\\/2021\\\/06\\\/fond-mejans-coloradjust-white-300x190.png\",\"contentUrl\":\"https:\\\/\\\/saintpierredemejans.com\\\/wp-content\\\/uploads\\\/2021\\\/06\\\/fond-mejans-coloradjust-white-300x190.png\"},{\"@type\":\"BreadcrumbList\",\"@id\":\"https:\\\/\\\/saintpierredemejans.com\\\/#breadcrumb\",\"itemListElement\":[{\"@type\":\"ListItem\",\"position\":1,\"name\":\"Home\",\"item\":\"https:\\\/\\\/saintpierredemejans.com\\\/\"},{\"@type\":\"ListItem\",\"position\":2,\"name\":\"Accueil\"}]},{\"@type\":\"WebSite\",\"@id\":\"https:\\\/\\\/saintpierredemejans.com\\\/#website\",\"url\":\"https:\\\/\\\/saintpierredemejans.com\\\/\",\"name\":\"Ch\u00e2teau Saint-Pierre de Mejans | Vignoble\",\"description\":\"ch\u00e2teau vignoble\",\"publisher\":{\"@id\":\"https:\\\/\\\/saintpierredemejans.com\\\/#organization\"},\"potentialAction\":[{\"@type\":\"SearchAction\",\"target\":{\"@type\":\"EntryPoint\",\"urlTemplate\":\"https:\\\/\\\/saintpierredemejans.com\\\/?s={search_term_string}\"},\"query-input\":{\"@type\":\"PropertyValueSpecification\",\"valueRequired\":true,\"valueName\":\"search_term_string\"}}],\"inLanguage\":\"en-GB\"},{\"@type\":\"Organization\",\"@id\":\"https:\\\/\\\/saintpierredemejans.com\\\/#organization\",\"name\":\"Ch\u00e2teau Saint-Pierre de Mejans | Vignoble dans le Lub\u00e9ron\",\"url\":\"https:\\\/\\\/saintpierredemejans.com\\\/\",\"logo\":{\"@type\":\"ImageObject\",\"inLanguage\":\"en-GB\",\"@id\":\"https:\\\/\\\/saintpierredemejans.com\\\/#\\\/schema\\\/logo\\\/image\\\/\",\"url\":\"https:\\\/\\\/saintpierredemejans.com\\\/wp-content\\\/uploads\\\/2021\\\/08\\\/favicon-1.png\",\"contentUrl\":\"https:\\\/\\\/saintpierredemejans.com\\\/wp-content\\\/uploads\\\/2021\\\/08\\\/favicon-1.png\",\"width\":822,\"height\":822,\"caption\":\"Ch\u00e2teau Saint-Pierre de Mejans | Vignoble dans le Lub\u00e9ron\"},\"image\":{\"@id\":\"https:\\\/\\\/saintpierredemejans.com\\\/#\\\/schema\\\/logo\\\/image\\\/\"}}]}<\/script>\n<!-- \/ Yoast SEO plugin. -->","yoast_head_json":{"title":"Home | Ch\u00e2teau Saint-Pierre de Mejans | Vineyard","description":"Ch\u00e2teau Saint-Pierre de Mejans, wine estate, winegrower in the Luberon. Sale of wine, rental of Mas and ch\u00e2teau in the Luberon","robots":{"index":"index","follow":"follow","max-snippet":"max-snippet:-1","max-image-preview":"max-image-preview:large","max-video-preview":"max-video-preview:-1"},"canonical":"https:\/\/saintpierredemejans.com\/en\/","og_locale":"en_GB","og_type":"article","og_title":"Accueil | Ch\u00e2teau Saint-Pierre de Mejans | Vignoble","og_description":"Ch\u00e2teau Saint-Pierre de Mejans, domaine viticole, vigneron dans le Lub\u00e9ron. Vente de vin, location de Mas et de ch\u00e2teau dans le Lub\u00e9ron","og_url":"https:\/\/saintpierredemejans.com\/en\/","og_site_name":"Ch\u00e2teau Saint-Pierre de Mejans | Vignoble","article_modified_time":"2026-02-24T07:42:31+00:00","og_image":[{"width":1044,"height":661,"url":"https:\/\/saintpierredemejans.com\/wp-content\/uploads\/2021\/06\/fond-mejans-coloradjust-white.png","type":"image\/png"}],"twitter_card":"summary_large_image","twitter_misc":{"Estimated reading time":"5 minutes"},"schema":{"@context":"https:\/\/schema.org","@graph":[{"@type":"WebPage","@id":"https:\/\/saintpierredemejans.com\/","url":"https:\/\/saintpierredemejans.com\/","name":"Home | Ch\u00e2teau Saint-Pierre de Mejans | Vineyard","isPartOf":{"@id":"https:\/\/saintpierredemejans.com\/#website"},"primaryImageOfPage":{"@id":"https:\/\/saintpierredemejans.com\/#primaryimage"},"image":{"@id":"https:\/\/saintpierredemejans.com\/#primaryimage"},"thumbnailUrl":"https:\/\/saintpierredemejans.com\/wp-content\/uploads\/2021\/06\/fond-mejans-coloradjust-white-300x190.png","datePublished":"2021-06-11T12:10:58+00:00","dateModified":"2026-02-24T07:42:31+00:00","description":"Ch\u00e2teau Saint-Pierre de Mejans, wine estate, winegrower in the Luberon. Sale of wine, rental of Mas and ch\u00e2teau in the Luberon","breadcrumb":{"@id":"https:\/\/saintpierredemejans.com\/#breadcrumb"},"inLanguage":"en-GB","potentialAction":[{"@type":"ReadAction","target":["https:\/\/saintpierredemejans.com\/"]}]},{"@type":"ImageObject","inLanguage":"en-GB","@id":"https:\/\/saintpierredemejans.com\/#primaryimage","url":"https:\/\/saintpierredemejans.com\/wp-content\/uploads\/2021\/06\/fond-mejans-coloradjust-white-300x190.png","contentUrl":"https:\/\/saintpierredemejans.com\/wp-content\/uploads\/2021\/06\/fond-mejans-coloradjust-white-300x190.png"},{"@type":"BreadcrumbList","@id":"https:\/\/saintpierredemejans.com\/#breadcrumb","itemListElement":[{"@type":"ListItem","position":1,"name":"Home","item":"https:\/\/saintpierredemejans.com\/"},{"@type":"ListItem","position":2,"name":"Accueil"}]},{"@type":"WebSite","@id":"https:\/\/saintpierredemejans.com\/#website","url":"https:\/\/saintpierredemejans.com\/","name":"Ch\u00e2teau Saint-Pierre de Mejans | Vineyard","description":"chateau vineyard","publisher":{"@id":"https:\/\/saintpierredemejans.com\/#organization"},"potentialAction":[{"@type":"SearchAction","target":{"@type":"EntryPoint","urlTemplate":"https:\/\/saintpierredemejans.com\/?s={search_term_string}"},"query-input":{"@type":"PropertyValueSpecification","valueRequired":true,"valueName":"search_term_string"}}],"inLanguage":"en-GB"},{"@type":"Organization","@id":"https:\/\/saintpierredemejans.com\/#organization","name":"Ch\u00e2teau Saint-Pierre de Mejans | Vineyard in the Lub\u00e9ron","url":"https:\/\/saintpierredemejans.com\/","logo":{"@type":"ImageObject","inLanguage":"en-GB","@id":"https:\/\/saintpierredemejans.com\/#\/schema\/logo\/image\/","url":"https:\/\/saintpierredemejans.com\/wp-content\/uploads\/2021\/08\/favicon-1.png","contentUrl":"https:\/\/saintpierredemejans.com\/wp-content\/uploads\/2021\/08\/favicon-1.png","width":822,"height":822,"caption":"Ch\u00e2teau Saint-Pierre de Mejans | Vignoble dans le Lub\u00e9ron"},"image":{"@id":"https:\/\/saintpierredemejans.com\/#\/schema\/logo\/image\/"}}]}},"_links":{"self":[{"href":"https:\/\/saintpierredemejans.com\/en\/wp-json\/wp\/v2\/pages\/155","targetHints":{"allow":["GET"]}}],"collection":[{"href":"https:\/\/saintpierredemejans.com\/en\/wp-json\/wp\/v2\/pages"}],"about":[{"href":"https:\/\/saintpierredemejans.com\/en\/wp-json\/wp\/v2\/types\/page"}],"author":[{"embeddable":true,"href":"https:\/\/saintpierredemejans.com\/en\/wp-json\/wp\/v2\/users\/1"}],"replies":[{"embeddable":true,"href":"https:\/\/saintpierredemejans.com\/en\/wp-json\/wp\/v2\/comments?post=155"}],"version-history":[{"count":15,"href":"https:\/\/saintpierredemejans.com\/en\/wp-json\/wp\/v2\/pages\/155\/revisions"}],"predecessor-version":[{"id":5361,"href":"https:\/\/saintpierredemejans.com\/en\/wp-json\/wp\/v2\/pages\/155\/revisions\/5361"}],"wp:attachment":[{"href":"https:\/\/saintpierredemejans.com\/en\/wp-json\/wp\/v2\/media?parent=155"}],"curies":[{"name":"wp","href":"https:\/\/api.w.org\/{rel}","templated":true}]}}