{"id":1773,"date":"2021-09-16T11:45:27","date_gmt":"2021-09-16T09:45:27","guid":{"rendered":"https:\/\/saintpierredemejans.com\/?page_id=1773"},"modified":"2025-03-05T14:29:44","modified_gmt":"2025-03-05T13:29:44","slug":"legal-information-cgv","status":"publish","type":"page","link":"https:\/\/saintpierredemejans.com\/en\/mentions-legales-cgv\/","title":{"rendered":"Mentions l\u00e9gales &#8211; CGV"},"content":{"rendered":"<p>[et_pb_section fb_built=\u00a0\u00bb1&Prime; admin_label=\u00a0\u00bbHeader\u00a0\u00bb _builder_version=\u00a0\u00bb4.16&Prime; _module_preset=\u00a0\u00bbdefault\u00a0\u00bb background_color=\u00a0\u00bbrgba(0,0,0,0.18)\u00a0\u00bb background_image=\u00a0\u00bbhttps:\/\/saintpierredemejans.com\/wp-content\/uploads\/2021\/07\/Chateau-Saint-Pierre-Mejans-chateau1.jpg\u00a0\u00bb background_blend=\u00a0\u00bboverlay\u00a0\u00bb background_enable_video_mp4=\u00a0\u00bboff\u00a0\u00bb z_index=\u00a0\u00bb0&Prime; custom_margin=\u00a0\u00bb0px||0px||true|false\u00a0\u00bb custom_padding=\u00a0\u00bb108px||108px||true|false\u00a0\u00bb da_disable_devices=\u00a0\u00bboff|off|off\u00a0\u00bb global_colors_info=\u00a0\u00bb{}\u00a0\u00bb da_is_popup=\u00a0\u00bboff\u00a0\u00bb da_exit_intent=\u00a0\u00bboff\u00a0\u00bb da_has_close=\u00a0\u00bbon\u00a0\u00bb da_alt_close=\u00a0\u00bboff\u00a0\u00bb da_dark_close=\u00a0\u00bboff\u00a0\u00bb da_not_modal=\u00a0\u00bbon\u00a0\u00bb da_is_singular=\u00a0\u00bboff\u00a0\u00bb da_with_loader=\u00a0\u00bboff\u00a0\u00bb da_has_shadow=\u00a0\u00bbon\u00a0\u00bb][et_pb_row _builder_version=\u00a0\u00bb4.16&Prime; _module_preset=\u00a0\u00bbdefault\u00a0\u00bb custom_margin=\u00a0\u00bb|auto|-7px|auto||\u00a0\u00bb global_colors_info=\u00a0\u00bb{}\u00a0\u00bb][et_pb_column type=\u00a0\u00bb4_4&Prime; _builder_version=\u00a0\u00bb4.16&Prime; _module_preset=\u00a0\u00bbdefault\u00a0\u00bb global_colors_info=\u00a0\u00bb{}\u00a0\u00bb][et_pb_text _builder_version=\u00a0\u00bb4.16&Prime; _module_preset=\u00a0\u00bbdefault\u00a0\u00bb header_font=\u00a0\u00bb|||on|||||\u00a0\u00bb header_text_color=\u00a0\u00bb#FFFFFF\u00a0\u00bb header_font_size=\u00a0\u00bb48px\u00a0\u00bb header_letter_spacing=\u00a0\u00bb0.1em\u00a0\u00bb header_line_height=\u00a0\u00bb1.2em\u00a0\u00bb header_2_font=\u00a0\u00bb|700||on|||||\u00a0\u00bb header_2_text_color=\u00a0\u00bb#FFFFFF\u00a0\u00bb header_2_font_size=\u00a0\u00bb16px\u00a0\u00bb header_2_letter_spacing=\u00a0\u00bb6px\u00a0\u00bb header_2_line_height=\u00a0\u00bb1.2em\u00a0\u00bb width=\u00a0\u00bb100%\u00a0\u00bb custom_margin=\u00a0\u00bb||0px||false|false\u00a0\u00bb header_font_size_tablet=\u00a0\u00bb60px\u00a0\u00bb header_font_size_phone=\u00a0\u00bb40px\u00a0\u00bb header_font_size_last_edited=\u00a0\u00bbon|phone\u00a0\u00bb header_2_font_size_tablet=\u00a0\u00bb14px\u00a0\u00bb header_2_font_size_phone=\u00a0\u00bb12px\u00a0\u00bb header_2_font_size_last_edited=\u00a0\u00bbon|phone\u00a0\u00bb global_colors_info=\u00a0\u00bb{}\u00a0\u00bb]<\/p>\n<h2>Ch\u00e2teau Saint-pierre de m\u00e9jans<\/h2>\n<h1>MEntions legales<\/h1>\n<p>[\/et_pb_text][\/et_pb_column][\/et_pb_row][\/et_pb_section][et_pb_section fb_built=\u00a0\u00bb1&Prime; admin_label=\u00a0\u00bbHeader\u00a0\u00bb _builder_version=\u00a0\u00bb4.16&Prime; _module_preset=\u00a0\u00bbdefault\u00a0\u00bb background_color=\u00a0\u00bbRGBA(0,0,0,0)\u00a0\u00bb custom_margin=\u00a0\u00bb34px||34px||true|\u00a0\u00bb custom_padding=\u00a0\u00bb0px||0px|||\u00a0\u00bb da_disable_devices=\u00a0\u00bboff|off|off\u00a0\u00bb global_colors_info=\u00a0\u00bb{}\u00a0\u00bb da_is_popup=\u00a0\u00bboff\u00a0\u00bb da_exit_intent=\u00a0\u00bboff\u00a0\u00bb da_has_close=\u00a0\u00bbon\u00a0\u00bb da_alt_close=\u00a0\u00bboff\u00a0\u00bb da_dark_close=\u00a0\u00bboff\u00a0\u00bb da_not_modal=\u00a0\u00bbon\u00a0\u00bb da_is_singular=\u00a0\u00bboff\u00a0\u00bb da_with_loader=\u00a0\u00bboff\u00a0\u00bb da_has_shadow=\u00a0\u00bbon\u00a0\u00bb][et_pb_row _builder_version=\u00a0\u00bb4.16&Prime; _module_preset=\u00a0\u00bbdefault\u00a0\u00bb global_colors_info=\u00a0\u00bb{}\u00a0\u00bb][et_pb_column type=\u00a0\u00bb4_4&Prime; _builder_version=\u00a0\u00bb4.16&Prime; _module_preset=\u00a0\u00bbdefault\u00a0\u00bb global_colors_info=\u00a0\u00bb{}\u00a0\u00bb][et_pb_text _builder_version=\u00a0\u00bb4.27.4&Prime; _module_preset=\u00a0\u00bbdefault\u00a0\u00bb text_font_size=\u00a0\u00bb16px\u00a0\u00bb text_line_height=\u00a0\u00bb2em\u00a0\u00bb hover_enabled=\u00a0\u00bb0&Prime; text_font_size_tablet=\u00a0\u00bb14px\u00a0\u00bb text_font_size_phone=\u00a0\u00bb\u00a0\u00bb text_font_size_last_edited=\u00a0\u00bbon|phone\u00a0\u00bb global_colors_info=\u00a0\u00bb{}\u00a0\u00bb sticky_enabled=\u00a0\u00bb0&Prime;]Raison sociale de la soci\u00e9t\u00e9 exploitante : SAS SAINT PIERRE EVENTS<br \/>\nNum\u00e9ro individuel d\u2019identification de TVA :FR54897476024<br \/>\nNum\u00e9ro de Siret :89747602400012<\/p>\n<p>INFORMATIQUE ET LIBERT\u00c9<br \/>\nTout utilisateur ayant d\u00e9pos\u00e9 des informations directement ou indirectement nominatives dispose d\u2019un droit d\u2019acc\u00e8s et de rectification conform\u00e9ment \u00e0 la loi n\u00b0 7817 du 6\/01\/78 (Informatique et Libert\u00e9) aupr\u00e8s de l\u2019administrateur du site.<\/p>\n<p>Liens hypertextes<br \/>\nLes sites ext\u00e9rieurs \u00e0 SAS SAINT PIERRE EVENTS ayant un lien hypertexte avec le pr\u00e9sent site ne sont pas sous contr\u00f4le de SAS SAINT PIERRE EVENTS , qui d\u00e9cline par cons\u00e9quent toute responsabilit\u00e9 quant \u00e0 leur contenu. L\u2019utilisateur est seul responsable de leur utilisation.<\/p>\n<h2>RESPONSABILITE<\/h2>\n<p>En acc\u00e9dant \u00e0 ce site, vous \u00eates inform\u00e9 que l\u2019utilisation d\u2019Internet n\u00e9cessite le respect d\u2019un ensemble de l\u00e9gislations relatives notamment aux droits d\u2019auteur et \u00e0 la loi Informatique et Libert\u00e9s.SAS SAINT PIERRE EVENTS ne peut encourir de responsabilit\u00e9 du fait d\u2019erreurs ou d\u2019omissions, l\u2019\u00e9diteur se r\u00e9servant \u00e9galement le droit de modifier et d\u2019actualiser \u00e0 tout moment les donn\u00e9es du site.<\/p>\n<h2>COPYRIGHT<\/h2>\n<p>En application du Code Fran\u00e7ais de la Propri\u00e9t\u00e9 Intellectuelle, la reproduction pour un usage autre que priv\u00e9, la vente, la diffusion, la publication, l\u2019adaptation ou la communication, partielles ou int\u00e9grales, des donn\u00e9es (pr\u00e9sentation, agencement du site, photos, textes et illustrations prot\u00e9g\u00e9s par le droit d\u2019auteur) sont strictement soumises \u00e0 l\u2019autorisation \u00e9crite et pr\u00e9alable des d\u00e9tenteurs des droits, ci-dessus cit\u00e9s.<\/p>\n<h2>INFORMATIQUE ET LIBERT\u00c9S<\/h2>\n<p>Tout utilisateur ayant d\u00e9pos\u00e9 des informations directement ou indirectement nominatives dispose d\u2019un droit d\u2019acc\u00e8s et de rectification conform\u00e9ment \u00e0 la loi n\u00b0 7817 du 6\/01\/78 (Informatique et Libert\u00e9s) aupr\u00e8s de l\u2019administrateur du site.<\/p>\n<h2>PROTECTION DES DONNEES PERSONNELLES<\/h2>\n<h3>Identit\u00e9 du responsable du traitement<\/h3>\n<p>Le Site\u00a0est \u00e9dit\u00e9 par la soci\u00e9t\u00e9 exploitante dont les coordonn\u00e9es sont ci-dessus.<br \/>\nL\u2019acc\u00e8s au site internet ainsi que l\u2019utilisation de son contenu s\u2019effectuent dans le cadre des mentions d\u2019utilisation d\u00e9crites ci-apr\u00e8s.<\/p>\n<h3>Nature des donn\u00e9es personnelles<\/h3>\n<p>Il est entendu par \u00ab\u00a0donn\u00e9e personnelle\u00a0\u00bb toute information personnelle que vous \u00eates susceptible de partager \u00e0 la soci\u00e9t\u00e9 exploitante et qui peut permettre \u00e0 cette derni\u00e8re, directement ou indirectement, de vous identifier en tant que personne physique, par exemple lors d\u2019une visite de site internet, d\u2019une demande d\u2019information, d\u2019une r\u00e9servation de chambre et autres prestations.<\/p>\n<h3>Les donn\u00e9es personnelles collect\u00e9es<\/h3>\n<p>Il peut vous \u00eatre demand\u00e9 de communiquer vos donn\u00e9es personnelles lorsque vous naviguez sur le site web de la soci\u00e9t\u00e9 exploitante.<\/p>\n<p>Le caract\u00e8re obligatoire ou facultatif des informations demand\u00e9es vous est signal\u00e9 lors de la collecte par un ast\u00e9risque \u00ab\u00a0*\u00a0\u00bb. Les informations demand\u00e9es signal\u00e9es par un ast\u00e9risque sont obligatoires car indispensables au traitement de vos diff\u00e9rentes demandes. Les autres informations sont destin\u00e9es \u00e0 mieux vous conna\u00eetre, \u00e0 am\u00e9liorer les services qui vous sont propos\u00e9s. Elles sont, par cons\u00e9quent, facultatives.<\/p>\n<p>La soci\u00e9t\u00e9 exploitante collecte et traite notamment vos nom, pr\u00e9nom, adresse email, adresse de facturation, num\u00e9ro de t\u00e9l\u00e9phone, adresse IP, donn\u00e9es de connexions et donn\u00e9es de navigation, vos pr\u00e9f\u00e9rences et centres d\u2019int\u00e9r\u00eats (chambre non-fumeur, chambre pr\u00e9f\u00e9r\u00e9e, type de s\u00e9jour\u2026), vos avis en ligne.<\/p>\n<h3>Quand vos donn\u00e9es personnelles sont-elles collect\u00e9es\u00a0?<\/h3>\n<ul>\n<li>Vous naviguez sur le site internet (adresse IP et Cookies) et consultez des produits ou services\u00a0;<\/li>\n<li>Vous faites part \u00e0 la soci\u00e9t\u00e9 exploitante de vos observations\/commentaires dans certaines rubriques, via questionnaires ou formulaires de contact, page officielle des r\u00e9seaux sociaux de la soci\u00e9t\u00e9 exploitante\u00a0;<\/li>\n<li>Vous envoyez \u00e0 la soci\u00e9t\u00e9 exploitante un message \u00e9lectronique\u00a0;<\/li>\n<li>Vous vous inscrivez \u00e0 la liste de diffusion de la newsletter\u00a0;<\/li>\n<li>Vous partagez une page ou une offre par envoi d\u2019un email ou par l\u2019interm\u00e9diaire d\u2019un r\u00e9seau social\u00a0;<\/li>\n<li>Vous r\u00e9pondez \u00e0 un questionnaire de satisfaction\u00a0;<\/li>\n<li>Vous effectuez une demande de devis.<\/li>\n<\/ul>\n<h3>Le stockage des donn\u00e9es<\/h3>\n<p>Les informations r\u00e9colt\u00e9es sont stock\u00e9es dans nos diff\u00e9rents syst\u00e8mes de r\u00e9servation sur des bases de donn\u00e9es s\u00e9curis\u00e9es et certifi\u00e9es SSL.<\/p>\n<p>Cette base de donn\u00e9es comprend\u00a0: le nom des clients, leur adresse, leurs num\u00e9ros de t\u00e9l\u00e9phone, leur poste, le nom de leur entreprise et les donn\u00e9es de leur carte de cr\u00e9dit. Nous pouvons \u00e9galement enregistrer d\u2019autres informations telles que vos pr\u00e9f\u00e9rences concernant la chambre, les repas, les boissons et d\u2019autres services ainsi que votre historique de s\u00e9jour au sein de notre \u00e9tablissement.<\/p>\n<h3>Finalit\u00e9 de la collecte de donn\u00e9es par la soci\u00e9t\u00e9 exploitante<\/h3>\n<p>Au travers du site internet, la soci\u00e9t\u00e9 exploitante collecte les donn\u00e9es vous concernant qui sont strictement n\u00e9cessaires aux finalit\u00e9s suivantes\u00a0:<\/p>\n<ol>\n<li>Afin de g\u00e9rer vos demandes d\u2019informations et de r\u00e9servations, ainsi que tout programme de fid\u00e9lit\u00e9\u00a0;<\/li>\n<li>Pour am\u00e9liorer et personnaliser les services de la soci\u00e9t\u00e9 exploitante afin de faciliter votre navigation sur le site web\u00a0;<\/li>\n<li>Pour g\u00e9rer et suivre l\u2019ensemble de la relation client\u00a0;<\/li>\n<li>G\u00e9rer l\u2019inscription aux actualit\u00e9s et offres promotionnelles de la soci\u00e9t\u00e9 exploitante (newsletter)\u00a0;<\/li>\n<li>Pour g\u00e9rer toutes vos demandes d\u2019acc\u00e8s selon la l\u00e9gislation en vigueur\u00a0;<\/li>\n<li>G\u00e9rer des impay\u00e9s et du contentieux\u00a0;<\/li>\n<li>G\u00e9rer des demandes de candidatures dans le cadre des offres d\u2019emploi de la soci\u00e9t\u00e9 exploitante qui ont retenu votre attention, ou toute demande de candidature spontan\u00e9e\u00a0;<\/li>\n<li>La mesure de la qualit\u00e9 et de la satisfaction.<\/li>\n<\/ol>\n<p>En l\u2019absence de r\u00e9ponse aux informations obligatoires, votre demande ne pourra \u00eatre prise en compte.<\/p>\n<h2>Engagements de la soci\u00e9t\u00e9 exploitante en mati\u00e8re de protection des donn\u00e9es personnelles<\/h2>\n<h3>Transparence\u00a0et finalit\u00e9 :<\/h3>\n<p>Aucune donn\u00e9e personnelle n\u2019est ou ne sera collect\u00e9e \u00e0 votre insu. La nature facultative ou obligatoire des mentions \u00e0 communiquer \u00e0 la soci\u00e9t\u00e9 exploitante dans le cadre de la collecte effectu\u00e9e sur le site internet vous sera pr\u00e9alablement indiqu\u00e9e, via la pr\u00e9sence du symbole \u00ab\u00a0*\u00a0\u00bb ast\u00e9risque. La soci\u00e9t\u00e9 exploitante collecte et traite vos donn\u00e9es personnelles uniquement aux fins d\u00e9crites dans les pr\u00e9sentes Mentions L\u00e9gales.<\/p>\n<h3>Proportionnalit\u00e9\u00a0et pertinence :<\/h3>\n<p>La soci\u00e9t\u00e9 exploitante ne collecte et ne traite que les donn\u00e9es personnelles n\u00e9cessaires au bon traitement de votre demande ou \u00e0 la personnalisation des services qui vous sont propos\u00e9s.<\/p>\n<h3>Temps de stockage des donn\u00e9es\u00a0:<\/h3>\n<p>La soci\u00e9t\u00e9 exploitante ne conserve vos donn\u00e9es personnelles que pendant la p\u00e9riode n\u00e9cessaire \u00e0 leur traitement conform\u00e9ment \u00e0 ce qui est pr\u00e9vu par la loi applicable.<\/p>\n<h3>S\u00e9curit\u00e9 et confidentialit\u00e9\u00a0:<\/h3>\n<p>La soci\u00e9t\u00e9 exploitante s\u2019engage \u00e0 prendre les mesures n\u00e9cessaires pour garantir la confidentialit\u00e9 des donn\u00e9es et de ne pas divulguer \u00e0 des tiers non autoris\u00e9s.<\/p>\n<p>Nous pouvons \u00eatre amen\u00e9s \u00e0 transmettre vos informations personnelles aux autorit\u00e9s locales, si cela est exig\u00e9 par la loi ou dans le cadre d\u2019une enqu\u00eate et conform\u00e9ment \u00e0 la r\u00e9glementation locale.<\/p>\n<p>Comme la plupart des sites internet, certaines informations sont automatiquement enregistr\u00e9es via un protocole. Ces informations incluent les adresses de protocole (adresse IP), type de navigateur utilis\u00e9, le fournisseur de service internet, les pages de r\u00e9f\u00e9rence et pages finales, le syst\u00e8me d\u2019exploitation, la date, le temps et les donn\u00e9es Clickstream.<\/p>\n<p>Les cookies n\u2019enregistrent pas les informations fournies par les utilisateurs au cours d\u2019une r\u00e9servation en ligne ou lors de l\u2019enregistrement d\u2019un compte client. Les cookies identifient votre navigateur plut\u00f4t que vous-m\u00eame et ne peuvent suffire par eux-m\u00eames \u00e0 r\u00e9v\u00e9ler votre identit\u00e9.<\/p>\n<h3>Respect de vos droits\u00a0:<\/h3>\n<p>Vous \u00eates inform\u00e9 de vos droits d\u2019interrogation, d\u2019acc\u00e8s, de rectification et d\u2019opposition pour motifs l\u00e9gitimes ainsi que de votre droit d\u2019opposition \u00e0 la prospection commerciale conform\u00e9ment aux dispositions de la loi n\u00b078-17 du 6 janvier 1978.<\/p>\n<h3>Droits d\u2019acc\u00e8s, rectification et opposition\u00a0:<\/h3>\n<p>Conform\u00e9ment \u00e0 la loi n\u00b0 78-17 du 6 janvier 1978, relative \u00e0 l\u2019Informatique, aux Fichiers et aux Libert\u00e9s, vous b\u00e9n\u00e9ficiez, sur simple demande \u00e9crite, d\u2019un droit d\u2019acc\u00e8s et de rectification sur les informations vous concernant.<br \/>\nVous pouvez \u00e9galement, pour des motifs l\u00e9gitimes, vous opposer au traitement des donn\u00e9es vous concernant.<\/p>\n<p>Pour exercer l\u2019un de ces droits et obtenir communication des informations vous concernant, il suffit de vous adresser \u00e0\u00a0la soci\u00e9t\u00e9 exploitante dont les coordonn\u00e9es sont accessibles en d\u00e9but de ces Mentions L\u00e9gales.<\/p>\n<h2>COOKIES<\/h2>\n<p>Lors de la consultation du site internet, certaines informations relatives \u00e0 la navigation de votre terminal sont susceptibles d\u2019\u00eatre enregistr\u00e9es dans des fichiers appel\u00e9s \u00ab\u00a0Cookies\u00a0\u00bb install\u00e9s sur votre terminal, sous r\u00e9serve des choix que vous auriez exprim\u00e9s concernant les cookies et que vous pouvez modifier \u00e0 tout moment.<\/p>\n<p>Un cookie est un petit fichier texte enregistr\u00e9 dans un espace d\u00e9di\u00e9 du disque dur de votre terminal, \u00e0 l\u2019occasion de la consultation d\u2019un service en ligne gr\u00e2ce \u00e0 votre logiciel de navigation. Il permet \u00e0 son \u00e9metteur d\u2019identifier le terminal dans lequel il est enregistr\u00e9, pendant la dur\u00e9e de validit\u00e9 ou d\u2019enregistrement du cookie.<\/p>\n<p>Les cookies que la soci\u00e9t\u00e9 exploitante \u00e9met sont utilis\u00e9s aux fins d\u00e9crites ci-apr\u00e8s, pendant la dur\u00e9e de validit\u00e9 du cookie concern\u00e9, sous r\u00e9serve de vos choix qui r\u00e9sultent des param\u00e8tres de votre logiciel de navigation utilis\u00e9 lors de votre visite du site internet et dont vous pouvez modifier le param\u00e9trage \u00e0 tout moment.<\/p>\n<p>Des cookies de soci\u00e9t\u00e9s partenaires (cookies tiers) sont susceptibles d\u2019\u00eatre plac\u00e9s dans votre ordinateur via les pages du site internet<\/p>\n<p>Seul l\u2019\u00e9metteur d\u2019un cookie est susceptible de lire ou de modifier des informations qui y sont contenues.<\/p>\n<p>Diff\u00e9rents types de cookies sont utilis\u00e9s sur le site internet, ils ont des finalit\u00e9s diff\u00e9rentes. Certains sont n\u00e9cessaires \u00e0 votre utilisation du site internet.<\/p>\n<h3>Les cookies analytiques<\/h3>\n<p>Il s\u2019agit des cookies qui permettent \u00e0 la soci\u00e9t\u00e9 exploitante\u00a0:<\/p>\n<ul>\n<li>de g\u00e9n\u00e9rer des statistiques et des diff\u00e9rents \u00e9l\u00e9ments composant le site web (rubriques et contenus visit\u00e9s, parcours) afin d\u2019am\u00e9liorer l\u2019exp\u00e9rience de navigation propos\u00e9e\u00a0;<\/li>\n<li>de comptabiliser le nombre total de publicit\u00e9s affich\u00e9es par ses soins sur ses espaces publicitaires, d\u2019identifier ces publicit\u00e9s, leur nombre d\u2019affichages, le nombre de clics et informations de navigation.<\/li>\n<\/ul>\n<p><u>Exemple de cookies analytiques<\/u><\/p>\n<ul>\n<li>_ga\u00a0\u00a0\u00a0\u00a0 Analytics : enregistrement des donn\u00e9es de navigation<\/li>\n<li>__utm Analytics : enregistrement des donn\u00e9es de navigation<\/li>\n<li>_gac\u00a0\u00a0 Campaign : enregistrement des donn\u00e9es de navigation des campagnes publicitaires<\/li>\n<\/ul>\n<h3>Les cookies et plug-in de r\u00e9seaux sociaux (boutons sociaux)<\/h3>\n<p>La soci\u00e9t\u00e9 exploitante est susceptible d\u2019inclure sur le site web des outils de partage de contenus avec d\u2019autres personnes ou de faire conna\u00eetre \u00e0 ces autres personnes votre consultation ou votre opinion concernant un contenu de notre site. Tel est notamment le cas de boutons \u00ab Partager \u00bb, \u00ab J\u2019aime \u00bb issus de r\u00e9seaux sociaux tels que Facebook, Twitter, etc.<\/p>\n<p>La soci\u00e9t\u00e9 exploitante n\u2019a aucun contr\u00f4le sur le processus employ\u00e9 par les r\u00e9seaux sociaux dans la collecte d\u2019informations.<\/p>\n<ul>\n<li>Facebook Connect\u00a0: connexion en utilisant son compte Facebook<\/li>\n<li>Facebook Social Graph\u00a0: partage de la page sur Facebook<\/li>\n<li>Pinterest\u00a0: partage de la page sur Pinterest<\/li>\n<li>Linkedin\u00a0: partage de la page sur Linkedin<\/li>\n<li>Instagram\u00a0: partage de la page sur Instagram<\/li>\n<\/ul>\n<h3>Les cookies et identifiants machine aux fins de s\u00e9curisation des transactions<\/h3>\n<p>Nous vous informons que lors de votre commande, la soci\u00e9t\u00e9 exploitante, ou ses prestataires agissant pour son compte, peut d\u00e9poser des cookies ou collecter des informations relatives \u00e0 votre terminal notamment les informations (attributs techniques de s\u00e9curit\u00e9) n\u00e9cessaires \u00e0 la reconnaissance des \u00e9quipements (ordinateur, tablette ou t\u00e9l\u00e9phone portable) afin de permettre l\u2019identification de votre \u00e9quipement aux fins de s\u00e9curisation des transactions\u00a0dans votre int\u00e9r\u00eat.<\/p>\n<h3>Les cookies publicitaires<\/h3>\n<p>Les contenus publicitaires (graphisme, animations, vid\u00e9os etc.) diffus\u00e9s dans les espaces publicitaires de la soci\u00e9t\u00e9 exploitante sont susceptibles de contenir des cookies \u00e9mis par des tiers qui peuvent permettre, pendant la dur\u00e9e de validit\u00e9 des cookies, de comptabiliser les clics, mais aussi de vous proposer les publicit\u00e9s les plus adapt\u00e9es suivant votre comportement de navigation, centres d\u2019int\u00e9r\u00eats et pr\u00e9f\u00e9rences.<\/p>\n<p>Le refus des cookies publicitaires n\u2019a pas d\u2019impact sur l\u2019utilisation du site et n\u2019entra\u00eenera pas l\u2019arr\u00eat de la publicit\u00e9 sur le site ou sur internet. Cela aura seulement pour effet d\u2019afficher une publicit\u00e9 qui ne tiendra pas compte de vos centres d\u2019int\u00e9r\u00eat ou de vos pr\u00e9f\u00e9rences.<\/p>\n<p>Ces cookies d\u00e9pendent principalement des r\u00e9gies publicitaires. Nous ne pouvons pas les lister de mani\u00e8re exhaustive\u00a0:<\/p>\n<ul>\n<li>AdWords\u00a0: achat de mots-cl\u00e9s sponsoris\u00e9s affich\u00e9s sur Google<\/li>\n<li>Facebook Custom Audience<\/li>\n<li>publicit\u00e9 cibl\u00e9e : enregistrement du parcours de navigation<\/li>\n<\/ul>\n<h3>Ciblage publicitaire<\/h3>\n<p>Le site est susceptible de contenir des cookies \u00e9mis par des tiers (agences et outils publicitaires) et de permettre \u00e0 ces derniers, pendant la dur\u00e9e de validit\u00e9 de ce cookie\u00a0de r\u00e9colter des donn\u00e9es de navigation relatives aux appareils se connectant sur nos sites, mais aussi de vous proposer des contenus publicitaires susceptibles de correspondre \u00e0 votre pr\u00e9c\u00e9dente navigation sur le site.<\/p>\n<p>En aucun cas cette collecte de ces donn\u00e9es permet \u00e0 ces prestataires de vous identifier personnellement. Vos nom, pr\u00e9nom, nom d\u2019utilisateur, adresse postale, adresse \u00e9lectronique et mot de passe ne sont en aucun cas communiqu\u00e9s \u00e0 des tiers sans votre consentement pr\u00e9alable et explicite.<\/p>\n<h3>Vos choix concernant les cookies<\/h3>\n<p>Plusieurs possibilit\u00e9s vous sont offertes pour g\u00e9rer les cookies. Tout param\u00e9trage que vous pouvez entreprendre sera susceptible de modifier votre navigation sur internet et vos conditions d\u2019acc\u00e8s \u00e0 certains services n\u00e9cessitant l\u2019utilisation de cookies.<\/p>\n<h3>Les choix qui vous sont offerts par votre logiciel de navigation<\/h3>\n<p>Vous pouvez personnaliser votre navigateur internet (Google Chrome, Internet Explorer, Mozilla Firefox etc\u2026) de mani\u00e8re \u00e0 ce que des cookies soient enregistr\u00e9s dans votre terminal ou au contraire qu\u2019ils soient refus\u00e9s.<\/p>\n<h3>Le refus des cookies<\/h3>\n<p>Si vous refusez l\u2019enregistrement de cookies, certaines fonctionnalit\u00e9s, comme l\u2019identification \/ connexion \u00e0 votre espace personnel, la personnalisation de votre navigation (choix de la langue favorite par exemple) ne seront plus disponibles.<\/p>\n<p>La soci\u00e9t\u00e9 exploitante d\u00e9cline toute responsabilit\u00e9 pour les cons\u00e9quences li\u00e9es au fonctionnement d\u00e9grad\u00e9 de ses services et fonctionnalit\u00e9s dues au refus du cookie.<\/p>\n<h3>Comment exercer vos choix, selon le navigateur que vous utilisez\u00a0?<\/h3>\n<p>Pour la gestion des cookies et de vos choix, la configuration de chaque navigateur est diff\u00e9rente. Elle est d\u00e9crite dans le menu d\u2019aide de votre navigateur qui vous permettra de savoir de quelle mani\u00e8re modifier vos souhaits en mati\u00e8re de cookies.<\/p>\n<p><u>Pour Internet Explorer\u2122 :<\/u><\/p>\n<p><em>https:\/\/support.microsoft.com\/fr-fr\/help\/17442\/windows-internet-explorer-delete-manage-cookies<\/em><br \/>\nou<\/p>\n<p>Dans Internet Explorer, cliquez sur le bouton Outils, puis sur Options Internet. Sous l\u2019onglet G\u00e9n\u00e9ral, sous Historique de navigation, cliquez sur Param\u00e8tres. Cliquez sur le bouton Afficher les fichiers. Cliquez sur l\u2019en-t\u00eate de colonne Nom pour trier tous les fichiers dans l\u2019ordre alphab\u00e9tique, puis parcourez la liste jusqu\u2019\u00e0 ce que vous voyiez des fichiers commen\u00e7ant par le pr\u00e9fixe \u00ab\u00a0Cookie\u00a0\u00bb (tous les cookies poss\u00e8dent ce pr\u00e9fixe et contiennent habituellement le nom du site web qui a cr\u00e9\u00e9 le cookie). S\u00e9lectionnez le ou les cookies comprenant le nom de la soci\u00e9t\u00e9 exploitante et supprimez-les. Fermez la fen\u00eatre qui contient la liste des fichiers, puis cliquez deux fois sur OK pour retourner dans Internet Explorer.<\/p>\n<p><u>Pour Safari\u2122 :<\/u><\/p>\n<p><em>https:\/\/support.apple.com\/?path=Safari\/3.0\/fr\/9277.html<\/em><br \/>\nOu<br \/>\nDans votre navigateur, choisissez le menu \u00c9dition &gt; Pr\u00e9f\u00e9rences. Cliquez sur S\u00e9curit\u00e9. Cliquez sur Afficher les cookies. S\u00e9lectionnez les cookies qui contiennent le nom de la soci\u00e9t\u00e9 exploitante et cliquez sur Effacer ou sur Tout effacer. Apr\u00e8s avoir supprim\u00e9 les cookies, cliquez sur Termin\u00e9.<\/p>\n<p><u>Pour Chrome\u2122 :<\/u><\/p>\n<p><em>https:\/\/support.google.com\/chrome\/answer\/95647?hl=fr&amp;hlrm=en<\/em><br \/>\nOu<br \/>\nOuvrez Google\u00a0Chrome. Dans la barre d\u2019outils du navigateur, cliquez sur Plus. Placez votre curseur sur Plus d\u2019outils, puis cliquez sur Effacer les donn\u00e9es de navigation. Dans la fen\u00eatre \u201cEffacer les donn\u00e9es de navigation\u201d, cochez les cases Cookies et donn\u00e9es d\u2019autres sites ou plug-in et Images et fichiers en cache. Utilisez le menu en haut pour s\u00e9lectionner la quantit\u00e9 de donn\u00e9es que vous souhaitez supprimer. S\u00e9lectionnez Depuis le d\u00e9but pour tout supprimer. Cliquez sur Effacer les donn\u00e9es de navigation.<\/p>\n<p><u>Pour Firefox\u2122 :<\/u><\/p>\n<p><em>https:\/\/support.mozilla.org\/fr\/kb\/activer-desactiver-cookies-preferences<\/em><br \/>\nOu<br \/>\nAllez dans l\u2019onglet \u00ab\u00a0Outils\u00a0\u00bb du navigateur puis s\u00e9lectionnez le menu \u00ab\u00a0Options\u00a0\u00bb. Dans la fen\u00eatre qui s\u2019affiche, choisissez \u00ab\u00a0Vie priv\u00e9e\u00a0\u00bb et cliquez sur\u00a0\u00ab\u00a0supprimer des cookies sp\u00e9cifiques\u00a0\u00bb. Rep\u00e9rez les fichiers qui contiennent le nom de la soci\u00e9t\u00e9 exploitante. S\u00e9lectionnez les et supprimez les.<\/p>\n<h3>Pour plus d\u2019information sur les cookies<\/h3>\n<p>La soci\u00e9t\u00e9 exploitante vous invite \u00e0 consulter le site de la CNIL \u00e0 l\u2019adresse suivante\u00a0:\u00a0<em>https:\/\/www.cnil.fr\/fr\/cookies-les-outils-pour-les-maitriser<\/em><\/p>\n<h3>Saisie du M\u00e9diateur de la consommation<\/h3>\n<p>Conform\u00e9ment aux Articles L. 616-1 et R. 111-1 6\u00b0 du Code de la consommation, le client est en droit de saisir gratuitement le M\u00e9diateur du Tourisme et du Voyage, dont les coordonn\u00e9es sont actuellement les suivantes :<br \/>\nM\u00e9diateur Tourisme Voyage,<br \/>\nMTV M\u00e9diation Tourisme Voyage<br \/>\nBP 80 303<br \/>\n75823 Paris Cedex 17<\/p>\n<p>Conception du site<\/p>\n<p>Hotel Web Design<br \/>\n<a href=\"https:\/\/hotel-webdesign.com\/creation-site-vignoble\">Cr\u00e9ation de site pour vignoble\u00a0<\/a><br \/>\n128, rue de la bo\u00e9tie<br \/>\n75008 PARIS<\/p>\n<p>Hebergeur:<br \/>\nOVH \u2013 2 rue Kellermann BP 80157<br \/>\n59100 Roubaix<br \/>\nTelephone: 1007<\/p>\n<p>2021<span>\u00a0<\/span><a href=\"https:\/\/hotel-webdesign.com\/\">Cr\u00e9ation de site h\u00f4tel restaurant<\/a><span>\u00a0<\/span>|<span>\u00a0<\/span><a href=\"https:\/\/hotel-webdesign.com\/\">Hotel Web-Design<\/a><span>\u00a0<\/span>|<span>\u00a0<\/span><a href=\"https:\/\/www.france-webdesign.com\/\">France Web-Design<\/a><span>\u00a0<\/span>|<span>\u00a0<\/span><a href=\"https:\/\/w-maintenance.pro\/\">Maintenance WordPress<\/a><span>\u00a0<\/span>|<span>\u00a0<\/span><a href=\"https:\/\/www.referencement-annuaire.fr\/\">R\u00e9f\u00e9rencement entreprise<\/a> |\u00a0 <a href=\"https:\/\/hotel-webdesign.com\/creation-site-vignoble\">Cr\u00e9ation site vignoble<\/a>[\/et_pb_text][\/et_pb_column][\/et_pb_row][\/et_pb_section][et_pb_section fb_built=\u00a0\u00bb1&Prime; custom_padding_last_edited=\u00a0\u00bbon|phone\u00a0\u00bb admin_label=\u00a0\u00bbFooter\u00a0\u00bb module_id=\u00a0\u00bbfooterelements\u00a0\u00bb _builder_version=\u00a0\u00bb4.16&Prime; _module_preset=\u00a0\u00bbdefault\u00a0\u00bb use_background_color_gradient=\u00a0\u00bbon\u00a0\u00bb background_color_gradient_direction=\u00a0\u00bb100deg\u00a0\u00bb background_color_gradient_stops=\u00a0\u00bbrgba(17,8,7,0.8) 0%|rgba(17,8,7,0.85) 100%\u00a0\u00bb background_color_gradient_overlays_image=\u00a0\u00bbon\u00a0\u00bb background_color_gradient_start=\u00a0\u00bbrgba(17,8,7,0.8)\u00a0\u00bb background_color_gradient_end=\u00a0\u00bbrgba(17,8,7,0.85)\u00a0\u00bb background_image=\u00a0\u00bbhttps:\/\/saintpierredemejans.com\/wp-content\/uploads\/2021\/05\/vue-chateau-st-pierre-mejans.jpg\u00a0\u00bb custom_margin=\u00a0\u00bb1px|||||\u00a0\u00bb custom_padding=\u00a0\u00bb0px||0px||true|false\u00a0\u00bb custom_padding_tablet=\u00a0\u00bb60px||60px||true|false\u00a0\u00bb custom_padding_phone=\u00a0\u00bb\u00a0\u00bb background_color_gradient_stops_tablet=\u00a0\u00bbrgba(17,8,7,0.8) 0%|rgba(17,8,7,0.85) 100%\u00a0\u00bb background_color_gradient_stops_phone=\u00a0\u00bbrgba(17,8,7,0.8) 0%|rgba(17,8,7,0.85) 100%\u00a0\u00bb da_popup_slug=\u00a0\u00bbfooterelements\u00a0\u00bb da_disable_devices=\u00a0\u00bboff|off|off\u00a0\u00bb global_module=\u00a0\u00bb302&Prime; locked=\u00a0\u00bboff\u00a0\u00bb global_colors_info=\u00a0\u00bb{}\u00a0\u00bb da_is_popup=\u00a0\u00bboff\u00a0\u00bb da_exit_intent=\u00a0\u00bboff\u00a0\u00bb da_has_close=\u00a0\u00bbon\u00a0\u00bb da_alt_close=\u00a0\u00bboff\u00a0\u00bb da_dark_close=\u00a0\u00bboff\u00a0\u00bb da_not_modal=\u00a0\u00bbon\u00a0\u00bb da_is_singular=\u00a0\u00bboff\u00a0\u00bb da_with_loader=\u00a0\u00bboff\u00a0\u00bb da_has_shadow=\u00a0\u00bbon\u00a0\u00bb][et_pb_row column_structure=\u00a0\u00bb1_3,1_3,1_3&Prime; use_custom_gutter=\u00a0\u00bbon\u00a0\u00bb gutter_width=\u00a0\u00bb2&Prime; _builder_version=\u00a0\u00bb4.16&Prime; _module_preset=\u00a0\u00bbdefault\u00a0\u00bb max_width=\u00a0\u00bb2438px\u00a0\u00bb custom_margin_tablet=\u00a0\u00bb\u00a0\u00bb custom_margin_phone=\u00a0\u00bb\u00a0\u00bb custom_margin_last_edited=\u00a0\u00bbon|desktop\u00a0\u00bb custom_padding=\u00a0\u00bb27px||0px|||\u00a0\u00bb global_colors_info=\u00a0\u00bb{}\u00a0\u00bb][et_pb_column type=\u00a0\u00bb1_3&Prime; _builder_version=\u00a0\u00bb4.16&Prime; _module_preset=\u00a0\u00bbdefault\u00a0\u00bb global_colors_info=\u00a0\u00bb{}\u00a0\u00bb][et_pb_text _builder_version=\u00a0\u00bb4.16&Prime; _module_preset=\u00a0\u00bbdefault\u00a0\u00bb header_2_font=\u00a0\u00bb||||||||\u00a0\u00bb header_2_font_size=\u00a0\u00bb39px\u00a0\u00bb header_2_letter_spacing=\u00a0\u00bb0.1em\u00a0\u00bb header_2_line_height=\u00a0\u00bb1.2em\u00a0\u00bb text_orientation=\u00a0\u00bbcenter\u00a0\u00bb background_layout=\u00a0\u00bbdark\u00a0\u00bb header_2_font_size_tablet=\u00a0\u00bb30px\u00a0\u00bb header_2_font_size_phone=\u00a0\u00bb20px\u00a0\u00bb header_2_font_size_last_edited=\u00a0\u00bbon|phone\u00a0\u00bb locked=\u00a0\u00bboff\u00a0\u00bb global_colors_info=\u00a0\u00bb{}\u00a0\u00bb]<\/p>\n<h2>Contactez\u2011nous<\/h2>\n<p>Pour tout renseignement, n&rsquo;h\u00e9sitez pas \u00e0 nous contacter.<\/p>\n<p>[\/et_pb_text][et_pb_contact_form captcha=\u00a0\u00bboff\u00a0\u00bb email=\u00a0\u00bbcontact@saintpierredemejans.com\u00a0\u00bb custom_message=\u00a0\u00bbMessage du formulaire de contact de https:\/\/saintpierredemejans.com\/||et_pb_line_break_holder||||et_pb_line_break_holder||Nom: %%Name%%||et_pb_line_break_holder||Email: %%Email%%||et_pb_line_break_holder||||et_pb_line_break_holder||Message: ||et_pb_line_break_holder||%%Message%%\u00a0\u00bb success_message=\u00a0\u00bbMessage envoy\u00e9, merci\u00a0\u00bb submit_button_text=\u00a0\u00bbEnvoyer\u00a0\u00bb _builder_version=\u00a0\u00bb4.27.4&Prime; _module_preset=\u00a0\u00bbdefault\u00a0\u00bb _unique_id=\u00a0\u00bb8d2a91db-c01c-42ee-b730-f6ce3a9c77ee\u00a0\u00bb custom_button=\u00a0\u00bbon\u00a0\u00bb button_on_hover=\u00a0\u00bboff\u00a0\u00bb button_custom_margin=\u00a0\u00bb|||2px|false|false\u00a0\u00bb button_custom_padding=\u00a0\u00bb1px||1px||true|false\u00a0\u00bb width=\u00a0\u00bb100%\u00a0\u00bb module_alignment=\u00a0\u00bbcenter\u00a0\u00bb custom_margin=\u00a0\u00bb||20px|||\u00a0\u00bb custom_padding=\u00a0\u00bb||2px|||\u00a0\u00bb global_colors_info=\u00a0\u00bb{}\u00a0\u00bb][et_pb_contact_field field_id=\u00a0\u00bbName\u00a0\u00bb field_title=\u00a0\u00bbNom\u00a0\u00bb _builder_version=\u00a0\u00bb4.16&Prime; form_field_background_color=\u00a0\u00bbrgba(255,255,255,0.64)\u00a0\u00bb form_field_text_color=\u00a0\u00bb#000000&Prime; form_field_focus_background_color=\u00a0\u00bbrgba(255,255,255,0.8)\u00a0\u00bb form_field_focus_text_color=\u00a0\u00bb#000000&Prime; background_enable_color=\u00a0\u00bboff\u00a0\u00bb global_colors_info=\u00a0\u00bb{}\u00a0\u00bb button_text_size__hover_enabled=\u00a0\u00bboff\u00a0\u00bb button_one_text_size__hover_enabled=\u00a0\u00bboff\u00a0\u00bb button_two_text_size__hover_enabled=\u00a0\u00bboff\u00a0\u00bb button_text_color__hover_enabled=\u00a0\u00bboff\u00a0\u00bb button_one_text_color__hover_enabled=\u00a0\u00bboff\u00a0\u00bb button_two_text_color__hover_enabled=\u00a0\u00bboff\u00a0\u00bb button_border_width__hover_enabled=\u00a0\u00bboff\u00a0\u00bb button_one_border_width__hover_enabled=\u00a0\u00bboff\u00a0\u00bb button_two_border_width__hover_enabled=\u00a0\u00bboff\u00a0\u00bb button_border_color__hover_enabled=\u00a0\u00bboff\u00a0\u00bb button_one_border_color__hover_enabled=\u00a0\u00bboff\u00a0\u00bb button_two_border_color__hover_enabled=\u00a0\u00bboff\u00a0\u00bb button_border_radius__hover_enabled=\u00a0\u00bboff\u00a0\u00bb button_one_border_radius__hover_enabled=\u00a0\u00bboff\u00a0\u00bb button_two_border_radius__hover_enabled=\u00a0\u00bboff\u00a0\u00bb button_letter_spacing__hover_enabled=\u00a0\u00bboff\u00a0\u00bb button_one_letter_spacing__hover_enabled=\u00a0\u00bboff\u00a0\u00bb button_two_letter_spacing__hover_enabled=\u00a0\u00bboff\u00a0\u00bb button_bg_color__hover_enabled=\u00a0\u00bboff\u00a0\u00bb button_one_bg_color__hover_enabled=\u00a0\u00bboff\u00a0\u00bb button_two_bg_color__hover_enabled=\u00a0\u00bboff\u00a0\u00bb][\/et_pb_contact_field][et_pb_contact_field field_id=\u00a0\u00bbEmail\u00a0\u00bb field_title=\u00a0\u00bbAdresse e-mail\u00a0\u00bb field_type=\u00a0\u00bbemail\u00a0\u00bb _builder_version=\u00a0\u00bb4.16&Prime; form_field_background_color=\u00a0\u00bbrgba(255,255,255,0.64)\u00a0\u00bb form_field_text_color=\u00a0\u00bb#000000&Prime; form_field_focus_background_color=\u00a0\u00bbrgba(255,255,255,0.8)\u00a0\u00bb form_field_focus_text_color=\u00a0\u00bb#000000&Prime; global_colors_info=\u00a0\u00bb{}\u00a0\u00bb button_text_size__hover_enabled=\u00a0\u00bboff\u00a0\u00bb button_one_text_size__hover_enabled=\u00a0\u00bboff\u00a0\u00bb button_two_text_size__hover_enabled=\u00a0\u00bboff\u00a0\u00bb button_text_color__hover_enabled=\u00a0\u00bboff\u00a0\u00bb button_one_text_color__hover_enabled=\u00a0\u00bboff\u00a0\u00bb button_two_text_color__hover_enabled=\u00a0\u00bboff\u00a0\u00bb button_border_width__hover_enabled=\u00a0\u00bboff\u00a0\u00bb button_one_border_width__hover_enabled=\u00a0\u00bboff\u00a0\u00bb button_two_border_width__hover_enabled=\u00a0\u00bboff\u00a0\u00bb button_border_color__hover_enabled=\u00a0\u00bboff\u00a0\u00bb button_one_border_color__hover_enabled=\u00a0\u00bboff\u00a0\u00bb button_two_border_color__hover_enabled=\u00a0\u00bboff\u00a0\u00bb button_border_radius__hover_enabled=\u00a0\u00bboff\u00a0\u00bb button_one_border_radius__hover_enabled=\u00a0\u00bboff\u00a0\u00bb button_two_border_radius__hover_enabled=\u00a0\u00bboff\u00a0\u00bb button_letter_spacing__hover_enabled=\u00a0\u00bboff\u00a0\u00bb button_one_letter_spacing__hover_enabled=\u00a0\u00bboff\u00a0\u00bb button_two_letter_spacing__hover_enabled=\u00a0\u00bboff\u00a0\u00bb button_bg_color__hover_enabled=\u00a0\u00bboff\u00a0\u00bb button_one_bg_color__hover_enabled=\u00a0\u00bboff\u00a0\u00bb button_two_bg_color__hover_enabled=\u00a0\u00bboff\u00a0\u00bb][\/et_pb_contact_field][et_pb_contact_field field_id=\u00a0\u00bbMessage\u00a0\u00bb field_title=\u00a0\u00bbMessage\u00a0\u00bb field_type=\u00a0\u00bbtext\u00a0\u00bb fullwidth_field=\u00a0\u00bbon\u00a0\u00bb _builder_version=\u00a0\u00bb4.16&Prime; form_field_background_color=\u00a0\u00bbrgba(255,255,255,0.64)\u00a0\u00bb form_field_text_color=\u00a0\u00bb#000000&Prime; form_field_focus_background_color=\u00a0\u00bbrgba(255,255,255,0.8)\u00a0\u00bb form_field_focus_text_color=\u00a0\u00bb#000000&Prime; max_height=\u00a0\u00bb63px\u00a0\u00bb custom_margin=\u00a0\u00bb0px||||false|false\u00a0\u00bb global_colors_info=\u00a0\u00bb{}\u00a0\u00bb button_text_size__hover_enabled=\u00a0\u00bboff\u00a0\u00bb button_one_text_size__hover_enabled=\u00a0\u00bboff\u00a0\u00bb button_two_text_size__hover_enabled=\u00a0\u00bboff\u00a0\u00bb button_text_color__hover_enabled=\u00a0\u00bboff\u00a0\u00bb button_one_text_color__hover_enabled=\u00a0\u00bboff\u00a0\u00bb button_two_text_color__hover_enabled=\u00a0\u00bboff\u00a0\u00bb button_border_width__hover_enabled=\u00a0\u00bboff\u00a0\u00bb button_one_border_width__hover_enabled=\u00a0\u00bboff\u00a0\u00bb button_two_border_width__hover_enabled=\u00a0\u00bboff\u00a0\u00bb button_border_color__hover_enabled=\u00a0\u00bboff\u00a0\u00bb button_one_border_color__hover_enabled=\u00a0\u00bboff\u00a0\u00bb button_two_border_color__hover_enabled=\u00a0\u00bboff\u00a0\u00bb button_border_radius__hover_enabled=\u00a0\u00bboff\u00a0\u00bb button_one_border_radius__hover_enabled=\u00a0\u00bboff\u00a0\u00bb button_two_border_radius__hover_enabled=\u00a0\u00bboff\u00a0\u00bb button_letter_spacing__hover_enabled=\u00a0\u00bboff\u00a0\u00bb button_one_letter_spacing__hover_enabled=\u00a0\u00bboff\u00a0\u00bb button_two_letter_spacing__hover_enabled=\u00a0\u00bboff\u00a0\u00bb button_bg_color__hover_enabled=\u00a0\u00bboff\u00a0\u00bb button_one_bg_color__hover_enabled=\u00a0\u00bboff\u00a0\u00bb button_two_bg_color__hover_enabled=\u00a0\u00bboff\u00a0\u00bb][\/et_pb_contact_field][\/et_pb_contact_form][\/et_pb_column][et_pb_column type=\u00a0\u00bb1_3&Prime; _builder_version=\u00a0\u00bb4.16&Prime; _module_preset=\u00a0\u00bbdefault\u00a0\u00bb custom_padding=\u00a0\u00bb|||26px|false|false\u00a0\u00bb global_colors_info=\u00a0\u00bb{}\u00a0\u00bb][et_pb_blurb title=\u00a0\u00bbHoraires\u00a0\u00bb use_icon=\u00a0\u00bbon\u00a0\u00bb font_icon=\u00a0\u00bb&#xe06b;||divi||400&Prime; icon_color=\u00a0\u00bb#dbc2b3&Prime; icon_placement=\u00a0\u00bbleft\u00a0\u00bb image_icon_width=\u00a0\u00bb30px\u00a0\u00bb _builder_version=\u00a0\u00bb4.27.0&Prime; _module_preset=\u00a0\u00bbdefault\u00a0\u00bb header_level=\u00a0\u00bbh3&Prime; header_font=\u00a0\u00bb|700||on|||||\u00a0\u00bb header_text_align=\u00a0\u00bbleft\u00a0\u00bb header_text_color=\u00a0\u00bb#ddcdba\u00a0\u00bb header_font_size=\u00a0\u00bb14px\u00a0\u00bb header_letter_spacing=\u00a0\u00bb4px\u00a0\u00bb header_line_height=\u00a0\u00bb1.2em\u00a0\u00bb body_font=\u00a0\u00bb||||||||\u00a0\u00bb body_text_align=\u00a0\u00bbleft\u00a0\u00bb body_font_size=\u00a0\u00bb21px\u00a0\u00bb body_line_height=\u00a0\u00bb1.6em\u00a0\u00bb text_orientation=\u00a0\u00bbcenter\u00a0\u00bb background_layout=\u00a0\u00bbdark\u00a0\u00bb body_font_size_tablet=\u00a0\u00bb\u00a0\u00bb body_font_size_phone=\u00a0\u00bb14px\u00a0\u00bb body_font_size_last_edited=\u00a0\u00bbon|phone\u00a0\u00bb icon_font_size=\u00a0\u00bb30px\u00a0\u00bb global_colors_info=\u00a0\u00bb{}\u00a0\u00bb]<\/p>\n<p>Ouvert de 10h \u00e0 13h et 14h \u00e0 18h. <br \/>Du Mardi au Samedi\u00a0 \u00a0 \u00a0 \u00a0 \u00a0 \u00a0 \u00a0 \u00a0 \u00a0<span style=\"font-size: large\"><\/span><\/p>\n<p>[\/et_pb_blurb][et_pb_blurb title=\u00a0\u00bbContact\u00a0\u00bb use_icon=\u00a0\u00bbon\u00a0\u00bb font_icon=\u00a0\u00bb&#xe090;||divi||400&Prime; icon_color=\u00a0\u00bb#dbc2b3&Prime; icon_placement=\u00a0\u00bbleft\u00a0\u00bb image_icon_width=\u00a0\u00bb30px\u00a0\u00bb _builder_version=\u00a0\u00bb4.27.0&Prime; _module_preset=\u00a0\u00bbdefault\u00a0\u00bb header_level=\u00a0\u00bbh3&Prime; header_font=\u00a0\u00bb|700||on|||||\u00a0\u00bb header_text_align=\u00a0\u00bbleft\u00a0\u00bb header_text_color=\u00a0\u00bb#ddcdba\u00a0\u00bb header_font_size=\u00a0\u00bb14px\u00a0\u00bb header_letter_spacing=\u00a0\u00bb4px\u00a0\u00bb header_line_height=\u00a0\u00bb1.2em\u00a0\u00bb body_font=\u00a0\u00bb||||||||\u00a0\u00bb body_text_align=\u00a0\u00bbleft\u00a0\u00bb body_font_size=\u00a0\u00bb21px\u00a0\u00bb body_line_height=\u00a0\u00bb1.6em\u00a0\u00bb text_orientation=\u00a0\u00bbcenter\u00a0\u00bb background_layout=\u00a0\u00bbdark\u00a0\u00bb max_height=\u00a0\u00bb886px\u00a0\u00bb body_font_size_tablet=\u00a0\u00bb\u00a0\u00bb body_font_size_phone=\u00a0\u00bb14px\u00a0\u00bb body_font_size_last_edited=\u00a0\u00bbon|phone\u00a0\u00bb icon_font_size=\u00a0\u00bb30px\u00a0\u00bb locked=\u00a0\u00bboff\u00a0\u00bb global_colors_info=\u00a0\u00bb{}\u00a0\u00bb]<\/p>\n<p><span style=\"font-size: 28px\">+33 4 90 08 70 10<br \/><\/span><\/p>\n<p>[\/et_pb_blurb][et_pb_blurb title=\u00a0\u00bbAdresse\u00a0\u00bb use_icon=\u00a0\u00bbon\u00a0\u00bb font_icon=\u00a0\u00bb&#xe082;||divi||400&Prime; icon_color=\u00a0\u00bb#dbc2b3&Prime; icon_placement=\u00a0\u00bbleft\u00a0\u00bb image_icon_width=\u00a0\u00bb30px\u00a0\u00bb _builder_version=\u00a0\u00bb4.16&Prime; _module_preset=\u00a0\u00bbdefault\u00a0\u00bb header_level=\u00a0\u00bbh3&Prime; header_font=\u00a0\u00bb|700||on|||||\u00a0\u00bb header_text_align=\u00a0\u00bbleft\u00a0\u00bb header_text_color=\u00a0\u00bb#ddcdba\u00a0\u00bb header_font_size=\u00a0\u00bb14px\u00a0\u00bb header_letter_spacing=\u00a0\u00bb4px\u00a0\u00bb header_line_height=\u00a0\u00bb1.2em\u00a0\u00bb body_font=\u00a0\u00bb||||||||\u00a0\u00bb body_text_align=\u00a0\u00bbleft\u00a0\u00bb body_font_size=\u00a0\u00bb21px\u00a0\u00bb body_line_height=\u00a0\u00bb1.6em\u00a0\u00bb text_orientation=\u00a0\u00bbcenter\u00a0\u00bb background_layout=\u00a0\u00bbdark\u00a0\u00bb body_font_size_tablet=\u00a0\u00bb\u00a0\u00bb body_font_size_phone=\u00a0\u00bb14px\u00a0\u00bb body_font_size_last_edited=\u00a0\u00bbon|phone\u00a0\u00bb icon_font_size=\u00a0\u00bb30px\u00a0\u00bb locked=\u00a0\u00bboff\u00a0\u00bb global_colors_info=\u00a0\u00bb{}\u00a0\u00bb]<\/p>\n<p>2 Voie Communale Jas de Puyvert<br \/>84160 Puyvert, France<\/p>\n<p>[\/et_pb_blurb][et_pb_social_media_follow icon_color=\u00a0\u00bb#ffffff\u00a0\u00bb use_icon_font_size=\u00a0\u00bbon\u00a0\u00bb icon_font_size=\u00a0\u00bb12px\u00a0\u00bb admin_label=\u00a0\u00bbSuivez-nous sur les r\u00e9seaux sociaux\u00a0\u00bb _builder_version=\u00a0\u00bb4.16&Prime; _module_preset=\u00a0\u00bbdefault\u00a0\u00bb text_orientation=\u00a0\u00bbleft\u00a0\u00bb custom_margin=\u00a0\u00bb-6px||19px|44px|false|false\u00a0\u00bb border_radii=\u00a0\u00bbon|25px|25px|25px|25px\u00a0\u00bb global_colors_info=\u00a0\u00bb{}\u00a0\u00bb][et_pb_social_media_follow_network social_network=\u00a0\u00bbfacebook\u00a0\u00bb url=\u00a0\u00bbhttps:\/\/www.facebook.com\/ChateauSaintPierredeMejans\u00a0\u00bb _builder_version=\u00a0\u00bb4.16&Prime; _module_preset=\u00a0\u00bbdefault\u00a0\u00bb background_color=\u00a0\u00bb#0C71C3&Prime; background_enable_color=\u00a0\u00bbon\u00a0\u00bb custom_padding=\u00a0\u00bb8px|8px|8px|8px|true|true\u00a0\u00bb global_colors_info=\u00a0\u00bb{}\u00a0\u00bb follow_button=\u00a0\u00bboff\u00a0\u00bb url_new_window=\u00a0\u00bbon\u00a0\u00bb]facebook[\/et_pb_social_media_follow_network][et_pb_social_media_follow_network social_network=\u00a0\u00bbinstagram\u00a0\u00bb url=\u00a0\u00bbhttps:\/\/www.instagram.com\/chateausaintpierredemejans\/\u00a0\u00bb _builder_version=\u00a0\u00bb4.16&Prime; _module_preset=\u00a0\u00bbdefault\u00a0\u00bb background_color=\u00a0\u00bb#ea2c59&Prime; background_enable_color=\u00a0\u00bbon\u00a0\u00bb custom_padding=\u00a0\u00bb8px|8px|8px|8px|true|true\u00a0\u00bb global_colors_info=\u00a0\u00bb{}\u00a0\u00bb follow_button=\u00a0\u00bboff\u00a0\u00bb url_new_window=\u00a0\u00bbon\u00a0\u00bb]instagram[\/et_pb_social_media_follow_network][\/et_pb_social_media_follow][\/et_pb_column][et_pb_column type=\u00a0\u00bb1_3&Prime; _builder_version=\u00a0\u00bb4.16&Prime; _module_preset=\u00a0\u00bbdefault\u00a0\u00bb global_colors_info=\u00a0\u00bb{}\u00a0\u00bb][et_pb_signup mailchimp_list=\u00a0\u00bbSt Pierre Mejans API mailchimp|7450c8c3fe\u00a0\u00bb use_custom_fields=\u00a0\u00bbon\u00a0\u00bb success_message=\u00a0\u00bbMerci pour votre inscription! \u00a0\u00bb title=\u00a0\u00bbNewsletter\u00a0\u00bb button_text=\u00a0\u00bbS&rsquo;inscrire\u00a0\u00bb description=\u00a0\u00bb<\/p>\n<p>Abonnez-vous \u00e0 notre newsletter pour recevoir les derni\u00e8res nouvelles et offres du domaine<\/p>\n<p>\u00a0\u00bb _builder_version=\u00a0\u00bb4.16&Prime; _module_preset=\u00a0\u00bbdefault\u00a0\u00bb form_field_background_color=\u00a0\u00bbrgba(255,255,255,0.94)\u00a0\u00bb form_field_text_color=\u00a0\u00bb#000000&Prime; background_enable_color=\u00a0\u00bboff\u00a0\u00bb background_enable_image=\u00a0\u00bboff\u00a0\u00bb background_blend=\u00a0\u00bboverlay\u00a0\u00bb custom_button=\u00a0\u00bbon\u00a0\u00bb button_text_size=\u00a0\u00bb22px\u00a0\u00bb button_text_color=\u00a0\u00bb#FFFFFF\u00a0\u00bb button_use_icon=\u00a0\u00bboff\u00a0\u00bb button_custom_padding=\u00a0\u00bb2px||2px||true|false\u00a0\u00bb module_alignment=\u00a0\u00bbcenter\u00a0\u00bb custom_margin=\u00a0\u00bb||||false|false\u00a0\u00bb custom_padding=\u00a0\u00bb||||false|false\u00a0\u00bb border_radii_fields=\u00a0\u00bbon|1px|1px|1px|1px\u00a0\u00bb global_colors_info=\u00a0\u00bb{}\u00a0\u00bb][\/et_pb_signup][\/et_pb_column][\/et_pb_row][\/et_pb_section]<\/p>\n","protected":false},"excerpt":{"rendered":"<p>Ch\u00e2teau Saint-pierre de m\u00e9jans MEntions legalesRaison sociale de la soci\u00e9t\u00e9 exploitante : SAS SAINT PIERRE EVENTS Num\u00e9ro individuel d\u2019identification de TVA :FR54897476024 Num\u00e9ro de Siret :89747602400012 INFORMATIQUE ET LIBERT\u00c9 Tout utilisateur ayant d\u00e9pos\u00e9 des informations directement ou indirectement nominatives dispose d\u2019un droit d\u2019acc\u00e8s et de rectification conform\u00e9ment \u00e0 la loi n\u00b0 7817 du 6\/01\/78 (Informatique [&hellip;]<\/p>\n","protected":false},"author":1,"featured_media":0,"parent":0,"menu_order":0,"comment_status":"closed","ping_status":"closed","template":"","meta":{"_et_pb_use_builder":"on","_et_pb_old_content":"","_et_gb_content_width":"","footnotes":""},"class_list":["post-1773","page","type-page","status-publish","hentry"],"yoast_head":"<!-- This site is optimized with the Yoast SEO plugin v27.4 - https:\/\/yoast.com\/product\/yoast-seo-wordpress\/ -->\n<title>Mentions l\u00e9gales - CGV | Ch\u00e2teau Saint-Pierre de Mejans | Vignoble<\/title>\n<meta name=\"robots\" content=\"index, follow, max-snippet:-1, max-image-preview:large, max-video-preview:-1\" \/>\n<link rel=\"canonical\" href=\"https:\/\/saintpierredemejans.com\/en\/legal-information-cgv\/\" \/>\n<meta property=\"og:locale\" content=\"en_GB\" \/>\n<meta property=\"og:type\" content=\"article\" \/>\n<meta property=\"og:title\" content=\"Mentions l\u00e9gales - CGV | Ch\u00e2teau Saint-Pierre de Mejans | Vignoble\" \/>\n<meta property=\"og:description\" content=\"Ch\u00e2teau Saint-pierre de m\u00e9jans MEntions legalesRaison sociale de la soci\u00e9t\u00e9 exploitante : SAS SAINT PIERRE EVENTS Num\u00e9ro individuel d\u2019identification de TVA :FR54897476024 Num\u00e9ro de Siret :89747602400012 INFORMATIQUE ET LIBERT\u00c9 Tout utilisateur ayant d\u00e9pos\u00e9 des informations directement ou indirectement nominatives dispose d\u2019un droit d\u2019acc\u00e8s et de rectification conform\u00e9ment \u00e0 la loi n\u00b0 7817 du 6\/01\/78 (Informatique [&hellip;]\" \/>\n<meta property=\"og:url\" content=\"https:\/\/saintpierredemejans.com\/en\/legal-information-cgv\/\" \/>\n<meta property=\"og:site_name\" content=\"Ch\u00e2teau Saint-Pierre de Mejans | Vignoble\" \/>\n<meta property=\"article:modified_time\" content=\"2025-03-05T13:29:44+00:00\" \/>\n<meta name=\"twitter:card\" content=\"summary_large_image\" \/>\n<meta name=\"twitter:label1\" content=\"Estimated reading time\" \/>\n\t<meta name=\"twitter:data1\" content=\"25 minutes\" \/>\n<script type=\"application\/ld+json\" class=\"yoast-schema-graph\">{\"@context\":\"https:\\\/\\\/schema.org\",\"@graph\":[{\"@type\":\"WebPage\",\"@id\":\"https:\\\/\\\/saintpierredemejans.com\\\/mentions-legales-cgv\\\/\",\"url\":\"https:\\\/\\\/saintpierredemejans.com\\\/mentions-legales-cgv\\\/\",\"name\":\"Mentions l\u00e9gales - CGV | Ch\u00e2teau Saint-Pierre de Mejans | Vignoble\",\"isPartOf\":{\"@id\":\"https:\\\/\\\/saintpierredemejans.com\\\/#website\"},\"datePublished\":\"2021-09-16T09:45:27+00:00\",\"dateModified\":\"2025-03-05T13:29:44+00:00\",\"breadcrumb\":{\"@id\":\"https:\\\/\\\/saintpierredemejans.com\\\/mentions-legales-cgv\\\/#breadcrumb\"},\"inLanguage\":\"en-GB\",\"potentialAction\":[{\"@type\":\"ReadAction\",\"target\":[\"https:\\\/\\\/saintpierredemejans.com\\\/mentions-legales-cgv\\\/\"]}]},{\"@type\":\"BreadcrumbList\",\"@id\":\"https:\\\/\\\/saintpierredemejans.com\\\/mentions-legales-cgv\\\/#breadcrumb\",\"itemListElement\":[{\"@type\":\"ListItem\",\"position\":1,\"name\":\"Home\",\"item\":\"https:\\\/\\\/saintpierredemejans.com\\\/\"},{\"@type\":\"ListItem\",\"position\":2,\"name\":\"Mentions legales &#8211; CGV\"}]},{\"@type\":\"WebSite\",\"@id\":\"https:\\\/\\\/saintpierredemejans.com\\\/#website\",\"url\":\"https:\\\/\\\/saintpierredemejans.com\\\/\",\"name\":\"Ch\u00e2teau Saint-Pierre de Mejans | Vignoble\",\"description\":\"ch\u00e2teau vignoble\",\"publisher\":{\"@id\":\"https:\\\/\\\/saintpierredemejans.com\\\/#organization\"},\"potentialAction\":[{\"@type\":\"SearchAction\",\"target\":{\"@type\":\"EntryPoint\",\"urlTemplate\":\"https:\\\/\\\/saintpierredemejans.com\\\/?s={search_term_string}\"},\"query-input\":{\"@type\":\"PropertyValueSpecification\",\"valueRequired\":true,\"valueName\":\"search_term_string\"}}],\"inLanguage\":\"en-GB\"},{\"@type\":\"Organization\",\"@id\":\"https:\\\/\\\/saintpierredemejans.com\\\/#organization\",\"name\":\"Ch\u00e2teau Saint-Pierre de Mejans | Vignoble dans le Lub\u00e9ron\",\"url\":\"https:\\\/\\\/saintpierredemejans.com\\\/\",\"logo\":{\"@type\":\"ImageObject\",\"inLanguage\":\"en-GB\",\"@id\":\"https:\\\/\\\/saintpierredemejans.com\\\/#\\\/schema\\\/logo\\\/image\\\/\",\"url\":\"https:\\\/\\\/saintpierredemejans.com\\\/wp-content\\\/uploads\\\/2021\\\/08\\\/favicon-1.png\",\"contentUrl\":\"https:\\\/\\\/saintpierredemejans.com\\\/wp-content\\\/uploads\\\/2021\\\/08\\\/favicon-1.png\",\"width\":822,\"height\":822,\"caption\":\"Ch\u00e2teau Saint-Pierre de Mejans | Vignoble dans le Lub\u00e9ron\"},\"image\":{\"@id\":\"https:\\\/\\\/saintpierredemejans.com\\\/#\\\/schema\\\/logo\\\/image\\\/\"}}]}<\/script>\n<!-- \/ Yoast SEO plugin. -->","yoast_head_json":{"title":"Legal notice - Terms and Conditions of Sale | Ch\u00e2teau Saint-Pierre de Mejans | Vineyard","robots":{"index":"index","follow":"follow","max-snippet":"max-snippet:-1","max-image-preview":"max-image-preview:large","max-video-preview":"max-video-preview:-1"},"canonical":"https:\/\/saintpierredemejans.com\/en\/legal-information-cgv\/","og_locale":"en_GB","og_type":"article","og_title":"Mentions l\u00e9gales - CGV | Ch\u00e2teau Saint-Pierre de Mejans | Vignoble","og_description":"Ch\u00e2teau Saint-pierre de m\u00e9jans MEntions legalesRaison sociale de la soci\u00e9t\u00e9 exploitante : SAS SAINT PIERRE EVENTS Num\u00e9ro individuel d\u2019identification de TVA :FR54897476024 Num\u00e9ro de Siret :89747602400012 INFORMATIQUE ET LIBERT\u00c9 Tout utilisateur ayant d\u00e9pos\u00e9 des informations directement ou indirectement nominatives dispose d\u2019un droit d\u2019acc\u00e8s et de rectification conform\u00e9ment \u00e0 la loi n\u00b0 7817 du 6\/01\/78 (Informatique [&hellip;]","og_url":"https:\/\/saintpierredemejans.com\/en\/legal-information-cgv\/","og_site_name":"Ch\u00e2teau Saint-Pierre de Mejans | Vignoble","article_modified_time":"2025-03-05T13:29:44+00:00","twitter_card":"summary_large_image","twitter_misc":{"Estimated reading time":"25 minutes"},"schema":{"@context":"https:\/\/schema.org","@graph":[{"@type":"WebPage","@id":"https:\/\/saintpierredemejans.com\/mentions-legales-cgv\/","url":"https:\/\/saintpierredemejans.com\/mentions-legales-cgv\/","name":"Legal notice - Terms and Conditions of Sale | Ch\u00e2teau Saint-Pierre de Mejans | Vineyard","isPartOf":{"@id":"https:\/\/saintpierredemejans.com\/#website"},"datePublished":"2021-09-16T09:45:27+00:00","dateModified":"2025-03-05T13:29:44+00:00","breadcrumb":{"@id":"https:\/\/saintpierredemejans.com\/mentions-legales-cgv\/#breadcrumb"},"inLanguage":"en-GB","potentialAction":[{"@type":"ReadAction","target":["https:\/\/saintpierredemejans.com\/mentions-legales-cgv\/"]}]},{"@type":"BreadcrumbList","@id":"https:\/\/saintpierredemejans.com\/mentions-legales-cgv\/#breadcrumb","itemListElement":[{"@type":"ListItem","position":1,"name":"Home","item":"https:\/\/saintpierredemejans.com\/"},{"@type":"ListItem","position":2,"name":"Mentions legales &#8211; CGV"}]},{"@type":"WebSite","@id":"https:\/\/saintpierredemejans.com\/#website","url":"https:\/\/saintpierredemejans.com\/","name":"Ch\u00e2teau Saint-Pierre de Mejans | Vineyard","description":"chateau vineyard","publisher":{"@id":"https:\/\/saintpierredemejans.com\/#organization"},"potentialAction":[{"@type":"SearchAction","target":{"@type":"EntryPoint","urlTemplate":"https:\/\/saintpierredemejans.com\/?s={search_term_string}"},"query-input":{"@type":"PropertyValueSpecification","valueRequired":true,"valueName":"search_term_string"}}],"inLanguage":"en-GB"},{"@type":"Organization","@id":"https:\/\/saintpierredemejans.com\/#organization","name":"Ch\u00e2teau Saint-Pierre de Mejans | Vineyard in the Lub\u00e9ron","url":"https:\/\/saintpierredemejans.com\/","logo":{"@type":"ImageObject","inLanguage":"en-GB","@id":"https:\/\/saintpierredemejans.com\/#\/schema\/logo\/image\/","url":"https:\/\/saintpierredemejans.com\/wp-content\/uploads\/2021\/08\/favicon-1.png","contentUrl":"https:\/\/saintpierredemejans.com\/wp-content\/uploads\/2021\/08\/favicon-1.png","width":822,"height":822,"caption":"Ch\u00e2teau Saint-Pierre de Mejans | Vignoble dans le Lub\u00e9ron"},"image":{"@id":"https:\/\/saintpierredemejans.com\/#\/schema\/logo\/image\/"}}]}},"_links":{"self":[{"href":"https:\/\/saintpierredemejans.com\/en\/wp-json\/wp\/v2\/pages\/1773","targetHints":{"allow":["GET"]}}],"collection":[{"href":"https:\/\/saintpierredemejans.com\/en\/wp-json\/wp\/v2\/pages"}],"about":[{"href":"https:\/\/saintpierredemejans.com\/en\/wp-json\/wp\/v2\/types\/page"}],"author":[{"embeddable":true,"href":"https:\/\/saintpierredemejans.com\/en\/wp-json\/wp\/v2\/users\/1"}],"replies":[{"embeddable":true,"href":"https:\/\/saintpierredemejans.com\/en\/wp-json\/wp\/v2\/comments?post=1773"}],"version-history":[{"count":0,"href":"https:\/\/saintpierredemejans.com\/en\/wp-json\/wp\/v2\/pages\/1773\/revisions"}],"wp:attachment":[{"href":"https:\/\/saintpierredemejans.com\/en\/wp-json\/wp\/v2\/media?parent=1773"}],"curies":[{"name":"wp","href":"https:\/\/api.w.org\/{rel}","templated":true}]}}