{"id":4492,"date":"2025-02-10T10:03:45","date_gmt":"2025-02-10T09:03:45","guid":{"rendered":"https:\/\/saintpierredemejans.com\/?page_id=4492"},"modified":"2026-04-23T15:15:18","modified_gmt":"2026-04-23T13:15:18","slug":"art","status":"publish","type":"page","link":"https:\/\/saintpierredemejans.com\/en\/art\/","title":{"rendered":"Art"},"content":{"rendered":"<p>[et_pb_section fb_built=\u00a0\u00bb1&Prime; admin_label=\u00a0\u00bbHeader\u00a0\u00bb _builder_version=\u00a0\u00bb4.27.4&Prime; _module_preset=\u00a0\u00bbdefault\u00a0\u00bb background_color=\u00a0\u00bbrgba(0,0,0,0.5)\u00a0\u00bb background_image=\u00a0\u00bbhttps:\/\/saintpierredemejans.com\/wp-content\/uploads\/2025\/02\/StPierre-de-Mejans-janvier-2021-VincentAGNES-85-scaled.jpg\u00a0\u00bb background_blend=\u00a0\u00bbdarken\u00a0\u00bb background_enable_video_mp4=\u00a0\u00bboff\u00a0\u00bb z_index=\u00a0\u00bb0&Prime; custom_margin=\u00a0\u00bb0px||0px||true|false\u00a0\u00bb custom_padding=\u00a0\u00bb108px||108px||true|false\u00a0\u00bb da_disable_devices=\u00a0\u00bboff|off|off\u00a0\u00bb global_colors_info=\u00a0\u00bb{}\u00a0\u00bb da_is_popup=\u00a0\u00bboff\u00a0\u00bb da_exit_intent=\u00a0\u00bboff\u00a0\u00bb da_has_close=\u00a0\u00bbon\u00a0\u00bb da_alt_close=\u00a0\u00bboff\u00a0\u00bb da_dark_close=\u00a0\u00bboff\u00a0\u00bb da_not_modal=\u00a0\u00bbon\u00a0\u00bb da_is_singular=\u00a0\u00bboff\u00a0\u00bb da_with_loader=\u00a0\u00bboff\u00a0\u00bb da_has_shadow=\u00a0\u00bbon\u00a0\u00bb][et_pb_row _builder_version=\u00a0\u00bb4.16&Prime; _module_preset=\u00a0\u00bbdefault\u00a0\u00bb custom_margin=\u00a0\u00bb|auto|-7px|auto||\u00a0\u00bb global_colors_info=\u00a0\u00bb{}\u00a0\u00bb][et_pb_column type=\u00a0\u00bb4_4&Prime; _builder_version=\u00a0\u00bb4.16&Prime; _module_preset=\u00a0\u00bbdefault\u00a0\u00bb global_colors_info=\u00a0\u00bb{}\u00a0\u00bb][et_pb_text _builder_version=\u00a0\u00bb4.27.4&Prime; _module_preset=\u00a0\u00bbdefault\u00a0\u00bb header_font=\u00a0\u00bb|||on|||||\u00a0\u00bb header_text_color=\u00a0\u00bb#FFFFFF\u00a0\u00bb header_font_size=\u00a0\u00bb48px\u00a0\u00bb header_letter_spacing=\u00a0\u00bb0.1em\u00a0\u00bb header_line_height=\u00a0\u00bb1.2em\u00a0\u00bb header_2_font=\u00a0\u00bb|700||on|||||\u00a0\u00bb header_2_text_color=\u00a0\u00bb#FFFFFF\u00a0\u00bb header_2_font_size=\u00a0\u00bb16px\u00a0\u00bb header_2_letter_spacing=\u00a0\u00bb6px\u00a0\u00bb header_2_line_height=\u00a0\u00bb1.2em\u00a0\u00bb width=\u00a0\u00bb100%\u00a0\u00bb custom_margin=\u00a0\u00bb||0px||false|false\u00a0\u00bb custom_padding=\u00a0\u00bb||0px|||\u00a0\u00bb header_font_size_tablet=\u00a0\u00bb60px\u00a0\u00bb header_font_size_phone=\u00a0\u00bb32px\u00a0\u00bb header_font_size_last_edited=\u00a0\u00bbon|phone\u00a0\u00bb header_2_font_size_tablet=\u00a0\u00bb14px\u00a0\u00bb header_2_font_size_phone=\u00a0\u00bb12px\u00a0\u00bb header_2_font_size_last_edited=\u00a0\u00bbon|phone\u00a0\u00bb global_colors_info=\u00a0\u00bb{}\u00a0\u00bb]<\/p>\n<h2>Ch\u00e2teau Saint-pierre de mejans<\/h2>\n<h1>Art<\/h1>\n<p>[\/et_pb_text][\/et_pb_column][\/et_pb_row][\/et_pb_section][et_pb_section fb_built=\u00a0\u00bb1&Prime; admin_label=\u00a0\u00bbHeader\u00a0\u00bb _builder_version=\u00a0\u00bb4.16&Prime; _module_preset=\u00a0\u00bbdefault\u00a0\u00bb background_color=\u00a0\u00bbRGBA(0,0,0,0)\u00a0\u00bb custom_margin=\u00a0\u00bb28px||28px||true|\u00a0\u00bb custom_padding=\u00a0\u00bb0px||0px|||\u00a0\u00bb da_disable_devices=\u00a0\u00bboff|off|off\u00a0\u00bb global_colors_info=\u00a0\u00bb{}\u00a0\u00bb da_is_popup=\u00a0\u00bboff\u00a0\u00bb da_exit_intent=\u00a0\u00bboff\u00a0\u00bb da_has_close=\u00a0\u00bbon\u00a0\u00bb da_alt_close=\u00a0\u00bboff\u00a0\u00bb da_dark_close=\u00a0\u00bboff\u00a0\u00bb da_not_modal=\u00a0\u00bbon\u00a0\u00bb da_is_singular=\u00a0\u00bboff\u00a0\u00bb da_with_loader=\u00a0\u00bboff\u00a0\u00bb da_has_shadow=\u00a0\u00bbon\u00a0\u00bb][et_pb_row column_structure=\u00a0\u00bb1_2,1_2&Prime; _builder_version=\u00a0\u00bb4.27.4&Prime; _module_preset=\u00a0\u00bbdefault\u00a0\u00bb custom_padding=\u00a0\u00bb||0px|||\u00a0\u00bb global_colors_info=\u00a0\u00bb{}\u00a0\u00bb][et_pb_column type=\u00a0\u00bb1_2&Prime; _builder_version=\u00a0\u00bb4.16&Prime; _module_preset=\u00a0\u00bbdefault\u00a0\u00bb global_colors_info=\u00a0\u00bb{}\u00a0\u00bb][et_pb_text _builder_version=\u00a0\u00bb4.27.4&Prime; _module_preset=\u00a0\u00bbdefault\u00a0\u00bb text_font_size=\u00a0\u00bb16px\u00a0\u00bb text_line_height=\u00a0\u00bb2em\u00a0\u00bb header_2_font=\u00a0\u00bbAbril Fatface|||on|||||\u00a0\u00bb header_2_font_size=\u00a0\u00bb28px\u00a0\u00bb header_2_letter_spacing=\u00a0\u00bb0.1em\u00a0\u00bb header_2_line_height=\u00a0\u00bb1.2em\u00a0\u00bb custom_margin=\u00a0\u00bb||4px|||\u00a0\u00bb text_font_size_tablet=\u00a0\u00bb\u00a0\u00bb text_font_size_phone=\u00a0\u00bb14px\u00a0\u00bb text_font_size_last_edited=\u00a0\u00bbon|phone\u00a0\u00bb header_2_font_size_tablet=\u00a0\u00bb30px\u00a0\u00bb header_2_font_size_phone=\u00a0\u00bb20px\u00a0\u00bb header_2_font_size_last_edited=\u00a0\u00bbon|phone\u00a0\u00bb locked=\u00a0\u00bboff\u00a0\u00bb global_colors_info=\u00a0\u00bb{}\u00a0\u00bb]<\/p>\n<h2><em>\u00ab L\u2019art<\/em><em> est un bien infiniment pr\u00e9cieux, un breuvage rafra\u00eechissant et r\u00e9chauffant, qui r\u00e9tablit l\u2019estomac et l\u2019esprit dans l\u2019\u00e9quilibre naturel de l\u2019id\u00e9al\u00bb.<\/em><\/h2>\n<h2><em>Charles Baudelaire<\/em><\/h2>\n<p>[\/et_pb_text][\/et_pb_column][et_pb_column type=\u00a0\u00bb1_2&Prime; _builder_version=\u00a0\u00bb4.16&Prime; _module_preset=\u00a0\u00bbdefault\u00a0\u00bb global_colors_info=\u00a0\u00bb{}\u00a0\u00bb][et_pb_image src=\u00a0\u00bbhttps:\/\/saintpierredemejans.com\/wp-content\/uploads\/2025\/02\/SaintPierre_Soiree19b-Francois-MOURA-scaled.jpg\u00a0\u00bb alt=\u00a0\u00bbclear wine glass with yellow liquid\u00a0\u00bb title_text=\u00a0\u00bbSaintPierre_Soiree19mai2022&Prime; _builder_version=\u00a0\u00bb4.27.4&Prime; _module_preset=\u00a0\u00bbdefault\u00a0\u00bb width=\u00a0\u00bb100%\u00a0\u00bb global_colors_info=\u00a0\u00bb{}\u00a0\u00bb][\/et_pb_image][\/et_pb_column][\/et_pb_row][et_pb_row _builder_version=\u00a0\u00bb4.27.4&Prime; _module_preset=\u00a0\u00bbdefault\u00a0\u00bb global_colors_info=\u00a0\u00bb{}\u00a0\u00bb][et_pb_column type=\u00a0\u00bb4_4&Prime; _builder_version=\u00a0\u00bb4.27.4&Prime; _module_preset=\u00a0\u00bbdefault\u00a0\u00bb global_colors_info=\u00a0\u00bb{}\u00a0\u00bb][et_pb_text _builder_version=\u00a0\u00bb4.27.4&Prime; _module_preset=\u00a0\u00bbdefault\u00a0\u00bb custom_padding=\u00a0\u00bb0px|||||\u00a0\u00bb inline_fonts=\u00a0\u00bbAboreto\u00a0\u00bb global_colors_info=\u00a0\u00bb{}\u00a0\u00bb]<\/p>\n<h2 data-start=\"236\" data-end=\"571\" style=\"text-align: center\"><span style=\"text-decoration: underline;font-family: Aboreto;font-weight: normal\"><strong><\/strong><\/span><\/h2>\n<h2 data-start=\"236\" data-end=\"571\" style=\"text-align: center\"><span style=\"text-decoration: underline;font-family: Aboreto;font-weight: normal\"><strong>ARTISTE EN RESIDENCE PROGRAMME<\/strong><\/span><\/h2>\n<p data-start=\"236\" data-end=\"571\">\n<p data-start=\"236\" data-end=\"571\">En hiver, lorsque la Provence retrouve son calme et que les visiteurs se font plus rares, <strong data-start=\"326\" data-end=\"363\">le Ch\u00e2teau Saint Pierre de Mejans<\/strong>, nich\u00e9 au c\u0153ur du Luberon, profite de cette tranquillit\u00e9 pour accueillir la cr\u00e9ation artistique. Loin de l\u2019effervescence estivale, le domaine devient alors un v\u00e9ritable havre o\u00f9 l\u2019imaginaire peut s\u2019\u00e9panouir.<\/p>\n<p data-start=\"828\" data-end=\"1179\">Le programme <strong data-start=\"841\" data-end=\"864\">Artist-in-Residence<\/strong> a \u00e9t\u00e9 cr\u00e9\u00e9 lors de la r\u00e9ouverture du ch\u00e2teau en 2022 par les propri\u00e9taires, <strong data-start=\"941\" data-end=\"969\">Monsieur et Madame Gobbi<\/strong>, passionn\u00e9s d\u2019art et membres actifs de l\u2019association <em data-start=\"1023\" data-end=\"1039\">M\u00e9c\u00e8nes du Sud<\/em>. Leur ambition : offrir un lieu privil\u00e9gi\u00e9 o\u00f9 les artistes peuvent travailler en toute s\u00e9r\u00e9nit\u00e9, tout en favorisant les \u00e9changes culturels.<\/p>\n<p data-start=\"1181\" data-end=\"1583\">Chaque ann\u00e9e, les r\u00e9sidents viennent d\u2019horizons vari\u00e9s. Nos artistes et \u00e9crivains sont originaires du quatre coins du monde;\u00a0apportant avec eux une diversit\u00e9 de regards et de pratiques. Peintres, \u00e9crivains et artistes visuels se succ\u00e9deront ainsi au sein du ch\u00e2teau, enrichissant son rayonnement artistique autant que son histoire pluris\u00e9culaire.<\/p>\n<p data-start=\"1585\" data-end=\"1777\">En Provence, o\u00f9 l\u2019art est souvent associ\u00e9 \u00e0 la lumi\u00e8re \u00e9clatante de l\u2019\u00e9t\u00e9, le Ch\u00e2teau Saint Pierre de Mejans rappelle que <strong data-start=\"1707\" data-end=\"1776\">l\u2019hiver peut, lui aussi, \u00eatre une saison fertile pour la cr\u00e9ation<\/strong>.<\/p>\n<p data-start=\"1585\" data-end=\"1777\">\n<ul data-start=\"1839\" data-end=\"2397\">\n<ul data-start=\"1839\" data-end=\"2397\" style=\"text-align: center\">INFORMATIONS:<\/ul>\n<\/ul>\n<p style=\"text-align: center\"><strong><a href=\"https:\/\/saintpierredemejans.com\/artiste-en-residence\/\">Artiste en Residence | Ch\u00e2teau Saint-Pierre de Mejans | Vignoble<\/a><\/strong><\/p>\n<p>[\/et_pb_text][\/et_pb_column][\/et_pb_row][et_pb_row _builder_version=\u00a0\u00bb4.27.4&Prime; _module_preset=\u00a0\u00bbdefault\u00a0\u00bb background_color=\u00a0\u00bbRGBA(0,0,0,0)\u00a0\u00bb custom_margin=\u00a0\u00bb69px|auto||auto|false|false\u00a0\u00bb custom_padding=\u00a0\u00bb15px||0px|||\u00a0\u00bb locked=\u00a0\u00bboff\u00a0\u00bb global_colors_info=\u00a0\u00bb{}\u00a0\u00bb][et_pb_column type=\u00a0\u00bb4_4&Prime; _builder_version=\u00a0\u00bb4.16&Prime; _module_preset=\u00a0\u00bbdefault\u00a0\u00bb global_colors_info=\u00a0\u00bb{}\u00a0\u00bb][et_pb_text _builder_version=\u00a0\u00bb4.27.4&Prime; _module_preset=\u00a0\u00bbdefault\u00a0\u00bb text_line_height=\u00a0\u00bb2em\u00a0\u00bb header_2_font=\u00a0\u00bb|||on|||||\u00a0\u00bb header_2_font_size=\u00a0\u00bb38px\u00a0\u00bb header_2_letter_spacing=\u00a0\u00bb0.1em\u00a0\u00bb header_2_line_height=\u00a0\u00bb1.2em\u00a0\u00bb text_orientation=\u00a0\u00bbjustified\u00a0\u00bb header_2_font_size_tablet=\u00a0\u00bb30px\u00a0\u00bb header_2_font_size_phone=\u00a0\u00bb20px\u00a0\u00bb header_2_font_size_last_edited=\u00a0\u00bbon|phone\u00a0\u00bb locked=\u00a0\u00bboff\u00a0\u00bb global_colors_info=\u00a0\u00bb{}\u00a0\u00bb]<\/p>\n<p><img loading=\"lazy\" decoding=\"async\" src=\"https:\/\/saintpierredemejans.com\/wp-content\/uploads\/2021\/06\/logo-mejans-75prct-300x205.png\" width=\"52\" height=\"36\" alt=\"\" class=\"wp-image-125 alignleft size-medium\" \/><\/p>\n<h2 style=\"text-align: left\"><b>Les artistes en r\u00e9sidence<\/b><\/h2>\n<p>[\/et_pb_text][\/et_pb_column][\/et_pb_row][et_pb_row _builder_version=\u00a0\u00bb4.27.4&Prime; _module_preset=\u00a0\u00bbdefault\u00a0\u00bb global_colors_info=\u00a0\u00bb{}\u00a0\u00bb][et_pb_column type=\u00a0\u00bb4_4&Prime; _builder_version=\u00a0\u00bb4.27.4&Prime; _module_preset=\u00a0\u00bbdefault\u00a0\u00bb global_colors_info=\u00a0\u00bb{}\u00a0\u00bb][et_pb_code _builder_version=\u00a0\u00bb4.27.4&Prime; _module_preset=\u00a0\u00bbdefault\u00a0\u00bb global_colors_info=\u00a0\u00bb{}\u00a0\u00bb]\n    <div class=\"artistes-loop artistes-cols-3\">\n                    <article class=\"artiste-card\">\n                <a class=\"artiste-thumb\" href=\"https:\/\/saintpierredemejans.com\/en\/artistes\/immodesty-blaize-uk-monaco\/\">\n                    <img loading=\"lazy\" decoding=\"async\" width=\"594\" height=\"1024\" src=\"https:\/\/saintpierredemejans.com\/wp-content\/uploads\/2025\/11\/IMG_2070-594x1024.jpg\" class=\"attachment-large size-large wp-post-image\" alt=\"\" srcset=\"https:\/\/saintpierredemejans.com\/wp-content\/uploads\/2025\/11\/IMG_2070-594x1024.jpg 594w, https:\/\/saintpierredemejans.com\/wp-content\/uploads\/2025\/11\/IMG_2070-480x827.jpg 480w\" sizes=\"(min-width: 0px) and (max-width: 480px) 480px, (min-width: 481px) 594px, 100vw\" \/>                <\/a>\n\n                <h3 class=\"artiste-title\">\n                    <a href=\"https:\/\/saintpierredemejans.com\/en\/artistes\/immodesty-blaize-uk-monaco\/\">Immodesty Blaize &#8211; UK &amp; Monaco<\/a>\n                <\/h3>\n\n                                    <div class=\"artiste-badges\"><a class=\"artiste-badge badge-annee_residence\" href=\"https:\/\/saintpierredemejans.com\/en\/annee-residence\/2026\/\"><span class=\"badge-label\">Ann\u00e9e de r\u00e9sidence :<\/span> 2026<\/a><\/div>                \n                                    <div class=\"artiste-excerpt\">\n                        <p>Immodesty Blaize est une artiste multidisciplinaire, connue sous le nom de star burlesque, mais aussi conf\u00e9renci\u00e8re et auteure \u00e0 succ\u00e8s chez Ebury\/Random House. Elle est \u00e9galement praticienne th\u00e9rapeutique dipl\u00f4m\u00e9e. N\u00e9e en Grande-Bretagne et vivant sur la C\u00f4te d&rsquo;Azur, Kelly revient au Ch\u00e2teau de Mejans pour terminer la derni\u00e8re version d&rsquo;un projet d&rsquo;\u00e9criture commenc\u00e9 l\u00e0-bas l&rsquo;ann\u00e9e [&hellip;]<\/p>\n                    <\/div>\n                            <\/article>\n                    <article class=\"artiste-card\">\n                <a class=\"artiste-thumb\" href=\"https:\/\/saintpierredemejans.com\/en\/artistes\/emma-mosley-uk\/\">\n                    <img loading=\"lazy\" decoding=\"async\" width=\"1024\" height=\"683\" src=\"https:\/\/saintpierredemejans.com\/wp-content\/uploads\/2025\/11\/emma-mosley-headshot-1024x683.jpg\" class=\"attachment-large size-large wp-post-image\" alt=\"\" srcset=\"https:\/\/saintpierredemejans.com\/wp-content\/uploads\/2025\/11\/emma-mosley-headshot-980x653.jpg 980w, https:\/\/saintpierredemejans.com\/wp-content\/uploads\/2025\/11\/emma-mosley-headshot-480x320.jpg 480w\" sizes=\"(min-width: 0px) and (max-width: 480px) 480px, (min-width: 481px) and (max-width: 980px) 980px, (min-width: 981px) 1024px, 100vw\" \/>                <\/a>\n\n                <h3 class=\"artiste-title\">\n                    <a href=\"https:\/\/saintpierredemejans.com\/en\/artistes\/emma-mosley-uk\/\">Emma Mosley \u2013 UK<\/a>\n                <\/h3>\n\n                                    <div class=\"artiste-badges\"><a class=\"artiste-badge badge-annee_residence\" href=\"https:\/\/saintpierredemejans.com\/en\/annee-residence\/2026\/\"><span class=\"badge-label\">Ann\u00e9e de r\u00e9sidence :<\/span> 2026<\/a><\/div>                \n                                    <div class=\"artiste-excerpt\">\n                        <p>Emma Mosley est une \u00e9crivaine bas\u00e9e dans le sud de Londres, en Angleterre. Elle est titulaire d&rsquo;une ma\u00eetrise en \u00e9criture cr\u00e9ative de l&rsquo;universit\u00e9 Birkbeck de Londres et a re\u00e7u le prix Oppenheim-John Downes Memorial Trust destin\u00e9 aux artistes et \u00e9crivains britanniques. En tant qu&rsquo;aidante de son partenaire, son travail s&rsquo;articule autour des th\u00e8mes de l&rsquo;intimit\u00e9 [&hellip;]<\/p>\n                    <\/div>\n                            <\/article>\n                    <article class=\"artiste-card\">\n                <a class=\"artiste-thumb\" href=\"https:\/\/saintpierredemejans.com\/en\/artistes\/chantal-fry-canada\/\">\n                    <img loading=\"lazy\" decoding=\"async\" width=\"430\" height=\"310\" src=\"https:\/\/saintpierredemejans.com\/wp-content\/uploads\/2025\/11\/Chantal-Fry-CV-3.png\" class=\"attachment-large size-large wp-post-image\" alt=\"\" srcset=\"https:\/\/saintpierredemejans.com\/wp-content\/uploads\/2025\/11\/Chantal-Fry-CV-3.png 430w, https:\/\/saintpierredemejans.com\/wp-content\/uploads\/2025\/11\/Chantal-Fry-CV-3-300x216.png 300w, https:\/\/saintpierredemejans.com\/wp-content\/uploads\/2025\/11\/Chantal-Fry-CV-3-18x12.png 18w\" sizes=\"(max-width: 430px) 100vw, 430px\" \/>                <\/a>\n\n                <h3 class=\"artiste-title\">\n                    <a href=\"https:\/\/saintpierredemejans.com\/en\/artistes\/chantal-fry-canada\/\">Chantal Fry \u2013 Canada<\/a>\n                <\/h3>\n\n                                    <div class=\"artiste-badges\"><a class=\"artiste-badge badge-annee_residence\" href=\"https:\/\/saintpierredemejans.com\/en\/annee-residence\/2026\/\"><span class=\"badge-label\">Ann\u00e9e de r\u00e9sidence :<\/span> 2026<\/a><\/div>                \n                                    <div class=\"artiste-excerpt\">\n                        <p>Chantal Fry est une patineuse artistique professionnelle, artiste de sc\u00e8ne et sp\u00e9cialiste \u00e9v\u00e9nementielle n\u00e9e \u00e0 Toronto.\u00a0 Elle est une professionnelle du multim\u00e9dia et une conteuse passionn\u00e9e. Apr\u00e8s avoir v\u00e9cu 8 ans en France o\u00f9 elle s&rsquo;est produite avec Holiday on Ice et le Lido de Paris, elle a cr\u00e9\u00e9 Glisse on Ice afin de faire [&hellip;]<\/p>\n                    <\/div>\n                            <\/article>\n                    <article class=\"artiste-card\">\n                <a class=\"artiste-thumb\" href=\"https:\/\/saintpierredemejans.com\/en\/artistes\/amber-cameron-portolesi-california\/\">\n                    <img loading=\"lazy\" decoding=\"async\" width=\"796\" height=\"1024\" src=\"https:\/\/saintpierredemejans.com\/wp-content\/uploads\/2025\/11\/Amber-Portolesi-4937-Edit-Edit2-796x1024.jpg\" class=\"attachment-large size-large wp-post-image\" alt=\"\" \/>                <\/a>\n\n                <h3 class=\"artiste-title\">\n                    <a href=\"https:\/\/saintpierredemejans.com\/en\/artistes\/amber-cameron-portolesi-california\/\">Amber Cameron Portolesi \u2013 California<\/a>\n                <\/h3>\n\n                                    <div class=\"artiste-badges\"><a class=\"artiste-badge badge-annee_residence\" href=\"https:\/\/saintpierredemejans.com\/en\/annee-residence\/2026\/\"><span class=\"badge-label\">Ann\u00e9e de r\u00e9sidence :<\/span> 2026<\/a><\/div>                \n                                    <div class=\"artiste-excerpt\">\n                        <p>Amber Cameron Portolesi est n\u00e9e dans une ferme rurale du sud des \u00c9tats-Unis et a grandi et fait ses \u00e9tudes en Californie du Sud. Passionn\u00e9e depuis toujours par la lecture et l&rsquo;\u00e9criture, Mme Portolesi poss\u00e8de une solide formation universitaire et professionnelle dans les domaines des langues, de l&rsquo;\u00e9criture et du droit. Elle est auteure d&rsquo;ouvrages [&hellip;]<\/p>\n                    <\/div>\n                            <\/article>\n                    <article class=\"artiste-card\">\n                <a class=\"artiste-thumb\" href=\"https:\/\/saintpierredemejans.com\/en\/artistes\/rebecca-pappa-new-york-italy\/\">\n                    <img loading=\"lazy\" decoding=\"async\" width=\"503\" height=\"389\" src=\"https:\/\/saintpierredemejans.com\/wp-content\/uploads\/2025\/11\/Rebecca-Pappa.jpg\" class=\"attachment-large size-large wp-post-image\" alt=\"\" srcset=\"https:\/\/saintpierredemejans.com\/wp-content\/uploads\/2025\/11\/Rebecca-Pappa.jpg 503w, https:\/\/saintpierredemejans.com\/wp-content\/uploads\/2025\/11\/Rebecca-Pappa-480x371.jpg 480w\" sizes=\"(min-width: 0px) and (max-width: 480px) 480px, (min-width: 481px) 503px, 100vw\" \/>                <\/a>\n\n                <h3 class=\"artiste-title\">\n                    <a href=\"https:\/\/saintpierredemejans.com\/en\/artistes\/rebecca-pappa-new-york-italy\/\">Rebecca Pappa \u2013 New York &amp; Italy<\/a>\n                <\/h3>\n\n                                    <div class=\"artiste-badges\"><a class=\"artiste-badge badge-annee_residence\" href=\"https:\/\/saintpierredemejans.com\/en\/annee-residence\/2026\/\"><span class=\"badge-label\">Ann\u00e9e de r\u00e9sidence :<\/span> 2026<\/a><\/div>                \n                                    <div class=\"artiste-excerpt\">\n                        <p>Rebecca Pappa est une artiste, \u00e9crivaine et th\u00e9rapeute originaire de New York, qui vit actuellement \u00e0 Lucca, en Italie. Son travail est intimement li\u00e9 au monde fantastique. Son univers fantastique est ax\u00e9 sur la qu\u00eate, la recherche et les questions qui remettent en question et valident. Elle travaille actuellement sur un livre qui m\u00eale ses [&hellip;]<\/p>\n                    <\/div>\n                            <\/article>\n                    <article class=\"artiste-card\">\n                <a class=\"artiste-thumb\" href=\"https:\/\/saintpierredemejans.com\/en\/artistes\/robin-rivers-canada\/\">\n                    <img loading=\"lazy\" decoding=\"async\" width=\"649\" height=\"1024\" src=\"https:\/\/saintpierredemejans.com\/wp-content\/uploads\/2025\/11\/Robin-Rivers-649x1024.jpg\" class=\"attachment-large size-large wp-post-image\" alt=\"\" srcset=\"https:\/\/saintpierredemejans.com\/wp-content\/uploads\/2025\/11\/Robin-Rivers-649x1024.jpg 649w, https:\/\/saintpierredemejans.com\/wp-content\/uploads\/2025\/11\/Robin-Rivers-480x758.jpg 480w\" sizes=\"(min-width: 0px) and (max-width: 480px) 480px, (min-width: 481px) 649px, 100vw\" \/>                <\/a>\n\n                <h3 class=\"artiste-title\">\n                    <a href=\"https:\/\/saintpierredemejans.com\/en\/artistes\/robin-rivers-canada\/\">Robin Rivers &#8211; Canada<\/a>\n                <\/h3>\n\n                                    <div class=\"artiste-badges\"><a class=\"artiste-badge badge-annee_residence\" href=\"https:\/\/saintpierredemejans.com\/en\/annee-residence\/2026\/\"><span class=\"badge-label\">Ann\u00e9e de r\u00e9sidence :<\/span> 2026<\/a><\/div>                \n                                    <div class=\"artiste-excerpt\">\n                        <p>Robin Rivers est une conteuse multidisciplinaire canadienne qui explore la nature de la m\u00e9moire et du temps \u00e0 travers l&rsquo;\u00e9criture, la photographie et le collage multim\u00e9dia. Ses racines fran\u00e7aises et polonaises, ainsi que son amour du folklore et de la magie, influencent profond\u00e9ment son travail et nombre de ses r\u00e9cits se d\u00e9roulent dans les r\u00e9gions [&hellip;]<\/p>\n                    <\/div>\n                            <\/article>\n                    <article class=\"artiste-card\">\n                <a class=\"artiste-thumb\" href=\"https:\/\/saintpierredemejans.com\/en\/artistes\/zach-rogow-new-york-usa\/\">\n                    <img loading=\"lazy\" decoding=\"async\" width=\"825\" height=\"1024\" src=\"https:\/\/saintpierredemejans.com\/wp-content\/uploads\/2025\/11\/Zack-Rogow-825x1024.jpg\" class=\"attachment-large size-large wp-post-image\" alt=\"\" \/>                <\/a>\n\n                <h3 class=\"artiste-title\">\n                    <a href=\"https:\/\/saintpierredemejans.com\/en\/artistes\/zach-rogow-new-york-usa\/\">Zach Rogow \u2013 New York USA<\/a>\n                <\/h3>\n\n                                    <div class=\"artiste-badges\"><a class=\"artiste-badge badge-annee_residence\" href=\"https:\/\/saintpierredemejans.com\/en\/annee-residence\/2026\/\"><span class=\"badge-label\">Ann\u00e9e de r\u00e9sidence :<\/span> 2026<\/a><\/div>                \n                                    <div class=\"artiste-excerpt\">\n                        <p>Zack Rogow, \u00e9crivain new-yorkais, travaillera sur un nouveau recueil de po\u00e9sie provisoirement intitul\u00e9 Infrared. Ce recueil diff\u00e8re consid\u00e9rablement des dix pr\u00e9c\u00e9dents recueils de po\u00e9sie de Rogow, qui sont principalement ax\u00e9s sur des r\u00e9cits tir\u00e9s de sa propre vie ou de son histoire familiale. Dans ce nouveau recueil, Zack Rogow adopte une approche oppos\u00e9e, en partant [&hellip;]<\/p>\n                    <\/div>\n                            <\/article>\n                    <article class=\"artiste-card\">\n                <a class=\"artiste-thumb\" href=\"https:\/\/saintpierredemejans.com\/en\/artistes\/tania-willis\/\">\n                    <img loading=\"lazy\" decoding=\"async\" width=\"1024\" height=\"1015\" src=\"https:\/\/saintpierredemejans.com\/wp-content\/uploads\/2026\/02\/tania-willis-1024x1015.jpg\" class=\"attachment-large size-large wp-post-image\" alt=\"\" srcset=\"https:\/\/saintpierredemejans.com\/wp-content\/uploads\/2026\/02\/tania-willis-980x971.jpg 980w, https:\/\/saintpierredemejans.com\/wp-content\/uploads\/2026\/02\/tania-willis-480x476.jpg 480w\" sizes=\"(min-width: 0px) and (max-width: 480px) 480px, (min-width: 481px) and (max-width: 980px) 980px, (min-width: 981px) 1024px, 100vw\" \/>                <\/a>\n\n                <h3 class=\"artiste-title\">\n                    <a href=\"https:\/\/saintpierredemejans.com\/en\/artistes\/tania-willis\/\">Tania Willis &#8211; UK<\/a>\n                <\/h3>\n\n                                    <div class=\"artiste-badges\"><a class=\"artiste-badge badge-annee_residence\" href=\"https:\/\/saintpierredemejans.com\/en\/annee-residence\/2025\/\"><span class=\"badge-label\">Ann\u00e9e de r\u00e9sidence :<\/span> 2025<\/a><\/div>                \n                                    <div class=\"artiste-excerpt\">\n                        <p>Tania Willis est une designer et illustratrice britannique. Son travail couvre la publicit\u00e9, les fresques murales, l\u2019\u00e9dition, le branding, le design de surfaces, l\u2019\u00e9dition, les licences et l\u2019illustration corporate, et a \u00e9t\u00e9 pr\u00e9sent\u00e9 aussi bien dans des magazines que sur le flanc d\u2019un avion ou sur un tramway \u00e0 Hong Kong. Elle se consacre aujourd\u2019hui [&hellip;]<\/p>\n                    <\/div>\n                            <\/article>\n                    <article class=\"artiste-card\">\n                <a class=\"artiste-thumb\" href=\"https:\/\/saintpierredemejans.com\/en\/artistes\/danielle-benvenuto-usa-allemagne\/\">\n                    <img loading=\"lazy\" decoding=\"async\" width=\"817\" height=\"1024\" src=\"https:\/\/saintpierredemejans.com\/wp-content\/uploads\/2025\/12\/Danielle-Benvenuto-2025-817x1024.jpeg\" class=\"attachment-large size-large wp-post-image\" alt=\"\" \/>                <\/a>\n\n                <h3 class=\"artiste-title\">\n                    <a href=\"https:\/\/saintpierredemejans.com\/en\/artistes\/danielle-benvenuto-usa-allemagne\/\">Danielle Benvenuto &#8211; USA &amp; Allemagne<\/a>\n                <\/h3>\n\n                                    <div class=\"artiste-badges\"><a class=\"artiste-badge badge-annee_residence\" href=\"https:\/\/saintpierredemejans.com\/en\/annee-residence\/2025\/\"><span class=\"badge-label\">Ann\u00e9e de r\u00e9sidence :<\/span> 2025<\/a><\/div>                \n                                    <div class=\"artiste-excerpt\">\n                        <p>Originaire des \u00c9tats-Unis et bas\u00e9e \u00e0 Berlin, Danielle Benvenuto est une ancienne psychoth\u00e9rapeute de New York qui a chang\u00e9 de voie il y a sept ans pour se consacrer \u00e0 l&rsquo;art et \u00e0 l&rsquo;\u00e9criture. Aujourd&rsquo;hui, elle explore la po\u00e9sie, les r\u00e9cits cr\u00e9atifs et la peinture, passant de l&rsquo;abstraction \u00e0 l&rsquo;art urbain, avec les questions comme [&hellip;]<\/p>\n                    <\/div>\n                            <\/article>\n                    <article class=\"artiste-card\">\n                <a class=\"artiste-thumb\" href=\"https:\/\/saintpierredemejans.com\/en\/artistes\/dorit-dscarlett\/\">\n                    <img loading=\"lazy\" decoding=\"async\" width=\"479\" height=\"487\" src=\"https:\/\/saintpierredemejans.com\/wp-content\/uploads\/2025\/12\/dorit.jpg\" class=\"attachment-large size-large wp-post-image\" alt=\"\" srcset=\"https:\/\/saintpierredemejans.com\/wp-content\/uploads\/2025\/12\/dorit.jpg 479w, https:\/\/saintpierredemejans.com\/wp-content\/uploads\/2025\/12\/dorit-295x300.jpg 295w, https:\/\/saintpierredemejans.com\/wp-content\/uploads\/2025\/12\/dorit-12x12.jpg 12w\" sizes=\"(max-width: 479px) 100vw, 479px\" \/>                <\/a>\n\n                <h3 class=\"artiste-title\">\n                    <a href=\"https:\/\/saintpierredemejans.com\/en\/artistes\/dorit-dscarlett\/\">Dorit D&rsquo;Scarlett<\/a>\n                <\/h3>\n\n                                    <div class=\"artiste-badges\"><a class=\"artiste-badge badge-annee_residence\" href=\"https:\/\/saintpierredemejans.com\/en\/annee-residence\/2024\/\"><span class=\"badge-label\">Ann\u00e9e de r\u00e9sidence :<\/span> 2024<\/a><\/div>                \n                                    <div class=\"artiste-excerpt\">\n                        <p>Dorit D&rsquo;Scarlett est une \u00e9crivaine australienne qui est passionn\u00e9e d&rsquo;histoire et tout particuli\u00e8re de l&rsquo;histoire de France. Elle travaille sur un roman historique du Moyen Age et profite de son s\u00e9jour au prieur\u00e9 du 12\u00e8me si\u00e8cle ainsi que la r\u00e9gion pour profondeur ses recherches.<\/p>\n                    <\/div>\n                            <\/article>\n                    <article class=\"artiste-card\">\n                <a class=\"artiste-thumb\" href=\"https:\/\/saintpierredemejans.com\/en\/artistes\/louise-pauliac-paris\/\">\n                    <img loading=\"lazy\" decoding=\"async\" width=\"469\" height=\"586\" src=\"https:\/\/saintpierredemejans.com\/wp-content\/uploads\/2025\/12\/louise-pauliac.jpg\" class=\"attachment-large size-large wp-post-image\" alt=\"\" srcset=\"https:\/\/saintpierredemejans.com\/wp-content\/uploads\/2025\/12\/louise-pauliac.jpg 469w, https:\/\/saintpierredemejans.com\/wp-content\/uploads\/2025\/12\/louise-pauliac-240x300.jpg 240w, https:\/\/saintpierredemejans.com\/wp-content\/uploads\/2025\/12\/louise-pauliac-10x12.jpg 10w\" sizes=\"(max-width: 469px) 100vw, 469px\" \/>                <\/a>\n\n                <h3 class=\"artiste-title\">\n                    <a href=\"https:\/\/saintpierredemejans.com\/en\/artistes\/louise-pauliac-paris\/\">Louise Pauliac &#8211; Paris<\/a>\n                <\/h3>\n\n                                    <div class=\"artiste-badges\"><a class=\"artiste-badge badge-annee_residence\" href=\"https:\/\/saintpierredemejans.com\/en\/annee-residence\/2023\/\"><span class=\"badge-label\">Ann\u00e9e de r\u00e9sidence :<\/span> 2023<\/a><\/div>                \n                                    <div class=\"artiste-excerpt\">\n                        <p>Notre premi\u00e8re artiste au ch\u00e2teau ! Louise, une dramaturge et metteuse en sc\u00e8ne Parisienne, s\u00e9journera au ch\u00e2teau en Mars afin de terminer l\u2019\u00e9criture de sa nouvelle pi\u00e8ce : Lorem Ipsum, Derni\u00e8re version. C\u2019est une cr\u00e9ation sur laquelle sa compagnie travaille depuis plus de 2 ans et qui questionne nos imaginaires et nos r\u00e9cits face \u00e0 [&hellip;]<\/p>\n                    <\/div>\n                            <\/article>\n            <\/div>\n\n    <!-- [et_pb_line_break_holder] -->[\/et_pb_code][\/et_pb_column][\/et_pb_row][\/et_pb_section][et_pb_section fb_built=\u00a0\u00bb1&Prime; admin_label=\u00a0\u00bbServices\u00a0\u00bb _builder_version=\u00a0\u00bb4.27.4&Prime; _module_preset=\u00a0\u00bbdefault\u00a0\u00bb background_color=\u00a0\u00bbRGBA(0,0,0,0)\u00a0\u00bb background_color_gradient_direction=\u00a0\u00bb92deg\u00a0\u00bb custom_margin=\u00a0\u00bb-1px||29px||false|false\u00a0\u00bb custom_padding=\u00a0\u00bb0px||0px||true|\u00a0\u00bb da_disable_devices=\u00a0\u00bboff|off|off\u00a0\u00bb locked=\u00a0\u00bboff\u00a0\u00bb global_colors_info=\u00a0\u00bb{}\u00a0\u00bb da_is_popup=\u00a0\u00bboff\u00a0\u00bb da_exit_intent=\u00a0\u00bboff\u00a0\u00bb da_has_close=\u00a0\u00bbon\u00a0\u00bb da_alt_close=\u00a0\u00bboff\u00a0\u00bb da_dark_close=\u00a0\u00bboff\u00a0\u00bb da_not_modal=\u00a0\u00bbon\u00a0\u00bb da_is_singular=\u00a0\u00bboff\u00a0\u00bb da_with_loader=\u00a0\u00bboff\u00a0\u00bb da_has_shadow=\u00a0\u00bbon\u00a0\u00bb][et_pb_row column_structure=\u00a0\u00bb1_2,1_2&Prime; _builder_version=\u00a0\u00bb4.27.4&Prime; _module_preset=\u00a0\u00bbdefault\u00a0\u00bb background_color=\u00a0\u00bbRGBA(0,0,0,0)\u00a0\u00bb custom_margin=\u00a0\u00bb0px|auto||auto|false|false\u00a0\u00bb custom_padding=\u00a0\u00bb15px||0px|||\u00a0\u00bb locked=\u00a0\u00bboff\u00a0\u00bb global_colors_info=\u00a0\u00bb{}\u00a0\u00bb][et_pb_column type=\u00a0\u00bb1_2&Prime; _builder_version=\u00a0\u00bb4.16&Prime; _module_preset=\u00a0\u00bbdefault\u00a0\u00bb global_colors_info=\u00a0\u00bb{}\u00a0\u00bb][et_pb_text _builder_version=\u00a0\u00bb4.27.4&Prime; _module_preset=\u00a0\u00bbdefault\u00a0\u00bb text_line_height=\u00a0\u00bb2em\u00a0\u00bb header_2_font=\u00a0\u00bb|||on|||||\u00a0\u00bb header_2_font_size=\u00a0\u00bb38px\u00a0\u00bb header_2_letter_spacing=\u00a0\u00bb0.1em\u00a0\u00bb header_2_line_height=\u00a0\u00bb1.2em\u00a0\u00bb text_orientation=\u00a0\u00bbjustified\u00a0\u00bb header_2_font_size_tablet=\u00a0\u00bb30px\u00a0\u00bb header_2_font_size_phone=\u00a0\u00bb20px\u00a0\u00bb header_2_font_size_last_edited=\u00a0\u00bbon|phone\u00a0\u00bb locked=\u00a0\u00bboff\u00a0\u00bb global_colors_info=\u00a0\u00bb{}\u00a0\u00bb]<\/p>\n<p><img loading=\"lazy\" decoding=\"async\" src=\"https:\/\/saintpierredemejans.com\/wp-content\/uploads\/2021\/06\/logo-mejans-75prct-300x205.png\" width=\"52\" height=\"36\" alt=\"\" class=\"wp-image-125 alignleft size-medium\" \/><\/p>\n<h2 style=\"text-align: left\"><b>L&rsquo;ART AU CH\u00c2TEAU<\/b><\/h2>\n<p>[\/et_pb_text][\/et_pb_column][et_pb_column type=\u00a0\u00bb1_2&Prime; _builder_version=\u00a0\u00bb4.16&Prime; _module_preset=\u00a0\u00bbdefault\u00a0\u00bb global_colors_info=\u00a0\u00bb{}\u00a0\u00bb][et_pb_divider show_divider=\u00a0\u00bboff\u00a0\u00bb _builder_version=\u00a0\u00bb4.16&Prime; _module_preset=\u00a0\u00bbdefault\u00a0\u00bb background_enable_color=\u00a0\u00bboff\u00a0\u00bb background_image=\u00a0\u00bbhttps:\/\/saintpierredemejans.com\/wp-content\/uploads\/2021\/05\/angled-line-pattern-dark.png\u00a0\u00bb background_size=\u00a0\u00bbinitial\u00a0\u00bb background_repeat=\u00a0\u00bbrepeat-x\u00a0\u00bb height=\u00a0\u00bb32px\u00a0\u00bb custom_margin=\u00a0\u00bb11px||||false|false\u00a0\u00bb locked=\u00a0\u00bboff\u00a0\u00bb global_colors_info=\u00a0\u00bb{}\u00a0\u00bb][\/et_pb_divider][\/et_pb_column][\/et_pb_row][et_pb_row _builder_version=\u00a0\u00bb4.27.4&Prime; _module_preset=\u00a0\u00bbdefault\u00a0\u00bb global_colors_info=\u00a0\u00bb{}\u00a0\u00bb][et_pb_column type=\u00a0\u00bb4_4&Prime; _builder_version=\u00a0\u00bb4.27.4&Prime; _module_preset=\u00a0\u00bbdefault\u00a0\u00bb global_colors_info=\u00a0\u00bb{}\u00a0\u00bb][et_pb_text _builder_version=\u00a0\u00bb4.27.4&Prime; _module_preset=\u00a0\u00bbdefault\u00a0\u00bb global_colors_info=\u00a0\u00bb{}\u00a0\u00bb]<\/p>\n<p><span>Au Ch\u00e2teau Saint-Pierre de Mejans, l\u2019art et la nature s\u2019unissent pour cr\u00e9er une exp\u00e9rience inspirante pour tous ceux qui le visitent. Nos jardins servent de galerie vivante, pr\u00e9sentant une \u00e9tonnante collection de sculptures d\u2019artistes talentueux du monde entier. <\/span><\/p>\n<p><span>Ces \u0153uvres d\u2019art sont judicieusement plac\u00e9es dans le paysage, mettant en valeur la beaut\u00e9 naturelle des environs tout en invitant \u00e0 la contemplation et \u00e0 la cr\u00e9ativit\u00e9.<\/span><\/p>\n<p>[\/et_pb_text][\/et_pb_column][\/et_pb_row][et_pb_row column_structure=\u00a0\u00bb1_3,1_3,1_3&Prime; use_custom_gutter=\u00a0\u00bbon\u00a0\u00bb gutter_width=\u00a0\u00bb2&Prime; make_equal=\u00a0\u00bbon\u00a0\u00bb _builder_version=\u00a0\u00bb4.16&Prime; _module_preset=\u00a0\u00bbdefault\u00a0\u00bb custom_padding=\u00a0\u00bb||0px|||\u00a0\u00bb locked=\u00a0\u00bboff\u00a0\u00bb global_colors_info=\u00a0\u00bb{}\u00a0\u00bb][et_pb_column type=\u00a0\u00bb1_3&Prime; _builder_version=\u00a0\u00bb4.16&Prime; _module_preset=\u00a0\u00bbdefault\u00a0\u00bb global_colors_info=\u00a0\u00bb{}\u00a0\u00bb][et_pb_image src=\u00a0\u00bbhttps:\/\/saintpierredemejans.com\/wp-content\/uploads\/2025\/02\/Chambres-mai-2022-VincentAGNES-104-scaled.jpg\u00a0\u00bb alt=\u00a0\u00bbwine glass on table\u00a0\u00bb title_text=\u00a0\u00bbChambres mai 2022 &#8211; VincentAGNES-104&Prime; src_tablet=\u00a0\u00bb\u00a0\u00bb src_phone=\u00a0\u00bb\u00a0\u00bb src_last_edited=\u00a0\u00bbon|desktop\u00a0\u00bb _builder_version=\u00a0\u00bb4.27.4&Prime; _module_preset=\u00a0\u00bbdefault\u00a0\u00bb global_colors_info=\u00a0\u00bb{}\u00a0\u00bb][\/et_pb_image][\/et_pb_column][et_pb_column type=\u00a0\u00bb1_3&Prime; _builder_version=\u00a0\u00bb4.16&Prime; _module_preset=\u00a0\u00bbdefault\u00a0\u00bb global_colors_info=\u00a0\u00bb{}\u00a0\u00bb][et_pb_image src=\u00a0\u00bbhttps:\/\/saintpierredemejans.com\/wp-content\/uploads\/2025\/02\/\u00a9M_W_Le-Guide-Sesame-46-scaled.jpg\u00a0\u00bb alt=\u00a0\u00bbwine glass on table\u00a0\u00bb title_text=\u00a0\u00bb\u00a9M_W_Le-Guide-Sesame-46&Prime; src_tablet=\u00a0\u00bb\u00a0\u00bb src_phone=\u00a0\u00bb\u00a0\u00bb src_last_edited=\u00a0\u00bbon|desktop\u00a0\u00bb _builder_version=\u00a0\u00bb4.27.4&Prime; _module_preset=\u00a0\u00bbdefault\u00a0\u00bb custom_margin=\u00a0\u00bb||53px|||\u00a0\u00bb global_colors_info=\u00a0\u00bb{}\u00a0\u00bb][\/et_pb_image][\/et_pb_column][et_pb_column type=\u00a0\u00bb1_3&Prime; _builder_version=\u00a0\u00bb4.16&Prime; _module_preset=\u00a0\u00bbdefault\u00a0\u00bb global_colors_info=\u00a0\u00bb{}\u00a0\u00bb][et_pb_image src=\u00a0\u00bbhttps:\/\/saintpierredemejans.com\/wp-content\/uploads\/2025\/02\/224-chateau-saint-pierre-de-mejans-oenotourisme-5d3_4311-scaled.jpg\u00a0\u00bb alt=\u00a0\u00bbInitiation_d\u00e9gustations\u00a0\u00bb title_text=\u00a0\u00bbJeff Habourdin Photographe\u00a0\u00bb _builder_version=\u00a0\u00bb4.27.4&Prime; _module_preset=\u00a0\u00bbdefault\u00a0\u00bb min_height=\u00a0\u00bb313px\u00a0\u00bb custom_margin=\u00a0\u00bb||6px|||\u00a0\u00bb custom_padding=\u00a0\u00bb||0px|||\u00a0\u00bb locked=\u00a0\u00bboff\u00a0\u00bb global_colors_info=\u00a0\u00bb{}\u00a0\u00bb][\/et_pb_image][\/et_pb_column][\/et_pb_row][et_pb_row column_structure=\u00a0\u00bb1_3,1_3,1_3&Prime; _builder_version=\u00a0\u00bb4.16&Prime; _module_preset=\u00a0\u00bbdefault\u00a0\u00bb min_height=\u00a0\u00bb249px\u00a0\u00bb custom_margin=\u00a0\u00bb|auto|12px|auto||\u00a0\u00bb custom_padding=\u00a0\u00bb||0px|||\u00a0\u00bb global_colors_info=\u00a0\u00bb{}\u00a0\u00bb][et_pb_column type=\u00a0\u00bb1_3&Prime; _builder_version=\u00a0\u00bb4.16&Prime; _module_preset=\u00a0\u00bbdefault\u00a0\u00bb global_colors_info=\u00a0\u00bb{}\u00a0\u00bb][et_pb_blurb title=\u00a0\u00bbPARCOURS ARTISTIQUE\u00a0\u00bb use_icon=\u00a0\u00bbon\u00a0\u00bb icon_alignment=\u00a0\u00bbleft\u00a0\u00bb content_max_width=\u00a0\u00bb100%\u00a0\u00bb _builder_version=\u00a0\u00bb4.27.4&Prime; _module_preset=\u00a0\u00bbdefault\u00a0\u00bb header_font=\u00a0\u00bb|700|||||||\u00a0\u00bb header_font_size=\u00a0\u00bb16px\u00a0\u00bb header_line_height=\u00a0\u00bb1.2em\u00a0\u00bb body_font=\u00a0\u00bb||||||||\u00a0\u00bb body_line_height=\u00a0\u00bb1.6em\u00a0\u00bb custom_padding=\u00a0\u00bb20px|20px|20px|20px|true|true\u00a0\u00bb header_font_size_tablet=\u00a0\u00bb18px\u00a0\u00bb header_font_size_phone=\u00a0\u00bb16px\u00a0\u00bb header_font_size_last_edited=\u00a0\u00bbon|phone\u00a0\u00bb body_font_size_tablet=\u00a0\u00bb\u00a0\u00bb body_font_size_phone=\u00a0\u00bb14px\u00a0\u00bb body_font_size_last_edited=\u00a0\u00bbon|phone\u00a0\u00bb border_width_all=\u00a0\u00bb1px\u00a0\u00bb global_colors_info=\u00a0\u00bb{}\u00a0\u00bb]<\/p>\n<p><span>Dans nos jardins, chaque sculpture raconte une histoire unique, se fondant parfaitement dans les jardins vibrants du domaine. <\/span><\/p>\n<p><span>Qu\u2019il s\u2019agisse d\u2019\u0153uvres abstraites qui suscitent la curiosit\u00e9 ou d\u2019\u0153uvres figuratives qui \u00e9voquent l\u2019\u00e9motion, ces installations c\u00e9l\u00e8brent le lien entre l\u2019art, la nature et l\u2019esprit humain. <\/span><\/p>\n<p><span>Se promener dans les jardins devient un voyage immersif o\u00f9 l\u2019art et l\u2019environnement coexistent en parfait \u00e9quilibre.<\/span><\/p>\n<p>[\/et_pb_blurb][\/et_pb_column][et_pb_column type=\u00a0\u00bb1_3&Prime; _builder_version=\u00a0\u00bb4.16&Prime; _module_preset=\u00a0\u00bbdefault\u00a0\u00bb global_colors_info=\u00a0\u00bb{}\u00a0\u00bb][et_pb_image src=\u00a0\u00bbhttps:\/\/saintpierredemejans.com\/wp-content\/uploads\/2025\/11\/JazzDanceWine405sur597-scaled.jpg\u00a0\u00bb title_text=\u00a0\u00bbJeff Habourdin Photographe\u00a0\u00bb _builder_version=\u00a0\u00bb4.27.4&Prime; _module_preset=\u00a0\u00bbdefault\u00a0\u00bb global_colors_info=\u00a0\u00bb{}\u00a0\u00bb][\/et_pb_image][\/et_pb_column][et_pb_column type=\u00a0\u00bb1_3&Prime; _builder_version=\u00a0\u00bb4.16&Prime; _module_preset=\u00a0\u00bbdefault\u00a0\u00bb global_colors_info=\u00a0\u00bb{}\u00a0\u00bb][et_pb_blurb title=\u00a0\u00bbMUSIQUE DANS NOS JARDINS\u00a0\u00bb use_icon=\u00a0\u00bbon\u00a0\u00bb icon_alignment=\u00a0\u00bbleft\u00a0\u00bb content_max_width=\u00a0\u00bb100%\u00a0\u00bb _builder_version=\u00a0\u00bb4.27.4&Prime; _module_preset=\u00a0\u00bbdefault\u00a0\u00bb header_font=\u00a0\u00bb|700|||||||\u00a0\u00bb header_font_size=\u00a0\u00bb16px\u00a0\u00bb header_line_height=\u00a0\u00bb1.2em\u00a0\u00bb body_font=\u00a0\u00bb||||||||\u00a0\u00bb body_line_height=\u00a0\u00bb1.6em\u00a0\u00bb custom_padding=\u00a0\u00bb20px|20px|20px|20px|true|true\u00a0\u00bb header_font_size_tablet=\u00a0\u00bb18px\u00a0\u00bb header_font_size_phone=\u00a0\u00bb16px\u00a0\u00bb header_font_size_last_edited=\u00a0\u00bbon|phone\u00a0\u00bb body_font_size_tablet=\u00a0\u00bb\u00a0\u00bb body_font_size_phone=\u00a0\u00bb14px\u00a0\u00bb body_font_size_last_edited=\u00a0\u00bbon|phone\u00a0\u00bb border_width_all=\u00a0\u00bb1px\u00a0\u00bb locked=\u00a0\u00bboff\u00a0\u00bb global_colors_info=\u00a0\u00bb{}\u00a0\u00bb]<\/p>\n<p data-start=\"80\" data-end=\"129\">La musique est un art qui touche l&rsquo;\u00e2me.\u00a0 Elle traverse les \u00e9motions, raconte des histoires et nous unit tous, peu importe nos origines.\u00a0<\/p>\n<p>Chaque ann\u00e9e, aux beaux jours, nous vous invitons \u00e0 d\u00e9couvrir des performances musicales uniques, en plein air, entour\u00e9s de nature.\u00a0 Rejoignez-nous pour une exp\u00e9rience inoubliable o\u00f9 la musique et le paysage se rencontrent.\u00a0<\/p>\n<p>Vous trouverez le planning de nos \u00e9v\u00e9nements sur la page <span style=\"color: #0c71c3\"><strong><a href=\"https:\/\/saintpierredemejans.com\/evenements\/\" style=\"color: #0c71c3\">PRESTATIONS &#8211; EVENEMENTS<\/a><\/strong><\/span>.<\/p>\n<p data-start=\"455\" data-end=\"537\">\n<p>[\/et_pb_blurb][\/et_pb_column][\/et_pb_row][\/et_pb_section][et_pb_section fb_built=\u00a0\u00bb1&Prime; _builder_version=\u00a0\u00bb4.27.4&Prime; _module_preset=\u00a0\u00bbdefault\u00a0\u00bb da_disable_devices=\u00a0\u00bboff|off|off\u00a0\u00bb global_colors_info=\u00a0\u00bb{}\u00a0\u00bb da_is_popup=\u00a0\u00bboff\u00a0\u00bb da_exit_intent=\u00a0\u00bboff\u00a0\u00bb da_has_close=\u00a0\u00bbon\u00a0\u00bb da_alt_close=\u00a0\u00bboff\u00a0\u00bb da_dark_close=\u00a0\u00bboff\u00a0\u00bb da_not_modal=\u00a0\u00bbon\u00a0\u00bb da_is_singular=\u00a0\u00bboff\u00a0\u00bb da_with_loader=\u00a0\u00bboff\u00a0\u00bb da_has_shadow=\u00a0\u00bbon\u00a0\u00bb][\/et_pb_section][et_pb_section fb_built=\u00a0\u00bb1&Prime; custom_padding_last_edited=\u00a0\u00bbon|phone\u00a0\u00bb admin_label=\u00a0\u00bbFooter\u00a0\u00bb module_id=\u00a0\u00bbfooterelements\u00a0\u00bb _builder_version=\u00a0\u00bb4.16&Prime; _module_preset=\u00a0\u00bbdefault\u00a0\u00bb use_background_color_gradient=\u00a0\u00bbon\u00a0\u00bb background_color_gradient_direction=\u00a0\u00bb100deg\u00a0\u00bb background_color_gradient_stops=\u00a0\u00bbrgba(17,8,7,0.8) 0%|rgba(17,8,7,0.85) 100%\u00a0\u00bb background_color_gradient_overlays_image=\u00a0\u00bbon\u00a0\u00bb background_color_gradient_start=\u00a0\u00bbrgba(17,8,7,0.8)\u00a0\u00bb background_color_gradient_end=\u00a0\u00bbrgba(17,8,7,0.85)\u00a0\u00bb background_image=\u00a0\u00bbhttps:\/\/saintpierredemejans.com\/wp-content\/uploads\/2021\/05\/vue-chateau-st-pierre-mejans.jpg\u00a0\u00bb custom_margin=\u00a0\u00bb1px|||||\u00a0\u00bb custom_padding=\u00a0\u00bb0px||0px||true|false\u00a0\u00bb custom_padding_tablet=\u00a0\u00bb60px||60px||true|false\u00a0\u00bb custom_padding_phone=\u00a0\u00bb\u00a0\u00bb background_color_gradient_stops_tablet=\u00a0\u00bbrgba(17,8,7,0.8) 0%|rgba(17,8,7,0.85) 100%\u00a0\u00bb background_color_gradient_stops_phone=\u00a0\u00bbrgba(17,8,7,0.8) 0%|rgba(17,8,7,0.85) 100%\u00a0\u00bb da_popup_slug=\u00a0\u00bbfooterelements\u00a0\u00bb da_disable_devices=\u00a0\u00bboff|off|off\u00a0\u00bb global_module=\u00a0\u00bb302&Prime; locked=\u00a0\u00bboff\u00a0\u00bb global_colors_info=\u00a0\u00bb{}\u00a0\u00bb da_is_popup=\u00a0\u00bboff\u00a0\u00bb da_exit_intent=\u00a0\u00bboff\u00a0\u00bb da_has_close=\u00a0\u00bbon\u00a0\u00bb da_alt_close=\u00a0\u00bboff\u00a0\u00bb da_dark_close=\u00a0\u00bboff\u00a0\u00bb da_not_modal=\u00a0\u00bbon\u00a0\u00bb da_is_singular=\u00a0\u00bboff\u00a0\u00bb da_with_loader=\u00a0\u00bboff\u00a0\u00bb da_has_shadow=\u00a0\u00bbon\u00a0\u00bb][et_pb_row column_structure=\u00a0\u00bb1_4,1_4,1_4,1_4&Prime; use_custom_gutter=\u00a0\u00bbon\u00a0\u00bb gutter_width=\u00a0\u00bb1&Prime; _builder_version=\u00a0\u00bb4.27.4&Prime; _module_preset=\u00a0\u00bbdefault\u00a0\u00bb width=\u00a0\u00bb90%\u00a0\u00bb max_width=\u00a0\u00bb2560px\u00a0\u00bb custom_margin_tablet=\u00a0\u00bb\u00a0\u00bb custom_margin_phone=\u00a0\u00bb\u00a0\u00bb custom_margin_last_edited=\u00a0\u00bbon|desktop\u00a0\u00bb custom_padding=\u00a0\u00bb27px||2px|||\u00a0\u00bb global_colors_info=\u00a0\u00bb{}\u00a0\u00bb][et_pb_column type=\u00a0\u00bb1_4&Prime; _builder_version=\u00a0\u00bb4.16&Prime; _module_preset=\u00a0\u00bbdefault\u00a0\u00bb global_colors_info=\u00a0\u00bb{}\u00a0\u00bb][et_pb_text _builder_version=\u00a0\u00bb4.27.4&Prime; _module_preset=\u00a0\u00bbdefault\u00a0\u00bb header_2_font=\u00a0\u00bb||||||||\u00a0\u00bb header_2_font_size=\u00a0\u00bb39px\u00a0\u00bb header_2_letter_spacing=\u00a0\u00bb0.1em\u00a0\u00bb header_2_line_height=\u00a0\u00bb1.2em\u00a0\u00bb text_orientation=\u00a0\u00bbcenter\u00a0\u00bb background_layout=\u00a0\u00bbdark\u00a0\u00bb header_2_font_size_tablet=\u00a0\u00bb30px\u00a0\u00bb header_2_font_size_phone=\u00a0\u00bb20px\u00a0\u00bb header_2_font_size_last_edited=\u00a0\u00bbon|phone\u00a0\u00bb locked=\u00a0\u00bboff\u00a0\u00bb global_colors_info=\u00a0\u00bb{}\u00a0\u00bb]<\/p>\n<h3>Contactez\u2011nous<\/h3>\n<p>Pour tout renseignement, n&rsquo;h\u00e9sitez pas \u00e0 nous contacter.<\/p>\n<p>[\/et_pb_text][et_pb_contact_form captcha=\u00a0\u00bboff\u00a0\u00bb email=\u00a0\u00bbcontact@saintpierredemejans.com\u00a0\u00bb custom_message=\u00a0\u00bbMessage du formulaire de contact de https:\/\/saintpierredemejans.com\/||et_pb_line_break_holder||||et_pb_line_break_holder||Nom: %%Name%%||et_pb_line_break_holder||Email: %%Email%%||et_pb_line_break_holder||||et_pb_line_break_holder||Message: ||et_pb_line_break_holder||%%Message%%\u00a0\u00bb success_message=\u00a0\u00bbMessage envoy\u00e9, merci\u00a0\u00bb submit_button_text=\u00a0\u00bbEnvoyer\u00a0\u00bb _builder_version=\u00a0\u00bb4.27.5&Prime; _module_preset=\u00a0\u00bbdefault\u00a0\u00bb _unique_id=\u00a0\u00bb8d2a91db-c01c-42ee-b730-f6ce3a9c77ee\u00a0\u00bb custom_button=\u00a0\u00bbon\u00a0\u00bb button_on_hover=\u00a0\u00bboff\u00a0\u00bb button_custom_margin=\u00a0\u00bb|||2px|false|false\u00a0\u00bb button_custom_padding=\u00a0\u00bb1px||1px||true|false\u00a0\u00bb width=\u00a0\u00bb100%\u00a0\u00bb module_alignment=\u00a0\u00bbcenter\u00a0\u00bb custom_margin=\u00a0\u00bb||20px|||\u00a0\u00bb custom_padding=\u00a0\u00bb||2px|||\u00a0\u00bb global_colors_info=\u00a0\u00bb{}\u00a0\u00bb][et_pb_contact_field field_id=\u00a0\u00bbName\u00a0\u00bb field_title=\u00a0\u00bbNom\u00a0\u00bb _builder_version=\u00a0\u00bb4.16&Prime; form_field_background_color=\u00a0\u00bbrgba(255,255,255,0.64)\u00a0\u00bb form_field_text_color=\u00a0\u00bb#000000&Prime; form_field_focus_background_color=\u00a0\u00bbrgba(255,255,255,0.8)\u00a0\u00bb form_field_focus_text_color=\u00a0\u00bb#000000&Prime; background_enable_color=\u00a0\u00bboff\u00a0\u00bb global_colors_info=\u00a0\u00bb{}\u00a0\u00bb button_text_size__hover_enabled=\u00a0\u00bboff\u00a0\u00bb button_one_text_size__hover_enabled=\u00a0\u00bboff\u00a0\u00bb button_two_text_size__hover_enabled=\u00a0\u00bboff\u00a0\u00bb button_text_color__hover_enabled=\u00a0\u00bboff\u00a0\u00bb button_one_text_color__hover_enabled=\u00a0\u00bboff\u00a0\u00bb button_two_text_color__hover_enabled=\u00a0\u00bboff\u00a0\u00bb button_border_width__hover_enabled=\u00a0\u00bboff\u00a0\u00bb button_one_border_width__hover_enabled=\u00a0\u00bboff\u00a0\u00bb button_two_border_width__hover_enabled=\u00a0\u00bboff\u00a0\u00bb button_border_color__hover_enabled=\u00a0\u00bboff\u00a0\u00bb button_one_border_color__hover_enabled=\u00a0\u00bboff\u00a0\u00bb button_two_border_color__hover_enabled=\u00a0\u00bboff\u00a0\u00bb button_border_radius__hover_enabled=\u00a0\u00bboff\u00a0\u00bb button_one_border_radius__hover_enabled=\u00a0\u00bboff\u00a0\u00bb button_two_border_radius__hover_enabled=\u00a0\u00bboff\u00a0\u00bb button_letter_spacing__hover_enabled=\u00a0\u00bboff\u00a0\u00bb button_one_letter_spacing__hover_enabled=\u00a0\u00bboff\u00a0\u00bb button_two_letter_spacing__hover_enabled=\u00a0\u00bboff\u00a0\u00bb button_bg_color__hover_enabled=\u00a0\u00bboff\u00a0\u00bb button_one_bg_color__hover_enabled=\u00a0\u00bboff\u00a0\u00bb button_two_bg_color__hover_enabled=\u00a0\u00bboff\u00a0\u00bb][\/et_pb_contact_field][et_pb_contact_field field_id=\u00a0\u00bbEmail\u00a0\u00bb field_title=\u00a0\u00bbAdresse e-mail\u00a0\u00bb field_type=\u00a0\u00bbemail\u00a0\u00bb _builder_version=\u00a0\u00bb4.16&Prime; form_field_background_color=\u00a0\u00bbrgba(255,255,255,0.64)\u00a0\u00bb form_field_text_color=\u00a0\u00bb#000000&Prime; form_field_focus_background_color=\u00a0\u00bbrgba(255,255,255,0.8)\u00a0\u00bb form_field_focus_text_color=\u00a0\u00bb#000000&Prime; global_colors_info=\u00a0\u00bb{}\u00a0\u00bb button_text_size__hover_enabled=\u00a0\u00bboff\u00a0\u00bb button_one_text_size__hover_enabled=\u00a0\u00bboff\u00a0\u00bb button_two_text_size__hover_enabled=\u00a0\u00bboff\u00a0\u00bb button_text_color__hover_enabled=\u00a0\u00bboff\u00a0\u00bb button_one_text_color__hover_enabled=\u00a0\u00bboff\u00a0\u00bb button_two_text_color__hover_enabled=\u00a0\u00bboff\u00a0\u00bb button_border_width__hover_enabled=\u00a0\u00bboff\u00a0\u00bb button_one_border_width__hover_enabled=\u00a0\u00bboff\u00a0\u00bb button_two_border_width__hover_enabled=\u00a0\u00bboff\u00a0\u00bb button_border_color__hover_enabled=\u00a0\u00bboff\u00a0\u00bb button_one_border_color__hover_enabled=\u00a0\u00bboff\u00a0\u00bb button_two_border_color__hover_enabled=\u00a0\u00bboff\u00a0\u00bb button_border_radius__hover_enabled=\u00a0\u00bboff\u00a0\u00bb button_one_border_radius__hover_enabled=\u00a0\u00bboff\u00a0\u00bb button_two_border_radius__hover_enabled=\u00a0\u00bboff\u00a0\u00bb button_letter_spacing__hover_enabled=\u00a0\u00bboff\u00a0\u00bb button_one_letter_spacing__hover_enabled=\u00a0\u00bboff\u00a0\u00bb button_two_letter_spacing__hover_enabled=\u00a0\u00bboff\u00a0\u00bb button_bg_color__hover_enabled=\u00a0\u00bboff\u00a0\u00bb button_one_bg_color__hover_enabled=\u00a0\u00bboff\u00a0\u00bb button_two_bg_color__hover_enabled=\u00a0\u00bboff\u00a0\u00bb][\/et_pb_contact_field][et_pb_contact_field field_id=\u00a0\u00bbMessage\u00a0\u00bb field_title=\u00a0\u00bbMessage\u00a0\u00bb field_type=\u00a0\u00bbtext\u00a0\u00bb fullwidth_field=\u00a0\u00bbon\u00a0\u00bb _builder_version=\u00a0\u00bb4.16&Prime; form_field_background_color=\u00a0\u00bbrgba(255,255,255,0.64)\u00a0\u00bb form_field_text_color=\u00a0\u00bb#000000&Prime; form_field_focus_background_color=\u00a0\u00bbrgba(255,255,255,0.8)\u00a0\u00bb form_field_focus_text_color=\u00a0\u00bb#000000&Prime; max_height=\u00a0\u00bb63px\u00a0\u00bb custom_margin=\u00a0\u00bb0px||||false|false\u00a0\u00bb global_colors_info=\u00a0\u00bb{}\u00a0\u00bb button_text_size__hover_enabled=\u00a0\u00bboff\u00a0\u00bb button_one_text_size__hover_enabled=\u00a0\u00bboff\u00a0\u00bb button_two_text_size__hover_enabled=\u00a0\u00bboff\u00a0\u00bb button_text_color__hover_enabled=\u00a0\u00bboff\u00a0\u00bb button_one_text_color__hover_enabled=\u00a0\u00bboff\u00a0\u00bb button_two_text_color__hover_enabled=\u00a0\u00bboff\u00a0\u00bb button_border_width__hover_enabled=\u00a0\u00bboff\u00a0\u00bb button_one_border_width__hover_enabled=\u00a0\u00bboff\u00a0\u00bb button_two_border_width__hover_enabled=\u00a0\u00bboff\u00a0\u00bb button_border_color__hover_enabled=\u00a0\u00bboff\u00a0\u00bb button_one_border_color__hover_enabled=\u00a0\u00bboff\u00a0\u00bb button_two_border_color__hover_enabled=\u00a0\u00bboff\u00a0\u00bb button_border_radius__hover_enabled=\u00a0\u00bboff\u00a0\u00bb button_one_border_radius__hover_enabled=\u00a0\u00bboff\u00a0\u00bb button_two_border_radius__hover_enabled=\u00a0\u00bboff\u00a0\u00bb button_letter_spacing__hover_enabled=\u00a0\u00bboff\u00a0\u00bb button_one_letter_spacing__hover_enabled=\u00a0\u00bboff\u00a0\u00bb button_two_letter_spacing__hover_enabled=\u00a0\u00bboff\u00a0\u00bb button_bg_color__hover_enabled=\u00a0\u00bboff\u00a0\u00bb button_one_bg_color__hover_enabled=\u00a0\u00bboff\u00a0\u00bb button_two_bg_color__hover_enabled=\u00a0\u00bboff\u00a0\u00bb][\/et_pb_contact_field][\/et_pb_contact_form][\/et_pb_column][et_pb_column type=\u00a0\u00bb1_4&Prime; _builder_version=\u00a0\u00bb4.16&Prime; _module_preset=\u00a0\u00bbdefault\u00a0\u00bb custom_padding=\u00a0\u00bb|||26px|false|false\u00a0\u00bb global_colors_info=\u00a0\u00bb{}\u00a0\u00bb][et_pb_blurb title=\u00a0\u00bbHoraires\u00a0\u00bb use_icon=\u00a0\u00bbon\u00a0\u00bb font_icon=\u00a0\u00bb&#xe06b;||divi||400&Prime; icon_color=\u00a0\u00bb#dbc2b3&Prime; icon_placement=\u00a0\u00bbleft\u00a0\u00bb image_icon_width=\u00a0\u00bb30px\u00a0\u00bb _builder_version=\u00a0\u00bb4.27.5&Prime; _module_preset=\u00a0\u00bbdefault\u00a0\u00bb header_level=\u00a0\u00bbh3&Prime; header_font=\u00a0\u00bb|700||on|||||\u00a0\u00bb header_text_align=\u00a0\u00bbleft\u00a0\u00bb header_text_color=\u00a0\u00bb#ddcdba\u00a0\u00bb header_font_size=\u00a0\u00bb14px\u00a0\u00bb header_letter_spacing=\u00a0\u00bb4px\u00a0\u00bb header_line_height=\u00a0\u00bb1.2em\u00a0\u00bb body_font=\u00a0\u00bb||||||||\u00a0\u00bb body_text_align=\u00a0\u00bbleft\u00a0\u00bb body_font_size=\u00a0\u00bb17px\u00a0\u00bb body_line_height=\u00a0\u00bb1.6em\u00a0\u00bb text_orientation=\u00a0\u00bbcenter\u00a0\u00bb background_layout=\u00a0\u00bbdark\u00a0\u00bb custom_margin=\u00a0\u00bb||11px||false|false\u00a0\u00bb body_font_size_tablet=\u00a0\u00bb24px\u00a0\u00bb body_font_size_phone=\u00a0\u00bb22px\u00a0\u00bb body_font_size_last_edited=\u00a0\u00bbon|tablet\u00a0\u00bb icon_font_size=\u00a0\u00bb30px\u00a0\u00bb global_colors_info=\u00a0\u00bb{}\u00a0\u00bb]<\/p>\n<p>Ouvert de 10h \u00e0 18h.<br \/>Du Mardi au Samedi<\/p>\n<p>[\/et_pb_blurb][et_pb_blurb title=\u00a0\u00bbContact\u00a0\u00bb use_icon=\u00a0\u00bbon\u00a0\u00bb font_icon=\u00a0\u00bb&#xe090;||divi||400&Prime; icon_color=\u00a0\u00bb#dbc2b3&Prime; icon_placement=\u00a0\u00bbleft\u00a0\u00bb image_icon_width=\u00a0\u00bb30px\u00a0\u00bb _builder_version=\u00a0\u00bb4.27.5&Prime; _module_preset=\u00a0\u00bbdefault\u00a0\u00bb header_level=\u00a0\u00bbh3&Prime; header_font=\u00a0\u00bb|700||on|||||\u00a0\u00bb header_text_align=\u00a0\u00bbleft\u00a0\u00bb header_text_color=\u00a0\u00bb#ddcdba\u00a0\u00bb header_font_size=\u00a0\u00bb14px\u00a0\u00bb header_letter_spacing=\u00a0\u00bb4px\u00a0\u00bb header_line_height=\u00a0\u00bb1.2em\u00a0\u00bb body_font=\u00a0\u00bb||||||||\u00a0\u00bb body_text_align=\u00a0\u00bbleft\u00a0\u00bb body_font_size=\u00a0\u00bb17px\u00a0\u00bb body_line_height=\u00a0\u00bb1.6em\u00a0\u00bb text_orientation=\u00a0\u00bbcenter\u00a0\u00bb background_layout=\u00a0\u00bbdark\u00a0\u00bb custom_margin=\u00a0\u00bb||11px||false|false\u00a0\u00bb body_font_size_tablet=\u00a0\u00bb24px\u00a0\u00bb body_font_size_phone=\u00a0\u00bb22px\u00a0\u00bb body_font_size_last_edited=\u00a0\u00bbon|tablet\u00a0\u00bb icon_font_size=\u00a0\u00bb30px\u00a0\u00bb locked=\u00a0\u00bboff\u00a0\u00bb global_colors_info=\u00a0\u00bb{}\u00a0\u00bb]<\/p>\n<p>+33 4 90 08 70 10<\/p>\n<p>[\/et_pb_blurb][et_pb_blurb title=\u00a0\u00bbAdresse\u00a0\u00bb use_icon=\u00a0\u00bbon\u00a0\u00bb font_icon=\u00a0\u00bb&#xe082;||divi||400&Prime; icon_color=\u00a0\u00bb#dbc2b3&Prime; icon_placement=\u00a0\u00bbleft\u00a0\u00bb image_icon_width=\u00a0\u00bb30px\u00a0\u00bb _builder_version=\u00a0\u00bb4.27.5&Prime; _module_preset=\u00a0\u00bbdefault\u00a0\u00bb header_level=\u00a0\u00bbh3&Prime; header_font=\u00a0\u00bb|700||on|||||\u00a0\u00bb header_text_align=\u00a0\u00bbleft\u00a0\u00bb header_text_color=\u00a0\u00bb#ddcdba\u00a0\u00bb header_font_size=\u00a0\u00bb14px\u00a0\u00bb header_letter_spacing=\u00a0\u00bb4px\u00a0\u00bb header_line_height=\u00a0\u00bb1.2em\u00a0\u00bb body_font=\u00a0\u00bb||||||||\u00a0\u00bb body_text_align=\u00a0\u00bbleft\u00a0\u00bb body_font_size=\u00a0\u00bb17px\u00a0\u00bb body_line_height=\u00a0\u00bb1.6em\u00a0\u00bb text_orientation=\u00a0\u00bbcenter\u00a0\u00bb background_layout=\u00a0\u00bbdark\u00a0\u00bb custom_margin=\u00a0\u00bb||11px||false|false\u00a0\u00bb body_font_size_tablet=\u00a0\u00bb24px\u00a0\u00bb body_font_size_phone=\u00a0\u00bb22px\u00a0\u00bb body_font_size_last_edited=\u00a0\u00bbon|tablet\u00a0\u00bb icon_font_size=\u00a0\u00bb30px\u00a0\u00bb locked=\u00a0\u00bboff\u00a0\u00bb global_colors_info=\u00a0\u00bb{}\u00a0\u00bb]<\/p>\n<p>2 Voie Communale Jas de Puyvert<br \/>84160 Puyvert, France<\/p>\n<p>[\/et_pb_blurb][\/et_pb_column][et_pb_column type=\u00a0\u00bb1_4&Prime; _builder_version=\u00a0\u00bb4.16&Prime; _module_preset=\u00a0\u00bbdefault\u00a0\u00bb global_colors_info=\u00a0\u00bb{}\u00a0\u00bb][et_pb_signup mailchimp_list=\u00a0\u00bbSt Pierre Mejans API mailchimp|7450c8c3fe\u00a0\u00bb first_name_fullwidth=\u00a0\u00bboff\u00a0\u00bb last_name_fullwidth=\u00a0\u00bboff\u00a0\u00bb email_fullwidth=\u00a0\u00bboff\u00a0\u00bb success_message=\u00a0\u00bbMerci pour votre inscription! \u00a0\u00bb title=\u00a0\u00bbNewsletter\u00a0\u00bb button_text=\u00a0\u00bbS&rsquo;inscrire\u00a0\u00bb description=\u00a0\u00bb<\/p>\n<p>Abonnez-vous \u00e0 notre newsletter pour recevoir les derni\u00e8res nouvelles et offres du domaine<\/p>\n<p>\u00a0\u00bb _builder_version=\u00a0\u00bb4.27.4&Prime; _module_preset=\u00a0\u00bbdefault\u00a0\u00bb form_field_background_color=\u00a0\u00bbrgba(255,255,255,0.94)\u00a0\u00bb form_field_text_color=\u00a0\u00bb#000000&Prime; form_field_custom_margin=\u00a0\u00bb-13px||||false|false\u00a0\u00bb background_enable_color=\u00a0\u00bboff\u00a0\u00bb background_enable_image=\u00a0\u00bboff\u00a0\u00bb background_blend=\u00a0\u00bboverlay\u00a0\u00bb custom_button=\u00a0\u00bbon\u00a0\u00bb button_text_size=\u00a0\u00bb22px\u00a0\u00bb button_text_color=\u00a0\u00bb#FFFFFF\u00a0\u00bb button_use_icon=\u00a0\u00bboff\u00a0\u00bb button_custom_padding=\u00a0\u00bb2px||2px||true|false\u00a0\u00bb module_alignment=\u00a0\u00bbcenter\u00a0\u00bb custom_margin=\u00a0\u00bb||||false|false\u00a0\u00bb custom_padding=\u00a0\u00bb3px||||false|false\u00a0\u00bb border_radii_fields=\u00a0\u00bbon|1px|1px|1px|1px\u00a0\u00bb global_colors_info=\u00a0\u00bb{}\u00a0\u00bb][et_pb_signup_custom_field field_id=\u00a0\u00bbField_1&Prime; _builder_version=\u00a0\u00bb4.27.4&Prime; _module_preset=\u00a0\u00bbdefault\u00a0\u00bb global_colors_info=\u00a0\u00bb{}\u00a0\u00bb][\/et_pb_signup_custom_field][\/et_pb_signup][\/et_pb_column][et_pb_column type=\u00a0\u00bb1_4&Prime; _builder_version=\u00a0\u00bb4.16&Prime; _module_preset=\u00a0\u00bbdefault\u00a0\u00bb global_colors_info=\u00a0\u00bb{}\u00a0\u00bb][et_pb_image src=\u00a0\u00bbhttps:\/\/saintpierredemejans.com\/wp-content\/uploads\/2025\/06\/Untitled-design-82.png\u00a0\u00bb title_text=\u00a0\u00bbUntitled design (82)\u00a0\u00bb _builder_version=\u00a0\u00bb4.27.4&Prime; _module_preset=\u00a0\u00bbdefault\u00a0\u00bb width=\u00a0\u00bb100%\u00a0\u00bb custom_padding=\u00a0\u00bb|||14px||\u00a0\u00bb custom_css_free_form=\u00a0\u00bbselector {display: inline-block;}\u00a0\u00bb global_colors_info=\u00a0\u00bb{}\u00a0\u00bb][\/et_pb_image][et_pb_social_media_follow icon_color=\u00a0\u00bb#ffffff\u00a0\u00bb use_icon_font_size=\u00a0\u00bbon\u00a0\u00bb icon_font_size=\u00a0\u00bb12px\u00a0\u00bb admin_label=\u00a0\u00bbSuivez-nous sur les r\u00e9seaux sociaux\u00a0\u00bb _builder_version=\u00a0\u00bb4.27.4&Prime; _module_preset=\u00a0\u00bbdefault\u00a0\u00bb text_orientation=\u00a0\u00bbcenter\u00a0\u00bb custom_margin=\u00a0\u00bb7px||9px|44px|false|false\u00a0\u00bb border_radii=\u00a0\u00bbon|25px|25px|25px|25px\u00a0\u00bb global_colors_info=\u00a0\u00bb{}\u00a0\u00bb][et_pb_social_media_follow_network social_network=\u00a0\u00bbfacebook\u00a0\u00bb url=\u00a0\u00bbhttps:\/\/www.facebook.com\/ChateauSaintPierredeMejans\u00a0\u00bb _builder_version=\u00a0\u00bb4.16&Prime; _module_preset=\u00a0\u00bbdefault\u00a0\u00bb background_color=\u00a0\u00bb#0C71C3&Prime; background_enable_color=\u00a0\u00bbon\u00a0\u00bb custom_padding=\u00a0\u00bb8px|8px|8px|8px|true|true\u00a0\u00bb global_colors_info=\u00a0\u00bb{}\u00a0\u00bb follow_button=\u00a0\u00bboff\u00a0\u00bb url_new_window=\u00a0\u00bbon\u00a0\u00bb]facebook[\/et_pb_social_media_follow_network][et_pb_social_media_follow_network social_network=\u00a0\u00bbinstagram\u00a0\u00bb url=\u00a0\u00bbhttps:\/\/www.instagram.com\/chateausaintpierredemejans\/\u00a0\u00bb _builder_version=\u00a0\u00bb4.16&Prime; _module_preset=\u00a0\u00bbdefault\u00a0\u00bb background_color=\u00a0\u00bb#ea2c59&Prime; background_enable_color=\u00a0\u00bbon\u00a0\u00bb custom_padding=\u00a0\u00bb8px|8px|8px|8px|true|true\u00a0\u00bb global_colors_info=\u00a0\u00bb{}\u00a0\u00bb follow_button=\u00a0\u00bboff\u00a0\u00bb url_new_window=\u00a0\u00bbon\u00a0\u00bb]instagram[\/et_pb_social_media_follow_network][\/et_pb_social_media_follow][\/et_pb_column][\/et_pb_row][et_pb_row _builder_version=\u00a0\u00bb4.27.5&Prime; _module_preset=\u00a0\u00bbdefault\u00a0\u00bb width=\u00a0\u00bb90%\u00a0\u00bb max_width=\u00a0\u00bb2560px\u00a0\u00bb custom_padding=\u00a0\u00bb3px||22px|||\u00a0\u00bb global_colors_info=\u00a0\u00bb{}\u00a0\u00bb][et_pb_column type=\u00a0\u00bb4_4&Prime; _builder_version=\u00a0\u00bb4.27.4&Prime; _module_preset=\u00a0\u00bbdefault\u00a0\u00bb global_colors_info=\u00a0\u00bb{}\u00a0\u00bb][et_pb_text _builder_version=\u00a0\u00bb4.27.5&Prime; _module_preset=\u00a0\u00bbdefault\u00a0\u00bb text_text_color=\u00a0\u00bb#FFFFFF\u00a0\u00bb text_font_size=\u00a0\u00bb14px\u00a0\u00bb text_letter_spacing=\u00a0\u00bb3px\u00a0\u00bb global_colors_info=\u00a0\u00bb{}\u00a0\u00bb]<\/p>\n<p style=\"text-align: center\"><span style=\"color: #ffffff\"><a style=\"color: #ffffff\" href=\"https:\/\/saintpierredemejans.com\/presse\/\">PRESSE<\/a> | <a style=\"color: #ffffff\" href=\"https:\/\/saintpierredemejans.com\/recrutement\/\">RECRUTEMENT<\/a>\u00a0 | <a style=\"color: #ffffff\" href=\"https:\/\/saintpierredemejans.com\/galerie-photos\/\">PHOTOS<\/a> | <a style=\"color: #ffffff\" href=\"https:\/\/saintpierredemejans.com\/actualites\/\">ACTUALIT\u00c9S<\/a> | <a style=\"color: #ffffff\" href=\"https:\/\/saintpierredemejans.com\/contact\/\">CONTACT<\/a><\/span><\/p>\n<p>[\/et_pb_text][\/et_pb_column][\/et_pb_row][\/et_pb_section]<\/p>\n","protected":false},"excerpt":{"rendered":"<p>[et_pb_section fb_built=\u00a0\u00bb1&Prime; admin_label=\u00a0\u00bbHeader\u00a0\u00bb _builder_version=\u00a0\u00bb4.27.4&Prime; _module_preset=\u00a0\u00bbdefault\u00a0\u00bb background_color=\u00a0\u00bbrgba(0,0,0,0.5)\u00a0\u00bb background_image=\u00a0\u00bbhttps:\/\/saintpierredemejans.com\/wp-content\/uploads\/2025\/02\/StPierre-de-Mejans-janvier-2021-VincentAGNES-85-scaled.jpg\u00a0\u00bb background_blend=\u00a0\u00bbdarken\u00a0\u00bb background_enable_video_mp4=\u00a0\u00bboff\u00a0\u00bb z_index=\u00a0\u00bb0&Prime; custom_margin=\u00a0\u00bb0px||0px||true|false\u00a0\u00bb custom_padding=\u00a0\u00bb108px||108px||true|false\u00a0\u00bb da_disable_devices=\u00a0\u00bboff|off|off\u00a0\u00bb global_colors_info=\u00a0\u00bb{}\u00a0\u00bb da_is_popup=\u00a0\u00bboff\u00a0\u00bb da_exit_intent=\u00a0\u00bboff\u00a0\u00bb da_has_close=\u00a0\u00bbon\u00a0\u00bb da_alt_close=\u00a0\u00bboff\u00a0\u00bb da_dark_close=\u00a0\u00bboff\u00a0\u00bb da_not_modal=\u00a0\u00bbon\u00a0\u00bb da_is_singular=\u00a0\u00bboff\u00a0\u00bb da_with_loader=\u00a0\u00bboff\u00a0\u00bb da_has_shadow=\u00a0\u00bbon\u00a0\u00bb][et_pb_row _builder_version=\u00a0\u00bb4.16&Prime; _module_preset=\u00a0\u00bbdefault\u00a0\u00bb custom_margin=\u00a0\u00bb|auto|-7px|auto||\u00a0\u00bb global_colors_info=\u00a0\u00bb{}\u00a0\u00bb][et_pb_column type=\u00a0\u00bb4_4&Prime; _builder_version=\u00a0\u00bb4.16&Prime; _module_preset=\u00a0\u00bbdefault\u00a0\u00bb global_colors_info=\u00a0\u00bb{}\u00a0\u00bb][et_pb_text _builder_version=\u00a0\u00bb4.27.4&Prime; _module_preset=\u00a0\u00bbdefault\u00a0\u00bb header_font=\u00a0\u00bb|||on|||||\u00a0\u00bb header_text_color=\u00a0\u00bb#FFFFFF\u00a0\u00bb header_font_size=\u00a0\u00bb48px\u00a0\u00bb header_letter_spacing=\u00a0\u00bb0.1em\u00a0\u00bb header_line_height=\u00a0\u00bb1.2em\u00a0\u00bb header_2_font=\u00a0\u00bb|700||on|||||\u00a0\u00bb header_2_text_color=\u00a0\u00bb#FFFFFF\u00a0\u00bb header_2_font_size=\u00a0\u00bb16px\u00a0\u00bb header_2_letter_spacing=\u00a0\u00bb6px\u00a0\u00bb header_2_line_height=\u00a0\u00bb1.2em\u00a0\u00bb width=\u00a0\u00bb100%\u00a0\u00bb custom_margin=\u00a0\u00bb||0px||false|false\u00a0\u00bb custom_padding=\u00a0\u00bb||0px|||\u00a0\u00bb header_font_size_tablet=\u00a0\u00bb60px\u00a0\u00bb header_font_size_phone=\u00a0\u00bb32px\u00a0\u00bb header_font_size_last_edited=\u00a0\u00bbon|phone\u00a0\u00bb header_2_font_size_tablet=\u00a0\u00bb14px\u00a0\u00bb header_2_font_size_phone=\u00a0\u00bb12px\u00a0\u00bb header_2_font_size_last_edited=\u00a0\u00bbon|phone\u00a0\u00bb global_colors_info=\u00a0\u00bb{}\u00a0\u00bb] Ch\u00e2teau Saint-pierre [&hellip;]<\/p>\n","protected":false},"author":1,"featured_media":4144,"parent":0,"menu_order":0,"comment_status":"closed","ping_status":"closed","template":"","meta":{"_et_pb_use_builder":"on","_et_pb_old_content":"","_et_gb_content_width":"","footnotes":""},"class_list":["post-4492","page","type-page","status-publish","has-post-thumbnail","hentry"],"yoast_head":"<!-- This site is optimized with the Yoast SEO plugin v27.4 - https:\/\/yoast.com\/product\/yoast-seo-wordpress\/ -->\n<title>Art | Ch\u00e2teau Saint-Pierre de Mejans | Vignoble<\/title>\n<meta name=\"description\" content=\"Evenement d&#039;art dans le Lub\u00e9ron, Ch\u00e2teau Saint-Pierre de Mejans \u00e0 Puyvert dans le Vaucluse domaine viticole et \u00e9v\u00e8nement priv\u00e9\" \/>\n<meta name=\"robots\" content=\"index, follow, max-snippet:-1, max-image-preview:large, max-video-preview:-1\" \/>\n<link rel=\"canonical\" href=\"https:\/\/saintpierredemejans.com\/en\/art\/\" \/>\n<meta property=\"og:locale\" content=\"en_GB\" \/>\n<meta property=\"og:type\" content=\"article\" \/>\n<meta property=\"og:title\" content=\"Art | Ch\u00e2teau Saint-Pierre de Mejans | Vignoble\" \/>\n<meta property=\"og:description\" content=\"Evenement d&#039;art dans le Lub\u00e9ron, Ch\u00e2teau Saint-Pierre de Mejans \u00e0 Puyvert dans le Vaucluse domaine viticole et \u00e9v\u00e8nement priv\u00e9\" \/>\n<meta property=\"og:url\" content=\"https:\/\/saintpierredemejans.com\/en\/art\/\" \/>\n<meta property=\"og:site_name\" content=\"Ch\u00e2teau Saint-Pierre de Mejans | Vignoble\" \/>\n<meta property=\"article:modified_time\" content=\"2026-04-23T13:15:18+00:00\" \/>\n<meta property=\"og:image\" content=\"https:\/\/saintpierredemejans.com\/wp-content\/uploads\/2024\/03\/Fanny-et-Sebastian-VincentAGNES-10-scaled.webp\" \/>\n\t<meta property=\"og:image:width\" content=\"2560\" \/>\n\t<meta property=\"og:image:height\" content=\"1707\" \/>\n\t<meta property=\"og:image:type\" content=\"image\/webp\" \/>\n<meta name=\"twitter:card\" content=\"summary_large_image\" \/>\n<meta name=\"twitter:label1\" content=\"Estimated reading time\" \/>\n\t<meta name=\"twitter:data1\" content=\"13 minutes\" \/>\n<script type=\"application\/ld+json\" class=\"yoast-schema-graph\">{\"@context\":\"https:\\\/\\\/schema.org\",\"@graph\":[{\"@type\":\"WebPage\",\"@id\":\"https:\\\/\\\/saintpierredemejans.com\\\/art\\\/\",\"url\":\"https:\\\/\\\/saintpierredemejans.com\\\/art\\\/\",\"name\":\"Art | Ch\u00e2teau Saint-Pierre de Mejans | Vignoble\",\"isPartOf\":{\"@id\":\"https:\\\/\\\/saintpierredemejans.com\\\/#website\"},\"primaryImageOfPage\":{\"@id\":\"https:\\\/\\\/saintpierredemejans.com\\\/art\\\/#primaryimage\"},\"image\":{\"@id\":\"https:\\\/\\\/saintpierredemejans.com\\\/art\\\/#primaryimage\"},\"thumbnailUrl\":\"https:\\\/\\\/saintpierredemejans.com\\\/wp-content\\\/uploads\\\/2024\\\/03\\\/Fanny-et-Sebastian-VincentAGNES-10-scaled.webp\",\"datePublished\":\"2025-02-10T09:03:45+00:00\",\"dateModified\":\"2026-04-23T13:15:18+00:00\",\"description\":\"Evenement d'art dans le Lub\u00e9ron, Ch\u00e2teau Saint-Pierre de Mejans \u00e0 Puyvert dans le Vaucluse domaine viticole et \u00e9v\u00e8nement priv\u00e9\",\"breadcrumb\":{\"@id\":\"https:\\\/\\\/saintpierredemejans.com\\\/art\\\/#breadcrumb\"},\"inLanguage\":\"en-GB\",\"potentialAction\":[{\"@type\":\"ReadAction\",\"target\":[\"https:\\\/\\\/saintpierredemejans.com\\\/art\\\/\"]}]},{\"@type\":\"ImageObject\",\"inLanguage\":\"en-GB\",\"@id\":\"https:\\\/\\\/saintpierredemejans.com\\\/art\\\/#primaryimage\",\"url\":\"https:\\\/\\\/saintpierredemejans.com\\\/wp-content\\\/uploads\\\/2024\\\/03\\\/Fanny-et-Sebastian-VincentAGNES-10-scaled.webp\",\"contentUrl\":\"https:\\\/\\\/saintpierredemejans.com\\\/wp-content\\\/uploads\\\/2024\\\/03\\\/Fanny-et-Sebastian-VincentAGNES-10-scaled.webp\",\"width\":2560,\"height\":1707},{\"@type\":\"BreadcrumbList\",\"@id\":\"https:\\\/\\\/saintpierredemejans.com\\\/art\\\/#breadcrumb\",\"itemListElement\":[{\"@type\":\"ListItem\",\"position\":1,\"name\":\"Home\",\"item\":\"https:\\\/\\\/saintpierredemejans.com\\\/\"},{\"@type\":\"ListItem\",\"position\":2,\"name\":\"Art\"}]},{\"@type\":\"WebSite\",\"@id\":\"https:\\\/\\\/saintpierredemejans.com\\\/#website\",\"url\":\"https:\\\/\\\/saintpierredemejans.com\\\/\",\"name\":\"Ch\u00e2teau Saint-Pierre de Mejans | Vignoble\",\"description\":\"ch\u00e2teau vignoble\",\"publisher\":{\"@id\":\"https:\\\/\\\/saintpierredemejans.com\\\/#organization\"},\"potentialAction\":[{\"@type\":\"SearchAction\",\"target\":{\"@type\":\"EntryPoint\",\"urlTemplate\":\"https:\\\/\\\/saintpierredemejans.com\\\/?s={search_term_string}\"},\"query-input\":{\"@type\":\"PropertyValueSpecification\",\"valueRequired\":true,\"valueName\":\"search_term_string\"}}],\"inLanguage\":\"en-GB\"},{\"@type\":\"Organization\",\"@id\":\"https:\\\/\\\/saintpierredemejans.com\\\/#organization\",\"name\":\"Ch\u00e2teau Saint-Pierre de Mejans | Vignoble dans le Lub\u00e9ron\",\"url\":\"https:\\\/\\\/saintpierredemejans.com\\\/\",\"logo\":{\"@type\":\"ImageObject\",\"inLanguage\":\"en-GB\",\"@id\":\"https:\\\/\\\/saintpierredemejans.com\\\/#\\\/schema\\\/logo\\\/image\\\/\",\"url\":\"https:\\\/\\\/saintpierredemejans.com\\\/wp-content\\\/uploads\\\/2021\\\/08\\\/favicon-1.png\",\"contentUrl\":\"https:\\\/\\\/saintpierredemejans.com\\\/wp-content\\\/uploads\\\/2021\\\/08\\\/favicon-1.png\",\"width\":822,\"height\":822,\"caption\":\"Ch\u00e2teau Saint-Pierre de Mejans | Vignoble dans le Lub\u00e9ron\"},\"image\":{\"@id\":\"https:\\\/\\\/saintpierredemejans.com\\\/#\\\/schema\\\/logo\\\/image\\\/\"}}]}<\/script>\n<!-- \/ Yoast SEO plugin. -->","yoast_head_json":{"title":"Art | Ch\u00e2teau Saint-Pierre de Mejans | Vineyard","description":"Art event in the Lub\u00e9ron, Ch\u00e2teau Saint-Pierre de Mejans in Puyvert in the Vaucluse wine estate and private event","robots":{"index":"index","follow":"follow","max-snippet":"max-snippet:-1","max-image-preview":"max-image-preview:large","max-video-preview":"max-video-preview:-1"},"canonical":"https:\/\/saintpierredemejans.com\/en\/art\/","og_locale":"en_GB","og_type":"article","og_title":"Art | Ch\u00e2teau Saint-Pierre de Mejans | Vignoble","og_description":"Evenement d'art dans le Lub\u00e9ron, Ch\u00e2teau Saint-Pierre de Mejans \u00e0 Puyvert dans le Vaucluse domaine viticole et \u00e9v\u00e8nement priv\u00e9","og_url":"https:\/\/saintpierredemejans.com\/en\/art\/","og_site_name":"Ch\u00e2teau Saint-Pierre de Mejans | Vignoble","article_modified_time":"2026-04-23T13:15:18+00:00","og_image":[{"width":2560,"height":1707,"url":"https:\/\/saintpierredemejans.com\/wp-content\/uploads\/2024\/03\/Fanny-et-Sebastian-VincentAGNES-10-scaled.webp","type":"image\/webp"}],"twitter_card":"summary_large_image","twitter_misc":{"Estimated reading time":"13 minutes"},"schema":{"@context":"https:\/\/schema.org","@graph":[{"@type":"WebPage","@id":"https:\/\/saintpierredemejans.com\/art\/","url":"https:\/\/saintpierredemejans.com\/art\/","name":"Art | Ch\u00e2teau Saint-Pierre de Mejans | Vineyard","isPartOf":{"@id":"https:\/\/saintpierredemejans.com\/#website"},"primaryImageOfPage":{"@id":"https:\/\/saintpierredemejans.com\/art\/#primaryimage"},"image":{"@id":"https:\/\/saintpierredemejans.com\/art\/#primaryimage"},"thumbnailUrl":"https:\/\/saintpierredemejans.com\/wp-content\/uploads\/2024\/03\/Fanny-et-Sebastian-VincentAGNES-10-scaled.webp","datePublished":"2025-02-10T09:03:45+00:00","dateModified":"2026-04-23T13:15:18+00:00","description":"Art event in the Lub\u00e9ron, Ch\u00e2teau Saint-Pierre de Mejans in Puyvert in the Vaucluse wine estate and private event","breadcrumb":{"@id":"https:\/\/saintpierredemejans.com\/art\/#breadcrumb"},"inLanguage":"en-GB","potentialAction":[{"@type":"ReadAction","target":["https:\/\/saintpierredemejans.com\/art\/"]}]},{"@type":"ImageObject","inLanguage":"en-GB","@id":"https:\/\/saintpierredemejans.com\/art\/#primaryimage","url":"https:\/\/saintpierredemejans.com\/wp-content\/uploads\/2024\/03\/Fanny-et-Sebastian-VincentAGNES-10-scaled.webp","contentUrl":"https:\/\/saintpierredemejans.com\/wp-content\/uploads\/2024\/03\/Fanny-et-Sebastian-VincentAGNES-10-scaled.webp","width":2560,"height":1707},{"@type":"BreadcrumbList","@id":"https:\/\/saintpierredemejans.com\/art\/#breadcrumb","itemListElement":[{"@type":"ListItem","position":1,"name":"Home","item":"https:\/\/saintpierredemejans.com\/"},{"@type":"ListItem","position":2,"name":"Art"}]},{"@type":"WebSite","@id":"https:\/\/saintpierredemejans.com\/#website","url":"https:\/\/saintpierredemejans.com\/","name":"Ch\u00e2teau Saint-Pierre de Mejans | Vineyard","description":"chateau vineyard","publisher":{"@id":"https:\/\/saintpierredemejans.com\/#organization"},"potentialAction":[{"@type":"SearchAction","target":{"@type":"EntryPoint","urlTemplate":"https:\/\/saintpierredemejans.com\/?s={search_term_string}"},"query-input":{"@type":"PropertyValueSpecification","valueRequired":true,"valueName":"search_term_string"}}],"inLanguage":"en-GB"},{"@type":"Organization","@id":"https:\/\/saintpierredemejans.com\/#organization","name":"Ch\u00e2teau Saint-Pierre de Mejans | Vineyard in the Lub\u00e9ron","url":"https:\/\/saintpierredemejans.com\/","logo":{"@type":"ImageObject","inLanguage":"en-GB","@id":"https:\/\/saintpierredemejans.com\/#\/schema\/logo\/image\/","url":"https:\/\/saintpierredemejans.com\/wp-content\/uploads\/2021\/08\/favicon-1.png","contentUrl":"https:\/\/saintpierredemejans.com\/wp-content\/uploads\/2021\/08\/favicon-1.png","width":822,"height":822,"caption":"Ch\u00e2teau Saint-Pierre de Mejans | Vignoble dans le Lub\u00e9ron"},"image":{"@id":"https:\/\/saintpierredemejans.com\/#\/schema\/logo\/image\/"}}]}},"_links":{"self":[{"href":"https:\/\/saintpierredemejans.com\/en\/wp-json\/wp\/v2\/pages\/4492","targetHints":{"allow":["GET"]}}],"collection":[{"href":"https:\/\/saintpierredemejans.com\/en\/wp-json\/wp\/v2\/pages"}],"about":[{"href":"https:\/\/saintpierredemejans.com\/en\/wp-json\/wp\/v2\/types\/page"}],"author":[{"embeddable":true,"href":"https:\/\/saintpierredemejans.com\/en\/wp-json\/wp\/v2\/users\/1"}],"replies":[{"embeddable":true,"href":"https:\/\/saintpierredemejans.com\/en\/wp-json\/wp\/v2\/comments?post=4492"}],"version-history":[{"count":12,"href":"https:\/\/saintpierredemejans.com\/en\/wp-json\/wp\/v2\/pages\/4492\/revisions"}],"predecessor-version":[{"id":5391,"href":"https:\/\/saintpierredemejans.com\/en\/wp-json\/wp\/v2\/pages\/4492\/revisions\/5391"}],"wp:featuredmedia":[{"embeddable":true,"href":"https:\/\/saintpierredemejans.com\/en\/wp-json\/wp\/v2\/media\/4144"}],"wp:attachment":[{"href":"https:\/\/saintpierredemejans.com\/en\/wp-json\/wp\/v2\/media?parent=4492"}],"curies":[{"name":"wp","href":"https:\/\/api.w.org\/{rel}","templated":true}]}}