{"id":4517,"date":"2025-02-10T12:12:32","date_gmt":"2025-02-10T11:12:32","guid":{"rendered":"https:\/\/saintpierredemejans.com\/?page_id=4517"},"modified":"2026-04-23T15:18:00","modified_gmt":"2026-04-23T13:18:00","slug":"events","status":"publish","type":"page","link":"https:\/\/saintpierredemejans.com\/en\/evenements\/","title":{"rendered":"Events"},"content":{"rendered":"<p>[et_pb_section fb_built=\u00a0\u00bb1&Prime; admin_label=\u00a0\u00bbHeader\u00a0\u00bb _builder_version=\u00a0\u00bb4.27.4&Prime; _module_preset=\u00a0\u00bbdefault\u00a0\u00bb background_color=\u00a0\u00bbrgba(0,0,0,0.5)\u00a0\u00bb background_image=\u00a0\u00bbhttps:\/\/saintpierredemejans.com\/wp-content\/uploads\/2025\/02\/StPierre-de-Mejans-janvier-2021-VincentAGNES-85-scaled.jpg\u00a0\u00bb background_blend=\u00a0\u00bbdarken\u00a0\u00bb background_enable_video_mp4=\u00a0\u00bboff\u00a0\u00bb z_index=\u00a0\u00bb0&Prime; custom_margin=\u00a0\u00bb0px||0px||true|false\u00a0\u00bb custom_padding=\u00a0\u00bb108px||108px||true|false\u00a0\u00bb da_disable_devices=\u00a0\u00bboff|off|off\u00a0\u00bb global_colors_info=\u00a0\u00bb{}\u00a0\u00bb da_is_popup=\u00a0\u00bboff\u00a0\u00bb da_exit_intent=\u00a0\u00bboff\u00a0\u00bb da_has_close=\u00a0\u00bbon\u00a0\u00bb da_alt_close=\u00a0\u00bboff\u00a0\u00bb da_dark_close=\u00a0\u00bboff\u00a0\u00bb da_not_modal=\u00a0\u00bbon\u00a0\u00bb da_is_singular=\u00a0\u00bboff\u00a0\u00bb da_with_loader=\u00a0\u00bboff\u00a0\u00bb da_has_shadow=\u00a0\u00bbon\u00a0\u00bb][et_pb_row _builder_version=\u00a0\u00bb4.16&Prime; _module_preset=\u00a0\u00bbdefault\u00a0\u00bb custom_margin=\u00a0\u00bb|auto|-7px|auto||\u00a0\u00bb global_colors_info=\u00a0\u00bb{}\u00a0\u00bb][et_pb_column type=\u00a0\u00bb4_4&Prime; _builder_version=\u00a0\u00bb4.16&Prime; _module_preset=\u00a0\u00bbdefault\u00a0\u00bb global_colors_info=\u00a0\u00bb{}\u00a0\u00bb][et_pb_text _builder_version=\u00a0\u00bb4.27.4&Prime; _module_preset=\u00a0\u00bbdefault\u00a0\u00bb header_font=\u00a0\u00bb|||on|||||\u00a0\u00bb header_text_color=\u00a0\u00bb#FFFFFF\u00a0\u00bb header_font_size=\u00a0\u00bb48px\u00a0\u00bb header_letter_spacing=\u00a0\u00bb0.1em\u00a0\u00bb header_line_height=\u00a0\u00bb1.2em\u00a0\u00bb header_2_font=\u00a0\u00bb|700||on|||||\u00a0\u00bb header_2_text_color=\u00a0\u00bb#FFFFFF\u00a0\u00bb header_2_font_size=\u00a0\u00bb16px\u00a0\u00bb header_2_letter_spacing=\u00a0\u00bb6px\u00a0\u00bb header_2_line_height=\u00a0\u00bb1.2em\u00a0\u00bb width=\u00a0\u00bb100%\u00a0\u00bb custom_margin=\u00a0\u00bb||0px||false|false\u00a0\u00bb custom_padding=\u00a0\u00bb||0px|||\u00a0\u00bb header_font_size_tablet=\u00a0\u00bb60px\u00a0\u00bb header_font_size_phone=\u00a0\u00bb32px\u00a0\u00bb header_font_size_last_edited=\u00a0\u00bbon|phone\u00a0\u00bb header_2_font_size_tablet=\u00a0\u00bb14px\u00a0\u00bb header_2_font_size_phone=\u00a0\u00bb12px\u00a0\u00bb header_2_font_size_last_edited=\u00a0\u00bbon|phone\u00a0\u00bb global_colors_info=\u00a0\u00bb{}\u00a0\u00bb]<\/p>\n<h2>Ch\u00e2teau Saint-pierre de mejans<\/h2>\n<h1>EVENEMENTS AU CH\u00c2TEAU<\/h1>\n<p>[\/et_pb_text][\/et_pb_column][\/et_pb_row][\/et_pb_section][et_pb_section fb_built=\u00a0\u00bb1&Prime; admin_label=\u00a0\u00bbHeader\u00a0\u00bb _builder_version=\u00a0\u00bb4.16&Prime; _module_preset=\u00a0\u00bbdefault\u00a0\u00bb background_color=\u00a0\u00bbRGBA(0,0,0,0)\u00a0\u00bb custom_margin=\u00a0\u00bb28px||28px||true|\u00a0\u00bb custom_padding=\u00a0\u00bb0px||0px|||\u00a0\u00bb da_disable_devices=\u00a0\u00bboff|off|off\u00a0\u00bb global_colors_info=\u00a0\u00bb{}\u00a0\u00bb da_is_popup=\u00a0\u00bboff\u00a0\u00bb da_exit_intent=\u00a0\u00bboff\u00a0\u00bb da_has_close=\u00a0\u00bbon\u00a0\u00bb da_alt_close=\u00a0\u00bboff\u00a0\u00bb da_dark_close=\u00a0\u00bboff\u00a0\u00bb da_not_modal=\u00a0\u00bbon\u00a0\u00bb da_is_singular=\u00a0\u00bboff\u00a0\u00bb da_with_loader=\u00a0\u00bboff\u00a0\u00bb da_has_shadow=\u00a0\u00bbon\u00a0\u00bb][et_pb_row column_structure=\u00a0\u00bb1_2,1_2&Prime; _builder_version=\u00a0\u00bb4.27.4&Prime; _module_preset=\u00a0\u00bbdefault\u00a0\u00bb custom_padding=\u00a0\u00bb||0px|||\u00a0\u00bb global_colors_info=\u00a0\u00bb{}\u00a0\u00bb][et_pb_column type=\u00a0\u00bb1_2&Prime; _builder_version=\u00a0\u00bb4.16&Prime; _module_preset=\u00a0\u00bbdefault\u00a0\u00bb global_colors_info=\u00a0\u00bb{}\u00a0\u00bb][et_pb_blurb title=\u00a0\u00bbEvenements\u00a0\u00bb use_icon=\u00a0\u00bbon\u00a0\u00bb font_icon=\u00a0\u00bb\uf286||fa||400&Prime; image_icon_width=\u00a0\u00bb63px\u00a0\u00bb _builder_version=\u00a0\u00bb4.27.4&Prime; _module_preset=\u00a0\u00bbdefault\u00a0\u00bb header_level=\u00a0\u00bbh3&Prime; header_text_align=\u00a0\u00bbcenter\u00a0\u00bb custom_margin=\u00a0\u00bb31px|||||\u00a0\u00bb global_colors_info=\u00a0\u00bb{}\u00a0\u00bb]<\/p>\n<p style=\"text-align: center;\"><em>Nous avons le plaisir de vous convier \u00e0 nos \u00e9v\u00e8nements au ch\u00e2teau.<\/em><\/p>\n<p style=\"text-align: center;\"><em> Veuillez trouver ci-dessous le planning pour cette saison.\u00a0<\/em><\/p>\n<p>[\/et_pb_blurb][\/et_pb_column][et_pb_column type=\u00a0\u00bb1_2&Prime; _builder_version=\u00a0\u00bb4.16&Prime; _module_preset=\u00a0\u00bbdefault\u00a0\u00bb global_colors_info=\u00a0\u00bb{}\u00a0\u00bb][et_pb_image src=\u00a0\u00bbhttps:\/\/saintpierredemejans.com\/wp-content\/uploads\/2025\/02\/SaintPierre_Soiree19mai2022_067-scaled.jpg\u00a0\u00bb alt=\u00a0\u00bbclear wine glass with yellow liquid\u00a0\u00bb title_text=\u00a0\u00bbSaintPierre_Soiree19mai2022&Prime; _builder_version=\u00a0\u00bb4.27.4&Prime; _module_preset=\u00a0\u00bbdefault\u00a0\u00bb width=\u00a0\u00bb85%\u00a0\u00bb global_colors_info=\u00a0\u00bb{}\u00a0\u00bb][\/et_pb_image][\/et_pb_column][\/et_pb_row][\/et_pb_section][et_pb_section fb_built=\u00a0\u00bb1&Prime; _builder_version=\u00a0\u00bb4.27.4&Prime; _module_preset=\u00a0\u00bbdefault\u00a0\u00bb background_color=\u00a0\u00bbRGBA(255,255,255,0)\u00a0\u00bb custom_padding=\u00a0\u00bb16px|||||\u00a0\u00bb da_disable_devices=\u00a0\u00bboff|off|off\u00a0\u00bb global_colors_info=\u00a0\u00bb{}\u00a0\u00bb da_is_popup=\u00a0\u00bboff\u00a0\u00bb da_exit_intent=\u00a0\u00bboff\u00a0\u00bb da_has_close=\u00a0\u00bbon\u00a0\u00bb da_alt_close=\u00a0\u00bboff\u00a0\u00bb da_dark_close=\u00a0\u00bboff\u00a0\u00bb da_not_modal=\u00a0\u00bbon\u00a0\u00bb da_is_singular=\u00a0\u00bboff\u00a0\u00bb da_with_loader=\u00a0\u00bboff\u00a0\u00bb da_has_shadow=\u00a0\u00bbon\u00a0\u00bb][et_pb_row column_structure=\u00a0\u00bb1_2,1_2&Prime; _builder_version=\u00a0\u00bb4.27.4&Prime; _module_preset=\u00a0\u00bbdefault\u00a0\u00bb background_color=\u00a0\u00bbRGBA(0,0,0,0)\u00a0\u00bb custom_margin=\u00a0\u00bb0px|auto||auto|false|false\u00a0\u00bb custom_padding=\u00a0\u00bb15px||0px|||\u00a0\u00bb locked=\u00a0\u00bboff\u00a0\u00bb global_colors_info=\u00a0\u00bb{}\u00a0\u00bb][et_pb_column type=\u00a0\u00bb1_2&Prime; _builder_version=\u00a0\u00bb4.16&Prime; _module_preset=\u00a0\u00bbdefault\u00a0\u00bb global_colors_info=\u00a0\u00bb{}\u00a0\u00bb][et_pb_text _builder_version=\u00a0\u00bb4.27.4&Prime; _module_preset=\u00a0\u00bbdefault\u00a0\u00bb text_line_height=\u00a0\u00bb2em\u00a0\u00bb header_2_font=\u00a0\u00bb|||on|||||\u00a0\u00bb header_2_font_size=\u00a0\u00bb38px\u00a0\u00bb header_2_letter_spacing=\u00a0\u00bb0.1em\u00a0\u00bb header_2_line_height=\u00a0\u00bb1.2em\u00a0\u00bb text_orientation=\u00a0\u00bbjustified\u00a0\u00bb header_2_font_size_tablet=\u00a0\u00bb30px\u00a0\u00bb header_2_font_size_phone=\u00a0\u00bb20px\u00a0\u00bb header_2_font_size_last_edited=\u00a0\u00bbon|phone\u00a0\u00bb locked=\u00a0\u00bboff\u00a0\u00bb global_colors_info=\u00a0\u00bb{}\u00a0\u00bb]<\/p>\n<p><img loading=\"lazy\" decoding=\"async\" class=\"wp-image-125 alignleft size-medium\" src=\"https:\/\/saintpierredemejans.com\/wp-content\/uploads\/2021\/06\/logo-mejans-75prct-300x205.png\" alt=\"\" width=\"52\" height=\"36\" \/><\/p>\n<h2 style=\"text-align: left;\"><b>EVENEMENTS 2026<\/b><\/h2>\n<p>[\/et_pb_text][\/et_pb_column][et_pb_column type=\u00a0\u00bb1_2&Prime; _builder_version=\u00a0\u00bb4.16&Prime; _module_preset=\u00a0\u00bbdefault\u00a0\u00bb global_colors_info=\u00a0\u00bb{}\u00a0\u00bb][et_pb_divider show_divider=\u00a0\u00bboff\u00a0\u00bb _builder_version=\u00a0\u00bb4.16&Prime; _module_preset=\u00a0\u00bbdefault\u00a0\u00bb background_enable_color=\u00a0\u00bboff\u00a0\u00bb background_image=\u00a0\u00bbhttps:\/\/saintpierredemejans.com\/wp-content\/uploads\/2021\/05\/angled-line-pattern-dark.png\u00a0\u00bb background_size=\u00a0\u00bbinitial\u00a0\u00bb background_repeat=\u00a0\u00bbrepeat-x\u00a0\u00bb height=\u00a0\u00bb32px\u00a0\u00bb custom_margin=\u00a0\u00bb11px||||false|false\u00a0\u00bb locked=\u00a0\u00bboff\u00a0\u00bb global_colors_info=\u00a0\u00bb{}\u00a0\u00bb][\/et_pb_divider][\/et_pb_column][\/et_pb_row][et_pb_row column_structure=\u00a0\u00bb1_3,1_3,1_3&Prime; _builder_version=\u00a0\u00bb4.27.4&Prime; _module_preset=\u00a0\u00bbdefault\u00a0\u00bb global_colors_info=\u00a0\u00bb{}\u00a0\u00bb][et_pb_column type=\u00a0\u00bb1_3&Prime; _builder_version=\u00a0\u00bb4.27.4&Prime; _module_preset=\u00a0\u00bbdefault\u00a0\u00bb global_colors_info=\u00a0\u00bb{}\u00a0\u00bb][et_pb_blurb title=\u00a0\u00bbAvril\u00a0\u00bb icon_alignment=\u00a0\u00bbleft\u00a0\u00bb _builder_version=\u00a0\u00bb4.27.5&Prime; _module_preset=\u00a0\u00bbdefault\u00a0\u00bb header_level=\u00a0\u00bbh3&Prime; header_text_align=\u00a0\u00bbcenter\u00a0\u00bb custom_margin=\u00a0\u00bb52px|||||\u00a0\u00bb hover_enabled=\u00a0\u00bb0&Prime; global_colors_info=\u00a0\u00bb{}\u00a0\u00bb sticky_enabled=\u00a0\u00bb0&Prime;]<\/p>\n<p>&nbsp;<\/p>\n<p><strong>Vendredi 24 Avril &#8211; <\/strong>Massage sonore avec Airfit Provence<\/p>\n<p>&nbsp;<\/p>\n<p><strong>Samedi 25 Avril<\/strong>&#8211; Atelier Immersif de Printemps &#8211; une d\u00e9gustation de vin dans un lieu insolite, suivi par un plateau de fromage et charcuterie. 16H-17H30, 40 euros. R\u00e9servations ici: <span style=\"color: #0c71c3;\"><a style=\"color: #0c71c3;\" href=\"https:\/\/book.stripe.com\/bJefZigzPb0V8qW0sadby0e\">ATELIER DE PRINTEMPS<\/a><\/span><\/p>\n<p>&nbsp;<\/p>\n<p><strong>Jeudi 30 Avril<\/strong> \u2013Notre chef a concoct\u00e9 un menu en trois plats, mettant \u00e0 l\u2019honneur les saveurs de saison, subtilement accompagn\u00e9 d\u2019un accord mets &amp; vins soigneusement s\u00e9lectionn\u00e9.\u00a0 R\u00e9servations ici:\u00a0 <span style=\"color: #0c71c3;\"><a style=\"color: #0c71c3;\" href=\"https:\/\/book.stripe.com\/fZu28rfc1fVq3ZcbyHeIw0m\">DINER DE PRINTEMPS<\/a><\/span><\/p>\n<p>[\/et_pb_blurb][\/et_pb_column][et_pb_column type=\u00a0\u00bb1_3&Prime; _builder_version=\u00a0\u00bb4.27.4&Prime; _module_preset=\u00a0\u00bbdefault\u00a0\u00bb hover_enabled=\u00a0\u00bb0&Prime; global_colors_info=\u00a0\u00bb{}\u00a0\u00bb sticky_enabled=\u00a0\u00bb0&Prime;][et_pb_blurb title=\u00a0\u00bbMai\/Juin\u00a0\u00bb icon_alignment=\u00a0\u00bbleft\u00a0\u00bb _builder_version=\u00a0\u00bb4.27.5&Prime; _module_preset=\u00a0\u00bbdefault\u00a0\u00bb header_level=\u00a0\u00bbh3&Prime; header_text_align=\u00a0\u00bbcenter\u00a0\u00bb custom_margin=\u00a0\u00bb52px|||||\u00a0\u00bb hover_enabled=\u00a0\u00bb0&Prime; global_colors_info=\u00a0\u00bb{}\u00a0\u00bb sticky_enabled=\u00a0\u00bb0&Prime;]<\/p>\n<p style=\"text-align: center;\">\n<p style=\"text-align: center;\">\n<p style=\"text-align: center;\"><strong>Vendredi 22 Mai<\/strong>\u00a0&#8211; Massage sonore avec Airfit Provence &#8211; <span style=\"color: #0c71c3;\"><a style=\"color: #0c71c3;\" href=\"https:\/\/www.momoyoga.com\/airfitprovence\/event\/f5e4f0ab-f63d-40ed-aafc-e18d27f855b6\">R\u00e9servez ici<\/a><\/span><\/p>\n<p style=\"text-align: center;\">\n<p style=\"text-align: center;\"><strong>Dimanche 24 Ma<\/strong>i &#8211; Festival Bien-\u00eatre au chateau (acc\u00e8s libre) 10H-18H<\/p>\n<p style=\"text-align: center;\">\n<p style=\"text-align: center;\">\n<p>[\/et_pb_blurb][\/et_pb_column][et_pb_column type=\u00a0\u00bb1_3&Prime; _builder_version=\u00a0\u00bb4.27.4&Prime; _module_preset=\u00a0\u00bbdefault\u00a0\u00bb global_colors_info=\u00a0\u00bb{}\u00a0\u00bb][et_pb_blurb title=\u00a0\u00bbJuin\/Juillet\u00a0\u00bb icon_alignment=\u00a0\u00bbleft\u00a0\u00bb _builder_version=\u00a0\u00bb4.27.5&Prime; _module_preset=\u00a0\u00bbdefault\u00a0\u00bb header_level=\u00a0\u00bbh3&Prime; header_text_align=\u00a0\u00bbcenter\u00a0\u00bb custom_margin=\u00a0\u00bb52px|||||\u00a0\u00bb custom_padding=\u00a0\u00bb||0px|||\u00a0\u00bb hover_enabled=\u00a0\u00bb0&Prime; global_colors_info=\u00a0\u00bb{}\u00a0\u00bb sticky_enabled=\u00a0\u00bb0&Prime;]<\/p>\n<p style=\"text-align: center;\">\n<p style=\"text-align: center;\"><strong>Mercredi 24 Juin<\/strong> &#8211; Concert de Jean-Marc Luisada<\/p>\n<p style=\"text-align: center;\"><strong>Jeudi 16 Juillet<\/strong> &#8211; Wine &amp; Dine &#8211; Village de Lourmarin<\/p>\n<p style=\"text-align: center;\"><strong style=\"font-size: 18px;\">Dimanche 25 Juillet<\/strong><span style=\"font-size: 18px;\"> &#8211; Festival Vins et Passion au Ch\u00e2teau de Sannes<\/span><\/p>\n<p>[\/et_pb_blurb][\/et_pb_column][\/et_pb_row][\/et_pb_section][et_pb_section fb_built=\u00a0\u00bb1&Prime; _builder_version=\u00a0\u00bb4.27.4&Prime; _module_preset=\u00a0\u00bbdefault\u00a0\u00bb da_disable_devices=\u00a0\u00bboff|off|off\u00a0\u00bb global_colors_info=\u00a0\u00bb{}\u00a0\u00bb da_is_popup=\u00a0\u00bboff\u00a0\u00bb da_exit_intent=\u00a0\u00bboff\u00a0\u00bb da_has_close=\u00a0\u00bbon\u00a0\u00bb da_alt_close=\u00a0\u00bboff\u00a0\u00bb da_dark_close=\u00a0\u00bboff\u00a0\u00bb da_not_modal=\u00a0\u00bbon\u00a0\u00bb da_is_singular=\u00a0\u00bboff\u00a0\u00bb da_with_loader=\u00a0\u00bboff\u00a0\u00bb da_has_shadow=\u00a0\u00bbon\u00a0\u00bb][et_pb_row _builder_version=\u00a0\u00bb4.27.4&Prime; _module_preset=\u00a0\u00bbdefault\u00a0\u00bb global_colors_info=\u00a0\u00bb{}\u00a0\u00bb][et_pb_column type=\u00a0\u00bb4_4&Prime; _builder_version=\u00a0\u00bb4.27.4&Prime; _module_preset=\u00a0\u00bbdefault\u00a0\u00bb global_colors_info=\u00a0\u00bb{}\u00a0\u00bb][et_pb_image src=\u00a0\u00bbhttps:\/\/saintpierredemejans.com\/wp-content\/uploads\/2025\/02\/SaintPierre_Soiree19mai2022_006-scaled.jpg\u00a0\u00bb title_text=\u00a0\u00bbSaintPierre_Soiree19mai2022&Prime; _builder_version=\u00a0\u00bb4.27.4&Prime; _module_preset=\u00a0\u00bbdefault\u00a0\u00bb global_colors_info=\u00a0\u00bb{}\u00a0\u00bb][\/et_pb_image][\/et_pb_column][\/et_pb_row][\/et_pb_section][et_pb_section fb_built=\u00a0\u00bb1&Prime; custom_padding_last_edited=\u00a0\u00bbon|phone\u00a0\u00bb admin_label=\u00a0\u00bbFooter\u00a0\u00bb module_id=\u00a0\u00bbfooterelements\u00a0\u00bb _builder_version=\u00a0\u00bb4.16&Prime; _module_preset=\u00a0\u00bbdefault\u00a0\u00bb use_background_color_gradient=\u00a0\u00bbon\u00a0\u00bb background_color_gradient_direction=\u00a0\u00bb100deg\u00a0\u00bb background_color_gradient_stops=\u00a0\u00bbrgba(17,8,7,0.8) 0%|rgba(17,8,7,0.85) 100%\u00a0\u00bb background_color_gradient_overlays_image=\u00a0\u00bbon\u00a0\u00bb background_color_gradient_start=\u00a0\u00bbrgba(17,8,7,0.8)\u00a0\u00bb background_color_gradient_end=\u00a0\u00bbrgba(17,8,7,0.85)\u00a0\u00bb background_image=\u00a0\u00bbhttps:\/\/saintpierredemejans.com\/wp-content\/uploads\/2021\/05\/vue-chateau-st-pierre-mejans.jpg\u00a0\u00bb custom_margin=\u00a0\u00bb1px|||||\u00a0\u00bb custom_padding=\u00a0\u00bb0px||0px||true|false\u00a0\u00bb custom_padding_tablet=\u00a0\u00bb60px||60px||true|false\u00a0\u00bb custom_padding_phone=\u00a0\u00bb\u00a0\u00bb background_color_gradient_stops_tablet=\u00a0\u00bbrgba(17,8,7,0.8) 0%|rgba(17,8,7,0.85) 100%\u00a0\u00bb background_color_gradient_stops_phone=\u00a0\u00bbrgba(17,8,7,0.8) 0%|rgba(17,8,7,0.85) 100%\u00a0\u00bb da_popup_slug=\u00a0\u00bbfooterelements\u00a0\u00bb da_disable_devices=\u00a0\u00bboff|off|off\u00a0\u00bb global_module=\u00a0\u00bb302&Prime; locked=\u00a0\u00bboff\u00a0\u00bb global_colors_info=\u00a0\u00bb{}\u00a0\u00bb da_is_popup=\u00a0\u00bboff\u00a0\u00bb da_exit_intent=\u00a0\u00bboff\u00a0\u00bb da_has_close=\u00a0\u00bbon\u00a0\u00bb da_alt_close=\u00a0\u00bboff\u00a0\u00bb da_dark_close=\u00a0\u00bboff\u00a0\u00bb da_not_modal=\u00a0\u00bbon\u00a0\u00bb da_is_singular=\u00a0\u00bboff\u00a0\u00bb da_with_loader=\u00a0\u00bboff\u00a0\u00bb da_has_shadow=\u00a0\u00bbon\u00a0\u00bb][et_pb_row column_structure=\u00a0\u00bb1_4,1_4,1_4,1_4&Prime; use_custom_gutter=\u00a0\u00bbon\u00a0\u00bb gutter_width=\u00a0\u00bb1&Prime; _builder_version=\u00a0\u00bb4.27.4&Prime; _module_preset=\u00a0\u00bbdefault\u00a0\u00bb width=\u00a0\u00bb90%\u00a0\u00bb max_width=\u00a0\u00bb2560px\u00a0\u00bb custom_margin_tablet=\u00a0\u00bb\u00a0\u00bb custom_margin_phone=\u00a0\u00bb\u00a0\u00bb custom_margin_last_edited=\u00a0\u00bbon|desktop\u00a0\u00bb custom_padding=\u00a0\u00bb27px||2px|||\u00a0\u00bb global_colors_info=\u00a0\u00bb{}\u00a0\u00bb][et_pb_column type=\u00a0\u00bb1_4&Prime; _builder_version=\u00a0\u00bb4.16&Prime; _module_preset=\u00a0\u00bbdefault\u00a0\u00bb global_colors_info=\u00a0\u00bb{}\u00a0\u00bb][et_pb_text _builder_version=\u00a0\u00bb4.27.4&Prime; _module_preset=\u00a0\u00bbdefault\u00a0\u00bb header_2_font=\u00a0\u00bb||||||||\u00a0\u00bb header_2_font_size=\u00a0\u00bb39px\u00a0\u00bb header_2_letter_spacing=\u00a0\u00bb0.1em\u00a0\u00bb header_2_line_height=\u00a0\u00bb1.2em\u00a0\u00bb text_orientation=\u00a0\u00bbcenter\u00a0\u00bb background_layout=\u00a0\u00bbdark\u00a0\u00bb header_2_font_size_tablet=\u00a0\u00bb30px\u00a0\u00bb header_2_font_size_phone=\u00a0\u00bb20px\u00a0\u00bb header_2_font_size_last_edited=\u00a0\u00bbon|phone\u00a0\u00bb locked=\u00a0\u00bboff\u00a0\u00bb global_colors_info=\u00a0\u00bb{}\u00a0\u00bb]<\/p>\n<h3>Contactez\u2011nous<\/h3>\n<p>Pour tout renseignement, n&rsquo;h\u00e9sitez pas \u00e0 nous contacter.<\/p>\n<p>[\/et_pb_text][et_pb_contact_form captcha=\u00a0\u00bboff\u00a0\u00bb email=\u00a0\u00bbcontact@saintpierredemejans.com\u00a0\u00bb custom_message=\u00a0\u00bbMessage du formulaire de contact de https:\/\/saintpierredemejans.com\/||et_pb_line_break_holder||||et_pb_line_break_holder||Nom: %%Name%%||et_pb_line_break_holder||Email: %%Email%%||et_pb_line_break_holder||||et_pb_line_break_holder||Message: ||et_pb_line_break_holder||%%Message%%\u00a0\u00bb success_message=\u00a0\u00bbMessage envoy\u00e9, merci\u00a0\u00bb submit_button_text=\u00a0\u00bbEnvoyer\u00a0\u00bb _builder_version=\u00a0\u00bb4.27.5&Prime; _module_preset=\u00a0\u00bbdefault\u00a0\u00bb _unique_id=\u00a0\u00bb8d2a91db-c01c-42ee-b730-f6ce3a9c77ee\u00a0\u00bb custom_button=\u00a0\u00bbon\u00a0\u00bb button_on_hover=\u00a0\u00bboff\u00a0\u00bb button_custom_margin=\u00a0\u00bb|||2px|false|false\u00a0\u00bb button_custom_padding=\u00a0\u00bb1px||1px||true|false\u00a0\u00bb width=\u00a0\u00bb100%\u00a0\u00bb module_alignment=\u00a0\u00bbcenter\u00a0\u00bb custom_margin=\u00a0\u00bb||20px|||\u00a0\u00bb custom_padding=\u00a0\u00bb||2px|||\u00a0\u00bb global_colors_info=\u00a0\u00bb{}\u00a0\u00bb][et_pb_contact_field field_id=\u00a0\u00bbName\u00a0\u00bb field_title=\u00a0\u00bbNom\u00a0\u00bb _builder_version=\u00a0\u00bb4.16&Prime; form_field_background_color=\u00a0\u00bbrgba(255,255,255,0.64)\u00a0\u00bb form_field_text_color=\u00a0\u00bb#000000&Prime; form_field_focus_background_color=\u00a0\u00bbrgba(255,255,255,0.8)\u00a0\u00bb form_field_focus_text_color=\u00a0\u00bb#000000&Prime; background_enable_color=\u00a0\u00bboff\u00a0\u00bb global_colors_info=\u00a0\u00bb{}\u00a0\u00bb button_text_size__hover_enabled=\u00a0\u00bboff\u00a0\u00bb button_one_text_size__hover_enabled=\u00a0\u00bboff\u00a0\u00bb button_two_text_size__hover_enabled=\u00a0\u00bboff\u00a0\u00bb button_text_color__hover_enabled=\u00a0\u00bboff\u00a0\u00bb button_one_text_color__hover_enabled=\u00a0\u00bboff\u00a0\u00bb button_two_text_color__hover_enabled=\u00a0\u00bboff\u00a0\u00bb button_border_width__hover_enabled=\u00a0\u00bboff\u00a0\u00bb button_one_border_width__hover_enabled=\u00a0\u00bboff\u00a0\u00bb button_two_border_width__hover_enabled=\u00a0\u00bboff\u00a0\u00bb button_border_color__hover_enabled=\u00a0\u00bboff\u00a0\u00bb button_one_border_color__hover_enabled=\u00a0\u00bboff\u00a0\u00bb button_two_border_color__hover_enabled=\u00a0\u00bboff\u00a0\u00bb button_border_radius__hover_enabled=\u00a0\u00bboff\u00a0\u00bb button_one_border_radius__hover_enabled=\u00a0\u00bboff\u00a0\u00bb button_two_border_radius__hover_enabled=\u00a0\u00bboff\u00a0\u00bb button_letter_spacing__hover_enabled=\u00a0\u00bboff\u00a0\u00bb button_one_letter_spacing__hover_enabled=\u00a0\u00bboff\u00a0\u00bb button_two_letter_spacing__hover_enabled=\u00a0\u00bboff\u00a0\u00bb button_bg_color__hover_enabled=\u00a0\u00bboff\u00a0\u00bb button_one_bg_color__hover_enabled=\u00a0\u00bboff\u00a0\u00bb button_two_bg_color__hover_enabled=\u00a0\u00bboff\u00a0\u00bb][\/et_pb_contact_field][et_pb_contact_field field_id=\u00a0\u00bbEmail\u00a0\u00bb field_title=\u00a0\u00bbAdresse e-mail\u00a0\u00bb field_type=\u00a0\u00bbemail\u00a0\u00bb _builder_version=\u00a0\u00bb4.16&Prime; form_field_background_color=\u00a0\u00bbrgba(255,255,255,0.64)\u00a0\u00bb form_field_text_color=\u00a0\u00bb#000000&Prime; form_field_focus_background_color=\u00a0\u00bbrgba(255,255,255,0.8)\u00a0\u00bb form_field_focus_text_color=\u00a0\u00bb#000000&Prime; global_colors_info=\u00a0\u00bb{}\u00a0\u00bb button_text_size__hover_enabled=\u00a0\u00bboff\u00a0\u00bb button_one_text_size__hover_enabled=\u00a0\u00bboff\u00a0\u00bb button_two_text_size__hover_enabled=\u00a0\u00bboff\u00a0\u00bb button_text_color__hover_enabled=\u00a0\u00bboff\u00a0\u00bb button_one_text_color__hover_enabled=\u00a0\u00bboff\u00a0\u00bb button_two_text_color__hover_enabled=\u00a0\u00bboff\u00a0\u00bb button_border_width__hover_enabled=\u00a0\u00bboff\u00a0\u00bb button_one_border_width__hover_enabled=\u00a0\u00bboff\u00a0\u00bb button_two_border_width__hover_enabled=\u00a0\u00bboff\u00a0\u00bb button_border_color__hover_enabled=\u00a0\u00bboff\u00a0\u00bb button_one_border_color__hover_enabled=\u00a0\u00bboff\u00a0\u00bb button_two_border_color__hover_enabled=\u00a0\u00bboff\u00a0\u00bb button_border_radius__hover_enabled=\u00a0\u00bboff\u00a0\u00bb button_one_border_radius__hover_enabled=\u00a0\u00bboff\u00a0\u00bb button_two_border_radius__hover_enabled=\u00a0\u00bboff\u00a0\u00bb button_letter_spacing__hover_enabled=\u00a0\u00bboff\u00a0\u00bb button_one_letter_spacing__hover_enabled=\u00a0\u00bboff\u00a0\u00bb button_two_letter_spacing__hover_enabled=\u00a0\u00bboff\u00a0\u00bb button_bg_color__hover_enabled=\u00a0\u00bboff\u00a0\u00bb button_one_bg_color__hover_enabled=\u00a0\u00bboff\u00a0\u00bb button_two_bg_color__hover_enabled=\u00a0\u00bboff\u00a0\u00bb][\/et_pb_contact_field][et_pb_contact_field field_id=\u00a0\u00bbMessage\u00a0\u00bb field_title=\u00a0\u00bbMessage\u00a0\u00bb field_type=\u00a0\u00bbtext\u00a0\u00bb fullwidth_field=\u00a0\u00bbon\u00a0\u00bb _builder_version=\u00a0\u00bb4.16&Prime; form_field_background_color=\u00a0\u00bbrgba(255,255,255,0.64)\u00a0\u00bb form_field_text_color=\u00a0\u00bb#000000&Prime; form_field_focus_background_color=\u00a0\u00bbrgba(255,255,255,0.8)\u00a0\u00bb form_field_focus_text_color=\u00a0\u00bb#000000&Prime; max_height=\u00a0\u00bb63px\u00a0\u00bb custom_margin=\u00a0\u00bb0px||||false|false\u00a0\u00bb global_colors_info=\u00a0\u00bb{}\u00a0\u00bb button_text_size__hover_enabled=\u00a0\u00bboff\u00a0\u00bb button_one_text_size__hover_enabled=\u00a0\u00bboff\u00a0\u00bb button_two_text_size__hover_enabled=\u00a0\u00bboff\u00a0\u00bb button_text_color__hover_enabled=\u00a0\u00bboff\u00a0\u00bb button_one_text_color__hover_enabled=\u00a0\u00bboff\u00a0\u00bb button_two_text_color__hover_enabled=\u00a0\u00bboff\u00a0\u00bb button_border_width__hover_enabled=\u00a0\u00bboff\u00a0\u00bb button_one_border_width__hover_enabled=\u00a0\u00bboff\u00a0\u00bb button_two_border_width__hover_enabled=\u00a0\u00bboff\u00a0\u00bb button_border_color__hover_enabled=\u00a0\u00bboff\u00a0\u00bb button_one_border_color__hover_enabled=\u00a0\u00bboff\u00a0\u00bb button_two_border_color__hover_enabled=\u00a0\u00bboff\u00a0\u00bb button_border_radius__hover_enabled=\u00a0\u00bboff\u00a0\u00bb button_one_border_radius__hover_enabled=\u00a0\u00bboff\u00a0\u00bb button_two_border_radius__hover_enabled=\u00a0\u00bboff\u00a0\u00bb button_letter_spacing__hover_enabled=\u00a0\u00bboff\u00a0\u00bb button_one_letter_spacing__hover_enabled=\u00a0\u00bboff\u00a0\u00bb button_two_letter_spacing__hover_enabled=\u00a0\u00bboff\u00a0\u00bb button_bg_color__hover_enabled=\u00a0\u00bboff\u00a0\u00bb button_one_bg_color__hover_enabled=\u00a0\u00bboff\u00a0\u00bb button_two_bg_color__hover_enabled=\u00a0\u00bboff\u00a0\u00bb][\/et_pb_contact_field][\/et_pb_contact_form][\/et_pb_column][et_pb_column type=\u00a0\u00bb1_4&Prime; _builder_version=\u00a0\u00bb4.16&Prime; _module_preset=\u00a0\u00bbdefault\u00a0\u00bb custom_padding=\u00a0\u00bb|||26px|false|false\u00a0\u00bb global_colors_info=\u00a0\u00bb{}\u00a0\u00bb][et_pb_blurb title=\u00a0\u00bbHoraires\u00a0\u00bb use_icon=\u00a0\u00bbon\u00a0\u00bb font_icon=\u00a0\u00bb\ue06b||divi||400&Prime; icon_color=\u00a0\u00bb#dbc2b3&Prime; icon_placement=\u00a0\u00bbleft\u00a0\u00bb image_icon_width=\u00a0\u00bb30px\u00a0\u00bb _builder_version=\u00a0\u00bb4.27.5&Prime; _module_preset=\u00a0\u00bbdefault\u00a0\u00bb header_level=\u00a0\u00bbh3&Prime; header_font=\u00a0\u00bb|700||on|||||\u00a0\u00bb header_text_align=\u00a0\u00bbleft\u00a0\u00bb header_text_color=\u00a0\u00bb#ddcdba\u00a0\u00bb header_font_size=\u00a0\u00bb14px\u00a0\u00bb header_letter_spacing=\u00a0\u00bb4px\u00a0\u00bb header_line_height=\u00a0\u00bb1.2em\u00a0\u00bb body_font=\u00a0\u00bb||||||||\u00a0\u00bb body_text_align=\u00a0\u00bbleft\u00a0\u00bb body_font_size=\u00a0\u00bb17px\u00a0\u00bb body_line_height=\u00a0\u00bb1.6em\u00a0\u00bb text_orientation=\u00a0\u00bbcenter\u00a0\u00bb background_layout=\u00a0\u00bbdark\u00a0\u00bb custom_margin=\u00a0\u00bb||11px||false|false\u00a0\u00bb body_font_size_tablet=\u00a0\u00bb24px\u00a0\u00bb body_font_size_phone=\u00a0\u00bb22px\u00a0\u00bb body_font_size_last_edited=\u00a0\u00bbon|tablet\u00a0\u00bb icon_font_size=\u00a0\u00bb30px\u00a0\u00bb global_colors_info=\u00a0\u00bb{}\u00a0\u00bb]<\/p>\n<p>Ouvert de 10h \u00e0 18h.<br \/>\nDu Mardi au Samedi<\/p>\n<p>[\/et_pb_blurb][et_pb_blurb title=\u00a0\u00bbContact\u00a0\u00bb use_icon=\u00a0\u00bbon\u00a0\u00bb font_icon=\u00a0\u00bb\ue090||divi||400&Prime; icon_color=\u00a0\u00bb#dbc2b3&Prime; icon_placement=\u00a0\u00bbleft\u00a0\u00bb image_icon_width=\u00a0\u00bb30px\u00a0\u00bb _builder_version=\u00a0\u00bb4.27.5&Prime; _module_preset=\u00a0\u00bbdefault\u00a0\u00bb header_level=\u00a0\u00bbh3&Prime; header_font=\u00a0\u00bb|700||on|||||\u00a0\u00bb header_text_align=\u00a0\u00bbleft\u00a0\u00bb header_text_color=\u00a0\u00bb#ddcdba\u00a0\u00bb header_font_size=\u00a0\u00bb14px\u00a0\u00bb header_letter_spacing=\u00a0\u00bb4px\u00a0\u00bb header_line_height=\u00a0\u00bb1.2em\u00a0\u00bb body_font=\u00a0\u00bb||||||||\u00a0\u00bb body_text_align=\u00a0\u00bbleft\u00a0\u00bb body_font_size=\u00a0\u00bb17px\u00a0\u00bb body_line_height=\u00a0\u00bb1.6em\u00a0\u00bb text_orientation=\u00a0\u00bbcenter\u00a0\u00bb background_layout=\u00a0\u00bbdark\u00a0\u00bb custom_margin=\u00a0\u00bb||11px||false|false\u00a0\u00bb body_font_size_tablet=\u00a0\u00bb24px\u00a0\u00bb body_font_size_phone=\u00a0\u00bb22px\u00a0\u00bb body_font_size_last_edited=\u00a0\u00bbon|tablet\u00a0\u00bb icon_font_size=\u00a0\u00bb30px\u00a0\u00bb locked=\u00a0\u00bboff\u00a0\u00bb global_colors_info=\u00a0\u00bb{}\u00a0\u00bb]<\/p>\n<p>+33 4 90 08 70 10<\/p>\n<p>[\/et_pb_blurb][et_pb_blurb title=\u00a0\u00bbAdresse\u00a0\u00bb use_icon=\u00a0\u00bbon\u00a0\u00bb font_icon=\u00a0\u00bb\ue082||divi||400&Prime; icon_color=\u00a0\u00bb#dbc2b3&Prime; icon_placement=\u00a0\u00bbleft\u00a0\u00bb image_icon_width=\u00a0\u00bb30px\u00a0\u00bb _builder_version=\u00a0\u00bb4.27.5&Prime; _module_preset=\u00a0\u00bbdefault\u00a0\u00bb header_level=\u00a0\u00bbh3&Prime; header_font=\u00a0\u00bb|700||on|||||\u00a0\u00bb header_text_align=\u00a0\u00bbleft\u00a0\u00bb header_text_color=\u00a0\u00bb#ddcdba\u00a0\u00bb header_font_size=\u00a0\u00bb14px\u00a0\u00bb header_letter_spacing=\u00a0\u00bb4px\u00a0\u00bb header_line_height=\u00a0\u00bb1.2em\u00a0\u00bb body_font=\u00a0\u00bb||||||||\u00a0\u00bb body_text_align=\u00a0\u00bbleft\u00a0\u00bb body_font_size=\u00a0\u00bb17px\u00a0\u00bb body_line_height=\u00a0\u00bb1.6em\u00a0\u00bb text_orientation=\u00a0\u00bbcenter\u00a0\u00bb background_layout=\u00a0\u00bbdark\u00a0\u00bb custom_margin=\u00a0\u00bb||11px||false|false\u00a0\u00bb body_font_size_tablet=\u00a0\u00bb24px\u00a0\u00bb body_font_size_phone=\u00a0\u00bb22px\u00a0\u00bb body_font_size_last_edited=\u00a0\u00bbon|tablet\u00a0\u00bb icon_font_size=\u00a0\u00bb30px\u00a0\u00bb locked=\u00a0\u00bboff\u00a0\u00bb global_colors_info=\u00a0\u00bb{}\u00a0\u00bb]<\/p>\n<p>2 Voie Communale Jas de Puyvert<br \/>\n84160 Puyvert, France<\/p>\n<p>[\/et_pb_blurb][\/et_pb_column][et_pb_column type=\u00a0\u00bb1_4&Prime; _builder_version=\u00a0\u00bb4.16&Prime; _module_preset=\u00a0\u00bbdefault\u00a0\u00bb global_colors_info=\u00a0\u00bb{}\u00a0\u00bb][et_pb_signup mailchimp_list=\u00a0\u00bbSt Pierre Mejans API mailchimp|7450c8c3fe\u00a0\u00bb first_name_fullwidth=\u00a0\u00bboff\u00a0\u00bb last_name_fullwidth=\u00a0\u00bboff\u00a0\u00bb email_fullwidth=\u00a0\u00bboff\u00a0\u00bb success_message=\u00a0\u00bbMerci pour votre inscription! \u00a0\u00bb title=\u00a0\u00bbNewsletter\u00a0\u00bb button_text=\u00a0\u00bbS&rsquo;inscrire\u00a0\u00bb description=\u00a0\u00bb<\/p>\n<p>Abonnez-vous \u00e0 notre newsletter pour recevoir les derni\u00e8res nouvelles et offres du domaine<\/p>\n<p>\u00a0\u00bb _builder_version=\u00a0\u00bb4.27.4&Prime; _module_preset=\u00a0\u00bbdefault\u00a0\u00bb form_field_background_color=\u00a0\u00bbrgba(255,255,255,0.94)\u00a0\u00bb form_field_text_color=\u00a0\u00bb#000000&Prime; form_field_custom_margin=\u00a0\u00bb-13px||||false|false\u00a0\u00bb background_enable_color=\u00a0\u00bboff\u00a0\u00bb background_enable_image=\u00a0\u00bboff\u00a0\u00bb background_blend=\u00a0\u00bboverlay\u00a0\u00bb custom_button=\u00a0\u00bbon\u00a0\u00bb button_text_size=\u00a0\u00bb22px\u00a0\u00bb button_text_color=\u00a0\u00bb#FFFFFF\u00a0\u00bb button_use_icon=\u00a0\u00bboff\u00a0\u00bb button_custom_padding=\u00a0\u00bb2px||2px||true|false\u00a0\u00bb module_alignment=\u00a0\u00bbcenter\u00a0\u00bb custom_margin=\u00a0\u00bb||||false|false\u00a0\u00bb custom_padding=\u00a0\u00bb3px||||false|false\u00a0\u00bb border_radii_fields=\u00a0\u00bbon|1px|1px|1px|1px\u00a0\u00bb global_colors_info=\u00a0\u00bb{}\u00a0\u00bb][et_pb_signup_custom_field field_id=\u00a0\u00bbField_1&Prime; _builder_version=\u00a0\u00bb4.27.4&Prime; _module_preset=\u00a0\u00bbdefault\u00a0\u00bb global_colors_info=\u00a0\u00bb{}\u00a0\u00bb][\/et_pb_signup_custom_field][\/et_pb_signup][\/et_pb_column][et_pb_column type=\u00a0\u00bb1_4&Prime; _builder_version=\u00a0\u00bb4.16&Prime; _module_preset=\u00a0\u00bbdefault\u00a0\u00bb global_colors_info=\u00a0\u00bb{}\u00a0\u00bb][et_pb_image src=\u00a0\u00bbhttps:\/\/saintpierredemejans.com\/wp-content\/uploads\/2025\/06\/Untitled-design-82.png\u00a0\u00bb title_text=\u00a0\u00bbUntitled design (82)\u00a0\u00bb _builder_version=\u00a0\u00bb4.27.4&Prime; _module_preset=\u00a0\u00bbdefault\u00a0\u00bb width=\u00a0\u00bb100%\u00a0\u00bb custom_padding=\u00a0\u00bb|||14px||\u00a0\u00bb custom_css_free_form=\u00a0\u00bbselector {display: inline-block;}\u00a0\u00bb global_colors_info=\u00a0\u00bb{}\u00a0\u00bb][\/et_pb_image][et_pb_social_media_follow icon_color=\u00a0\u00bb#ffffff\u00a0\u00bb use_icon_font_size=\u00a0\u00bbon\u00a0\u00bb icon_font_size=\u00a0\u00bb12px\u00a0\u00bb admin_label=\u00a0\u00bbSuivez-nous sur les r\u00e9seaux sociaux\u00a0\u00bb _builder_version=\u00a0\u00bb4.27.4&Prime; _module_preset=\u00a0\u00bbdefault\u00a0\u00bb text_orientation=\u00a0\u00bbcenter\u00a0\u00bb custom_margin=\u00a0\u00bb7px||9px|44px|false|false\u00a0\u00bb border_radii=\u00a0\u00bbon|25px|25px|25px|25px\u00a0\u00bb global_colors_info=\u00a0\u00bb{}\u00a0\u00bb][et_pb_social_media_follow_network social_network=\u00a0\u00bbfacebook\u00a0\u00bb url=\u00a0\u00bbhttps:\/\/www.facebook.com\/ChateauSaintPierredeMejans\u00a0\u00bb _builder_version=\u00a0\u00bb4.16&Prime; _module_preset=\u00a0\u00bbdefault\u00a0\u00bb background_color=\u00a0\u00bb#0C71C3&Prime; background_enable_color=\u00a0\u00bbon\u00a0\u00bb custom_padding=\u00a0\u00bb8px|8px|8px|8px|true|true\u00a0\u00bb global_colors_info=\u00a0\u00bb{}\u00a0\u00bb follow_button=\u00a0\u00bboff\u00a0\u00bb url_new_window=\u00a0\u00bbon\u00a0\u00bb]facebook[\/et_pb_social_media_follow_network][et_pb_social_media_follow_network social_network=\u00a0\u00bbinstagram\u00a0\u00bb url=\u00a0\u00bbhttps:\/\/www.instagram.com\/chateausaintpierredemejans\/\u00a0\u00bb _builder_version=\u00a0\u00bb4.16&Prime; _module_preset=\u00a0\u00bbdefault\u00a0\u00bb background_color=\u00a0\u00bb#ea2c59&Prime; background_enable_color=\u00a0\u00bbon\u00a0\u00bb custom_padding=\u00a0\u00bb8px|8px|8px|8px|true|true\u00a0\u00bb global_colors_info=\u00a0\u00bb{}\u00a0\u00bb follow_button=\u00a0\u00bboff\u00a0\u00bb url_new_window=\u00a0\u00bbon\u00a0\u00bb]instagram[\/et_pb_social_media_follow_network][\/et_pb_social_media_follow][\/et_pb_column][\/et_pb_row][et_pb_row _builder_version=\u00a0\u00bb4.27.5&Prime; _module_preset=\u00a0\u00bbdefault\u00a0\u00bb width=\u00a0\u00bb90%\u00a0\u00bb max_width=\u00a0\u00bb2560px\u00a0\u00bb custom_padding=\u00a0\u00bb3px||22px|||\u00a0\u00bb global_colors_info=\u00a0\u00bb{}\u00a0\u00bb][et_pb_column type=\u00a0\u00bb4_4&Prime; _builder_version=\u00a0\u00bb4.27.4&Prime; _module_preset=\u00a0\u00bbdefault\u00a0\u00bb global_colors_info=\u00a0\u00bb{}\u00a0\u00bb][et_pb_text _builder_version=\u00a0\u00bb4.27.5&Prime; _module_preset=\u00a0\u00bbdefault\u00a0\u00bb text_text_color=\u00a0\u00bb#FFFFFF\u00a0\u00bb text_font_size=\u00a0\u00bb14px\u00a0\u00bb text_letter_spacing=\u00a0\u00bb3px\u00a0\u00bb global_colors_info=\u00a0\u00bb{}\u00a0\u00bb]<\/p>\n<p style=\"text-align: center;\"><span style=\"color: #ffffff;\"><a style=\"color: #ffffff;\" href=\"https:\/\/saintpierredemejans.com\/presse\/\">PRESSE<\/a> | <a style=\"color: #ffffff;\" href=\"https:\/\/saintpierredemejans.com\/recrutement\/\">RECRUTEMENT<\/a>\u00a0 | <a style=\"color: #ffffff;\" href=\"https:\/\/saintpierredemejans.com\/galerie-photos\/\">PHOTOS<\/a> | <a style=\"color: #ffffff;\" href=\"https:\/\/saintpierredemejans.com\/actualites\/\">ACTUALIT\u00c9S<\/a> | <a style=\"color: #ffffff;\" href=\"https:\/\/saintpierredemejans.com\/contact\/\">CONTACT<\/a><\/span><\/p>\n<p>[\/et_pb_text][\/et_pb_column][\/et_pb_row][\/et_pb_section]<\/p>\n","protected":false},"excerpt":{"rendered":"<p>Ch\u00e2teau Saint-pierre de mejans EVENEMENTS AU CH\u00c2TEAU Nous avons le plaisir de vous convier \u00e0 nos \u00e9v\u00e8nements au ch\u00e2teau. Veuillez trouver ci-dessous le planning pour cette saison.\u00a0 EVENEMENTS 2026 &nbsp; Vendredi 24 Avril &#8211; Massage sonore avec Airfit Provence &nbsp; Samedi 25 Avril- Atelier Immersif de Printemps &#8211; une d\u00e9gustation de vin dans un lieu [&hellip;]<\/p>\n","protected":false},"author":1,"featured_media":4144,"parent":0,"menu_order":0,"comment_status":"closed","ping_status":"closed","template":"","meta":{"_et_pb_use_builder":"on","_et_pb_old_content":"","_et_gb_content_width":"","footnotes":""},"class_list":["post-4517","page","type-page","status-publish","has-post-thumbnail","hentry"],"yoast_head":"<!-- This site is optimized with the Yoast SEO plugin v27.4 - https:\/\/yoast.com\/product\/yoast-seo-wordpress\/ -->\n<title>Ev\u00e9nements | Ch\u00e2teau Saint-Pierre de Mejans | Vignoble<\/title>\n<meta name=\"description\" content=\"Evenement dans le Lub\u00e9ron, Ch\u00e2teau Saint-Pierre de Mejans \u00e0 Puyvert\" \/>\n<meta name=\"robots\" content=\"index, follow, max-snippet:-1, max-image-preview:large, max-video-preview:-1\" \/>\n<link rel=\"canonical\" href=\"https:\/\/saintpierredemejans.com\/en\/events\/\" \/>\n<meta property=\"og:locale\" content=\"en_GB\" \/>\n<meta property=\"og:type\" content=\"article\" \/>\n<meta property=\"og:title\" content=\"Ev\u00e9nements | Ch\u00e2teau Saint-Pierre de Mejans | Vignoble\" \/>\n<meta property=\"og:description\" content=\"Evenement dans le Lub\u00e9ron, Ch\u00e2teau Saint-Pierre de Mejans \u00e0 Puyvert\" \/>\n<meta property=\"og:url\" content=\"https:\/\/saintpierredemejans.com\/en\/events\/\" \/>\n<meta property=\"og:site_name\" content=\"Ch\u00e2teau Saint-Pierre de Mejans | Vignoble\" \/>\n<meta property=\"article:modified_time\" content=\"2026-04-23T13:18:00+00:00\" \/>\n<meta property=\"og:image\" content=\"https:\/\/saintpierredemejans.com\/wp-content\/uploads\/2024\/03\/Fanny-et-Sebastian-VincentAGNES-10-scaled.webp\" \/>\n\t<meta property=\"og:image:width\" content=\"2560\" \/>\n\t<meta property=\"og:image:height\" content=\"1707\" \/>\n\t<meta property=\"og:image:type\" content=\"image\/webp\" \/>\n<meta name=\"twitter:card\" content=\"summary_large_image\" \/>\n<meta name=\"twitter:label1\" content=\"Estimated reading time\" \/>\n\t<meta name=\"twitter:data1\" content=\"5 minutes\" \/>\n<script type=\"application\/ld+json\" class=\"yoast-schema-graph\">{\"@context\":\"https:\\\/\\\/schema.org\",\"@graph\":[{\"@type\":\"WebPage\",\"@id\":\"https:\\\/\\\/saintpierredemejans.com\\\/evenements\\\/\",\"url\":\"https:\\\/\\\/saintpierredemejans.com\\\/evenements\\\/\",\"name\":\"Ev\u00e9nements | Ch\u00e2teau Saint-Pierre de Mejans | Vignoble\",\"isPartOf\":{\"@id\":\"https:\\\/\\\/saintpierredemejans.com\\\/#website\"},\"primaryImageOfPage\":{\"@id\":\"https:\\\/\\\/saintpierredemejans.com\\\/evenements\\\/#primaryimage\"},\"image\":{\"@id\":\"https:\\\/\\\/saintpierredemejans.com\\\/evenements\\\/#primaryimage\"},\"thumbnailUrl\":\"https:\\\/\\\/saintpierredemejans.com\\\/wp-content\\\/uploads\\\/2024\\\/03\\\/Fanny-et-Sebastian-VincentAGNES-10-scaled.webp\",\"datePublished\":\"2025-02-10T11:12:32+00:00\",\"dateModified\":\"2026-04-23T13:18:00+00:00\",\"description\":\"Evenement dans le Lub\u00e9ron, Ch\u00e2teau Saint-Pierre de Mejans \u00e0 Puyvert\",\"breadcrumb\":{\"@id\":\"https:\\\/\\\/saintpierredemejans.com\\\/evenements\\\/#breadcrumb\"},\"inLanguage\":\"en-GB\",\"potentialAction\":[{\"@type\":\"ReadAction\",\"target\":[\"https:\\\/\\\/saintpierredemejans.com\\\/evenements\\\/\"]}]},{\"@type\":\"ImageObject\",\"inLanguage\":\"en-GB\",\"@id\":\"https:\\\/\\\/saintpierredemejans.com\\\/evenements\\\/#primaryimage\",\"url\":\"https:\\\/\\\/saintpierredemejans.com\\\/wp-content\\\/uploads\\\/2024\\\/03\\\/Fanny-et-Sebastian-VincentAGNES-10-scaled.webp\",\"contentUrl\":\"https:\\\/\\\/saintpierredemejans.com\\\/wp-content\\\/uploads\\\/2024\\\/03\\\/Fanny-et-Sebastian-VincentAGNES-10-scaled.webp\",\"width\":2560,\"height\":1707},{\"@type\":\"BreadcrumbList\",\"@id\":\"https:\\\/\\\/saintpierredemejans.com\\\/evenements\\\/#breadcrumb\",\"itemListElement\":[{\"@type\":\"ListItem\",\"position\":1,\"name\":\"Home\",\"item\":\"https:\\\/\\\/saintpierredemejans.com\\\/\"},{\"@type\":\"ListItem\",\"position\":2,\"name\":\"Ev\u00e9nements\"}]},{\"@type\":\"WebSite\",\"@id\":\"https:\\\/\\\/saintpierredemejans.com\\\/#website\",\"url\":\"https:\\\/\\\/saintpierredemejans.com\\\/\",\"name\":\"Ch\u00e2teau Saint-Pierre de Mejans | Vignoble\",\"description\":\"ch\u00e2teau vignoble\",\"publisher\":{\"@id\":\"https:\\\/\\\/saintpierredemejans.com\\\/#organization\"},\"potentialAction\":[{\"@type\":\"SearchAction\",\"target\":{\"@type\":\"EntryPoint\",\"urlTemplate\":\"https:\\\/\\\/saintpierredemejans.com\\\/?s={search_term_string}\"},\"query-input\":{\"@type\":\"PropertyValueSpecification\",\"valueRequired\":true,\"valueName\":\"search_term_string\"}}],\"inLanguage\":\"en-GB\"},{\"@type\":\"Organization\",\"@id\":\"https:\\\/\\\/saintpierredemejans.com\\\/#organization\",\"name\":\"Ch\u00e2teau Saint-Pierre de Mejans | Vignoble dans le Lub\u00e9ron\",\"url\":\"https:\\\/\\\/saintpierredemejans.com\\\/\",\"logo\":{\"@type\":\"ImageObject\",\"inLanguage\":\"en-GB\",\"@id\":\"https:\\\/\\\/saintpierredemejans.com\\\/#\\\/schema\\\/logo\\\/image\\\/\",\"url\":\"https:\\\/\\\/saintpierredemejans.com\\\/wp-content\\\/uploads\\\/2021\\\/08\\\/favicon-1.png\",\"contentUrl\":\"https:\\\/\\\/saintpierredemejans.com\\\/wp-content\\\/uploads\\\/2021\\\/08\\\/favicon-1.png\",\"width\":822,\"height\":822,\"caption\":\"Ch\u00e2teau Saint-Pierre de Mejans | Vignoble dans le Lub\u00e9ron\"},\"image\":{\"@id\":\"https:\\\/\\\/saintpierredemejans.com\\\/#\\\/schema\\\/logo\\\/image\\\/\"}}]}<\/script>\n<!-- \/ Yoast SEO plugin. -->","yoast_head_json":{"title":"Events | Ch\u00e2teau Saint-Pierre de Mejans | Vineyard","description":"Event in the Luberon, Ch\u00e2teau Saint-Pierre de Mejans in Puyvert","robots":{"index":"index","follow":"follow","max-snippet":"max-snippet:-1","max-image-preview":"max-image-preview:large","max-video-preview":"max-video-preview:-1"},"canonical":"https:\/\/saintpierredemejans.com\/en\/events\/","og_locale":"en_GB","og_type":"article","og_title":"Ev\u00e9nements | Ch\u00e2teau Saint-Pierre de Mejans | Vignoble","og_description":"Evenement dans le Lub\u00e9ron, Ch\u00e2teau Saint-Pierre de Mejans \u00e0 Puyvert","og_url":"https:\/\/saintpierredemejans.com\/en\/events\/","og_site_name":"Ch\u00e2teau Saint-Pierre de Mejans | Vignoble","article_modified_time":"2026-04-23T13:18:00+00:00","og_image":[{"width":2560,"height":1707,"url":"https:\/\/saintpierredemejans.com\/wp-content\/uploads\/2024\/03\/Fanny-et-Sebastian-VincentAGNES-10-scaled.webp","type":"image\/webp"}],"twitter_card":"summary_large_image","twitter_misc":{"Estimated reading time":"5 minutes"},"schema":{"@context":"https:\/\/schema.org","@graph":[{"@type":"WebPage","@id":"https:\/\/saintpierredemejans.com\/evenements\/","url":"https:\/\/saintpierredemejans.com\/evenements\/","name":"Events | Ch\u00e2teau Saint-Pierre de Mejans | Vineyard","isPartOf":{"@id":"https:\/\/saintpierredemejans.com\/#website"},"primaryImageOfPage":{"@id":"https:\/\/saintpierredemejans.com\/evenements\/#primaryimage"},"image":{"@id":"https:\/\/saintpierredemejans.com\/evenements\/#primaryimage"},"thumbnailUrl":"https:\/\/saintpierredemejans.com\/wp-content\/uploads\/2024\/03\/Fanny-et-Sebastian-VincentAGNES-10-scaled.webp","datePublished":"2025-02-10T11:12:32+00:00","dateModified":"2026-04-23T13:18:00+00:00","description":"Event in the Luberon, Ch\u00e2teau Saint-Pierre de Mejans in Puyvert","breadcrumb":{"@id":"https:\/\/saintpierredemejans.com\/evenements\/#breadcrumb"},"inLanguage":"en-GB","potentialAction":[{"@type":"ReadAction","target":["https:\/\/saintpierredemejans.com\/evenements\/"]}]},{"@type":"ImageObject","inLanguage":"en-GB","@id":"https:\/\/saintpierredemejans.com\/evenements\/#primaryimage","url":"https:\/\/saintpierredemejans.com\/wp-content\/uploads\/2024\/03\/Fanny-et-Sebastian-VincentAGNES-10-scaled.webp","contentUrl":"https:\/\/saintpierredemejans.com\/wp-content\/uploads\/2024\/03\/Fanny-et-Sebastian-VincentAGNES-10-scaled.webp","width":2560,"height":1707},{"@type":"BreadcrumbList","@id":"https:\/\/saintpierredemejans.com\/evenements\/#breadcrumb","itemListElement":[{"@type":"ListItem","position":1,"name":"Home","item":"https:\/\/saintpierredemejans.com\/"},{"@type":"ListItem","position":2,"name":"Ev\u00e9nements"}]},{"@type":"WebSite","@id":"https:\/\/saintpierredemejans.com\/#website","url":"https:\/\/saintpierredemejans.com\/","name":"Ch\u00e2teau Saint-Pierre de Mejans | Vineyard","description":"chateau vineyard","publisher":{"@id":"https:\/\/saintpierredemejans.com\/#organization"},"potentialAction":[{"@type":"SearchAction","target":{"@type":"EntryPoint","urlTemplate":"https:\/\/saintpierredemejans.com\/?s={search_term_string}"},"query-input":{"@type":"PropertyValueSpecification","valueRequired":true,"valueName":"search_term_string"}}],"inLanguage":"en-GB"},{"@type":"Organization","@id":"https:\/\/saintpierredemejans.com\/#organization","name":"Ch\u00e2teau Saint-Pierre de Mejans | Vineyard in the Lub\u00e9ron","url":"https:\/\/saintpierredemejans.com\/","logo":{"@type":"ImageObject","inLanguage":"en-GB","@id":"https:\/\/saintpierredemejans.com\/#\/schema\/logo\/image\/","url":"https:\/\/saintpierredemejans.com\/wp-content\/uploads\/2021\/08\/favicon-1.png","contentUrl":"https:\/\/saintpierredemejans.com\/wp-content\/uploads\/2021\/08\/favicon-1.png","width":822,"height":822,"caption":"Ch\u00e2teau Saint-Pierre de Mejans | Vignoble dans le Lub\u00e9ron"},"image":{"@id":"https:\/\/saintpierredemejans.com\/#\/schema\/logo\/image\/"}}]}},"_links":{"self":[{"href":"https:\/\/saintpierredemejans.com\/en\/wp-json\/wp\/v2\/pages\/4517","targetHints":{"allow":["GET"]}}],"collection":[{"href":"https:\/\/saintpierredemejans.com\/en\/wp-json\/wp\/v2\/pages"}],"about":[{"href":"https:\/\/saintpierredemejans.com\/en\/wp-json\/wp\/v2\/types\/page"}],"author":[{"embeddable":true,"href":"https:\/\/saintpierredemejans.com\/en\/wp-json\/wp\/v2\/users\/1"}],"replies":[{"embeddable":true,"href":"https:\/\/saintpierredemejans.com\/en\/wp-json\/wp\/v2\/comments?post=4517"}],"version-history":[{"count":6,"href":"https:\/\/saintpierredemejans.com\/en\/wp-json\/wp\/v2\/pages\/4517\/revisions"}],"predecessor-version":[{"id":5445,"href":"https:\/\/saintpierredemejans.com\/en\/wp-json\/wp\/v2\/pages\/4517\/revisions\/5445"}],"wp:featuredmedia":[{"embeddable":true,"href":"https:\/\/saintpierredemejans.com\/en\/wp-json\/wp\/v2\/media\/4144"}],"wp:attachment":[{"href":"https:\/\/saintpierredemejans.com\/en\/wp-json\/wp\/v2\/media?parent=4517"}],"curies":[{"name":"wp","href":"https:\/\/api.w.org\/{rel}","templated":true}]}}