{"id":1345,"date":"2021-08-02T13:02:58","date_gmt":"2021-08-02T11:02:58","guid":{"rendered":"https:\/\/mejans.hotel-webdesign.fr\/?post_type=product&#038;p=1345"},"modified":"2024-03-28T20:33:06","modified_gmt":"2024-03-28T19:33:06","slug":"cuvee-chapelle-rouge","status":"publish","type":"product","link":"https:\/\/saintpierredemejans.com\/en\/boutique\/cuvee-chapelle-rouge\/","title":{"rendered":"Cuv\u00e9e Chapelle (red)"},"content":{"rendered":"<div class=\"et_pb_module et_pb_wc_description et_pb_wc_description_0_tb_body et_pb_bg_layout_light et_pb_text_align_left\">\n<div class=\"et_pb_module_inner\">\n<p><strong>Purchase by case of 6 only<\/strong> From this fertile terroir in the heart of the Luberon, we select our best parcels of grapes to blend this red wine. Aged in French oak barrels for 10 months before bottling, this red wine offers a full-bodied, complex flavour with notes of blackberries, ripe cherries, vanilla oak and silky tannins. A perfect complement to any gourmet meal!<\/p>\n<h3>THE VINEYARD<\/h3>\n<ul class=\"ulmejans\">\n<li class=\"limejans\">Surface area: 2.5 hectares<\/li>\n<li class=\"limejans\">Grape varieties: Syrah, Grenache Noir, Carignan<\/li>\n<li class=\"limejans\">Average age of vines: 10-40 years<\/li>\n<li class=\"limejans\">Method of cultivation : Organic conversion<\/li>\n<li class=\"limejans\">Type of terroir : Clay-limestone with stony soil<\/li>\n<li class=\"limejans\">Picking the grapes: by hand<\/li>\n<\/ul>\n<h3>VINIFICATION<\/h3>\n<ul class=\"ulmejans\">\n<li class=\"limejans\">Vinification of grape varieties: together in the same vat<\/li>\n<li class=\"limejans\">Total destemming<\/li>\n<li class=\"limejans\">Type of vat: 90 hl stainless steel vat<\/li>\n<li class=\"limejans\">Yeasting: yes<\/li>\n<li class=\"limejans\">Maximum temperature: 28\u00b0 C, controlled by run-off water from a well.<\/li>\n<li class=\"limejans\">Average maceration of 3 weeks<\/li>\n<\/ul>\n<h3>BREEDING<\/h3>\n<ul class=\"ulmejans\">\n<li class=\"limejans\">Aged in oak barrels for 10 months<\/li>\n<\/ul>\n<h3>BOTTLING<\/h3>\n<ul class=\"ulmejans\">\n<li class=\"limejans\">No gluing<\/li>\n<li class=\"limejans\">Plate filtration<\/li>\n<\/ul>\n<\/div>\n<\/div>","protected":false},"excerpt":{"rendered":"<p>Achat par caisse de 6 uniquement Sur ce terroir fertile au c\u0153ur du Luberon, nous s\u00e9lectionnons nos meilleures parcelles de raisins pour assembler cet assemblage de vins rouges. \u00c9lev\u00e9 en f\u00fbts de ch\u00eane fran\u00e7ais pendant 10 mois avant la mise en bouteille, ce vin rouge offre un go\u00fbt cors\u00e9 et complexe avec des notes de [&hellip;]<\/p>\n","protected":false},"featured_media":3938,"template":"","meta":{"_et_pb_use_builder":"off","_et_pb_old_content":"<strong>Achat par caisse de 6 uniquement<\/strong>\r\n\r\nSur ces terres filtrantes qui d\u00e9livrent de faibles rendements, ce blanc se distingue par sa fraicheur, son arome floral et une belle acidit\u00e9. Un vin blanc \u00e0 d\u00e9guster en ap\u00e9ritif avec des amis et de la famille. Le Ch\u00e2teau Saint-Pierre de Mejans, un ancien prieur\u00e9, a tiss\u00e9 sa longue histoire de vin depuis le Moyen-Age.\r\n\r\n<strong>M\u00e9daille d'argent USA WINE RATING 2021<\/strong>\r\n<h3 style=\"margin-top: 20px\">LA VIGNE<\/h3>\r\n<ul class=\"ulmejans\">\r\n \t<li class=\"limejans\">Superficie : 2,5 hectares<\/li>\r\n \t<li class=\"limejans\">C\u00e9pages : 60% Vermentino, 20% Grenache Blanc, 20% Viognier<\/li>\r\n \t<li class=\"limejans\">Age moyen des vignes : 10-40 ans<\/li>\r\n \t<li class=\"limejans\">Mode de culture\u00a0: culture raisonn\u00e9e<\/li>\r\n \t<li class=\"limejans\">Type de terroir\u00a0: Argilo-calcaire<\/li>\r\n \t<li class=\"limejans\">Ramassage du raisin\u00a0: \u00e0 la main<\/li>\r\n<\/ul>\r\n<h3>LA VINIFICATION<\/h3>\r\n<ul class=\"ulmejans\">\r\n \t<li class=\"limejans\">Vinification des c\u00e9pages\u00a0: ensemble dans une m\u00eame cuve<\/li>\r\n \t<li class=\"limejans\">Eraflage<\/li>\r\n \t<li class=\"limejans\">Type de cuve\u00a0: Inox de 90 hl<\/li>\r\n \t<li class=\"limejans\">Levurage\u00a0: oui<\/li>\r\n \t<li class=\"limejans\">Temp\u00e9rature maxi : 18\u00b0 C, contr\u00f4le de la temp\u00e9rature par eau de ruissellement venue d\u2019un forage.<\/li>\r\n \t<li class=\"limejans\">Blanc de mac\u00e9ration 100%<\/li>\r\n \t<li class=\"limejans\">Dur\u00e9e de fermentation des sucres\u00a0: environ 3 semaines.<\/li>\r\n<\/ul>\r\n<span style=\"color: #333333;font-size: 22px\">ELEVAGE<\/span>\r\n<ul class=\"ulmejans\">\r\n \t<li class=\"limejans\">Elevage en cuve b\u00e9ton<\/li>\r\n<\/ul>\r\n<h3>MISE EN BOUTEILLE<\/h3>\r\n<ul class=\"ulmejans\">\r\n \t<li class=\"limejans\">Pas de collage<\/li>\r\n \t<li class=\"limejans\">Filtration sur plaque<\/li>\r\n<\/ul>","_et_gb_content_width":""},"product_brand":[],"product_cat":[22,23],"product_tag":[],"class_list":{"0":"post-1345","1":"product","2":"type-product","3":"status-publish","4":"has-post-thumbnail","6":"product_cat-uncategorized","7":"product_cat-vin-rouge","8":"product_shipping_class-bouteilles","10":"first","11":"instock","12":"shipping-taxable","13":"purchasable","14":"product-type-simple"},"yoast_head":"<!-- This site is optimized with the Yoast SEO plugin v27.4 - https:\/\/yoast.com\/product\/yoast-seo-wordpress\/ -->\n<title>Cuv\u00e9e Chapelle (rouge) | Ch\u00e2teau Saint-Pierre de Mejans | Vignoble<\/title>\n<meta name=\"robots\" content=\"index, follow, max-snippet:-1, max-image-preview:large, max-video-preview:-1\" \/>\n<link rel=\"canonical\" href=\"https:\/\/saintpierredemejans.com\/en\/shop\/cuvee-chapelle-rouge\/\" \/>\n<meta property=\"og:locale\" content=\"en_GB\" \/>\n<meta property=\"og:type\" content=\"article\" \/>\n<meta property=\"og:title\" content=\"Cuv\u00e9e Chapelle (rouge) | Ch\u00e2teau Saint-Pierre de Mejans | Vignoble\" \/>\n<meta property=\"og:description\" content=\"Achat par caisse de 6 uniquement Sur ce terroir fertile au c\u0153ur du Luberon, nous s\u00e9lectionnons nos meilleures parcelles de raisins pour assembler cet assemblage de vins rouges. \u00c9lev\u00e9 en f\u00fbts de ch\u00eane fran\u00e7ais pendant 10 mois avant la mise en bouteille, ce vin rouge offre un go\u00fbt cors\u00e9 et complexe avec des notes de [&hellip;]\" \/>\n<meta property=\"og:url\" content=\"https:\/\/saintpierredemejans.com\/en\/shop\/cuvee-chapelle-rouge\/\" \/>\n<meta property=\"og:site_name\" content=\"Ch\u00e2teau Saint-Pierre de Mejans | Vignoble\" \/>\n<meta property=\"article:modified_time\" content=\"2024-03-28T19:33:06+00:00\" \/>\n<meta property=\"og:image\" content=\"https:\/\/saintpierredemejans.com\/wp-content\/uploads\/2024\/03\/Template-bouteille-Chateau-Saint-Pierre-Mejans-DSC_0713.jpg\" \/>\n\t<meta property=\"og:image:width\" content=\"850\" \/>\n\t<meta property=\"og:image:height\" content=\"850\" \/>\n\t<meta property=\"og:image:type\" content=\"image\/jpeg\" \/>\n<meta name=\"twitter:card\" content=\"summary_large_image\" \/>\n<meta name=\"twitter:label1\" content=\"Estimated reading time\" \/>\n\t<meta name=\"twitter:data1\" content=\"2 minutes\" \/>\n<script type=\"application\/ld+json\" class=\"yoast-schema-graph\">{\"@context\":\"https:\\\/\\\/schema.org\",\"@graph\":[{\"@type\":\"WebPage\",\"@id\":\"https:\\\/\\\/saintpierredemejans.com\\\/boutique\\\/cuvee-chapelle-rouge\\\/\",\"url\":\"https:\\\/\\\/saintpierredemejans.com\\\/boutique\\\/cuvee-chapelle-rouge\\\/\",\"name\":\"Cuv\u00e9e Chapelle (rouge) | Ch\u00e2teau Saint-Pierre de Mejans | Vignoble\",\"isPartOf\":{\"@id\":\"https:\\\/\\\/saintpierredemejans.com\\\/#website\"},\"primaryImageOfPage\":{\"@id\":\"https:\\\/\\\/saintpierredemejans.com\\\/boutique\\\/cuvee-chapelle-rouge\\\/#primaryimage\"},\"image\":{\"@id\":\"https:\\\/\\\/saintpierredemejans.com\\\/boutique\\\/cuvee-chapelle-rouge\\\/#primaryimage\"},\"thumbnailUrl\":\"https:\\\/\\\/saintpierredemejans.com\\\/wp-content\\\/uploads\\\/2024\\\/03\\\/Template-bouteille-Chateau-Saint-Pierre-Mejans-DSC_0713.jpg\",\"datePublished\":\"2021-08-02T11:02:58+00:00\",\"dateModified\":\"2024-03-28T19:33:06+00:00\",\"breadcrumb\":{\"@id\":\"https:\\\/\\\/saintpierredemejans.com\\\/boutique\\\/cuvee-chapelle-rouge\\\/#breadcrumb\"},\"inLanguage\":\"en-GB\",\"potentialAction\":[{\"@type\":\"ReadAction\",\"target\":[\"https:\\\/\\\/saintpierredemejans.com\\\/boutique\\\/cuvee-chapelle-rouge\\\/\"]}]},{\"@type\":\"ImageObject\",\"inLanguage\":\"en-GB\",\"@id\":\"https:\\\/\\\/saintpierredemejans.com\\\/boutique\\\/cuvee-chapelle-rouge\\\/#primaryimage\",\"url\":\"https:\\\/\\\/saintpierredemejans.com\\\/wp-content\\\/uploads\\\/2024\\\/03\\\/Template-bouteille-Chateau-Saint-Pierre-Mejans-DSC_0713.jpg\",\"contentUrl\":\"https:\\\/\\\/saintpierredemejans.com\\\/wp-content\\\/uploads\\\/2024\\\/03\\\/Template-bouteille-Chateau-Saint-Pierre-Mejans-DSC_0713.jpg\",\"width\":850,\"height\":850},{\"@type\":\"BreadcrumbList\",\"@id\":\"https:\\\/\\\/saintpierredemejans.com\\\/boutique\\\/cuvee-chapelle-rouge\\\/#breadcrumb\",\"itemListElement\":[{\"@type\":\"ListItem\",\"position\":1,\"name\":\"Home\",\"item\":\"https:\\\/\\\/saintpierredemejans.com\\\/\"},{\"@type\":\"ListItem\",\"position\":2,\"name\":\"Boutique\",\"item\":\"https:\\\/\\\/saintpierredemejans.com\\\/boutique\\\/\"},{\"@type\":\"ListItem\",\"position\":3,\"name\":\"Cuv\u00e9e Chapelle (rouge)\"}]},{\"@type\":\"WebSite\",\"@id\":\"https:\\\/\\\/saintpierredemejans.com\\\/#website\",\"url\":\"https:\\\/\\\/saintpierredemejans.com\\\/\",\"name\":\"Ch\u00e2teau Saint-Pierre de Mejans | Vignoble\",\"description\":\"ch\u00e2teau vignoble\",\"publisher\":{\"@id\":\"https:\\\/\\\/saintpierredemejans.com\\\/#organization\"},\"potentialAction\":[{\"@type\":\"SearchAction\",\"target\":{\"@type\":\"EntryPoint\",\"urlTemplate\":\"https:\\\/\\\/saintpierredemejans.com\\\/?s={search_term_string}\"},\"query-input\":{\"@type\":\"PropertyValueSpecification\",\"valueRequired\":true,\"valueName\":\"search_term_string\"}}],\"inLanguage\":\"en-GB\"},{\"@type\":\"Organization\",\"@id\":\"https:\\\/\\\/saintpierredemejans.com\\\/#organization\",\"name\":\"Ch\u00e2teau Saint-Pierre de Mejans | Vignoble dans le Lub\u00e9ron\",\"url\":\"https:\\\/\\\/saintpierredemejans.com\\\/\",\"logo\":{\"@type\":\"ImageObject\",\"inLanguage\":\"en-GB\",\"@id\":\"https:\\\/\\\/saintpierredemejans.com\\\/#\\\/schema\\\/logo\\\/image\\\/\",\"url\":\"https:\\\/\\\/saintpierredemejans.com\\\/wp-content\\\/uploads\\\/2021\\\/08\\\/favicon-1.png\",\"contentUrl\":\"https:\\\/\\\/saintpierredemejans.com\\\/wp-content\\\/uploads\\\/2021\\\/08\\\/favicon-1.png\",\"width\":822,\"height\":822,\"caption\":\"Ch\u00e2teau Saint-Pierre de Mejans | Vignoble dans le Lub\u00e9ron\"},\"image\":{\"@id\":\"https:\\\/\\\/saintpierredemejans.com\\\/#\\\/schema\\\/logo\\\/image\\\/\"}}]}<\/script>\n<!-- \/ Yoast SEO plugin. -->","yoast_head_json":{"title":"Cuv\u00e9e Chapelle (red) | Ch\u00e2teau Saint-Pierre de Mejans | Vineyard","robots":{"index":"index","follow":"follow","max-snippet":"max-snippet:-1","max-image-preview":"max-image-preview:large","max-video-preview":"max-video-preview:-1"},"canonical":"https:\/\/saintpierredemejans.com\/en\/shop\/cuvee-chapelle-rouge\/","og_locale":"en_GB","og_type":"article","og_title":"Cuv\u00e9e Chapelle (rouge) | Ch\u00e2teau Saint-Pierre de Mejans | Vignoble","og_description":"Achat par caisse de 6 uniquement Sur ce terroir fertile au c\u0153ur du Luberon, nous s\u00e9lectionnons nos meilleures parcelles de raisins pour assembler cet assemblage de vins rouges. \u00c9lev\u00e9 en f\u00fbts de ch\u00eane fran\u00e7ais pendant 10 mois avant la mise en bouteille, ce vin rouge offre un go\u00fbt cors\u00e9 et complexe avec des notes de [&hellip;]","og_url":"https:\/\/saintpierredemejans.com\/en\/shop\/cuvee-chapelle-rouge\/","og_site_name":"Ch\u00e2teau Saint-Pierre de Mejans | Vignoble","article_modified_time":"2024-03-28T19:33:06+00:00","og_image":[{"width":850,"height":850,"url":"https:\/\/saintpierredemejans.com\/wp-content\/uploads\/2024\/03\/Template-bouteille-Chateau-Saint-Pierre-Mejans-DSC_0713.jpg","type":"image\/jpeg"}],"twitter_card":"summary_large_image","twitter_misc":{"Estimated reading time":"2 minutes"},"schema":{"@context":"https:\/\/schema.org","@graph":[{"@type":"WebPage","@id":"https:\/\/saintpierredemejans.com\/boutique\/cuvee-chapelle-rouge\/","url":"https:\/\/saintpierredemejans.com\/boutique\/cuvee-chapelle-rouge\/","name":"Cuv\u00e9e Chapelle (red) | Ch\u00e2teau Saint-Pierre de Mejans | Vineyard","isPartOf":{"@id":"https:\/\/saintpierredemejans.com\/#website"},"primaryImageOfPage":{"@id":"https:\/\/saintpierredemejans.com\/boutique\/cuvee-chapelle-rouge\/#primaryimage"},"image":{"@id":"https:\/\/saintpierredemejans.com\/boutique\/cuvee-chapelle-rouge\/#primaryimage"},"thumbnailUrl":"https:\/\/saintpierredemejans.com\/wp-content\/uploads\/2024\/03\/Template-bouteille-Chateau-Saint-Pierre-Mejans-DSC_0713.jpg","datePublished":"2021-08-02T11:02:58+00:00","dateModified":"2024-03-28T19:33:06+00:00","breadcrumb":{"@id":"https:\/\/saintpierredemejans.com\/boutique\/cuvee-chapelle-rouge\/#breadcrumb"},"inLanguage":"en-GB","potentialAction":[{"@type":"ReadAction","target":["https:\/\/saintpierredemejans.com\/boutique\/cuvee-chapelle-rouge\/"]}]},{"@type":"ImageObject","inLanguage":"en-GB","@id":"https:\/\/saintpierredemejans.com\/boutique\/cuvee-chapelle-rouge\/#primaryimage","url":"https:\/\/saintpierredemejans.com\/wp-content\/uploads\/2024\/03\/Template-bouteille-Chateau-Saint-Pierre-Mejans-DSC_0713.jpg","contentUrl":"https:\/\/saintpierredemejans.com\/wp-content\/uploads\/2024\/03\/Template-bouteille-Chateau-Saint-Pierre-Mejans-DSC_0713.jpg","width":850,"height":850},{"@type":"BreadcrumbList","@id":"https:\/\/saintpierredemejans.com\/boutique\/cuvee-chapelle-rouge\/#breadcrumb","itemListElement":[{"@type":"ListItem","position":1,"name":"Home","item":"https:\/\/saintpierredemejans.com\/"},{"@type":"ListItem","position":2,"name":"Boutique","item":"https:\/\/saintpierredemejans.com\/boutique\/"},{"@type":"ListItem","position":3,"name":"Cuv\u00e9e Chapelle (rouge)"}]},{"@type":"WebSite","@id":"https:\/\/saintpierredemejans.com\/#website","url":"https:\/\/saintpierredemejans.com\/","name":"Ch\u00e2teau Saint-Pierre de Mejans | Vineyard","description":"chateau vineyard","publisher":{"@id":"https:\/\/saintpierredemejans.com\/#organization"},"potentialAction":[{"@type":"SearchAction","target":{"@type":"EntryPoint","urlTemplate":"https:\/\/saintpierredemejans.com\/?s={search_term_string}"},"query-input":{"@type":"PropertyValueSpecification","valueRequired":true,"valueName":"search_term_string"}}],"inLanguage":"en-GB"},{"@type":"Organization","@id":"https:\/\/saintpierredemejans.com\/#organization","name":"Ch\u00e2teau Saint-Pierre de Mejans | Vineyard in the Lub\u00e9ron","url":"https:\/\/saintpierredemejans.com\/","logo":{"@type":"ImageObject","inLanguage":"en-GB","@id":"https:\/\/saintpierredemejans.com\/#\/schema\/logo\/image\/","url":"https:\/\/saintpierredemejans.com\/wp-content\/uploads\/2021\/08\/favicon-1.png","contentUrl":"https:\/\/saintpierredemejans.com\/wp-content\/uploads\/2021\/08\/favicon-1.png","width":822,"height":822,"caption":"Ch\u00e2teau Saint-Pierre de Mejans | Vignoble dans le Lub\u00e9ron"},"image":{"@id":"https:\/\/saintpierredemejans.com\/#\/schema\/logo\/image\/"}}]}},"_links":{"self":[{"href":"https:\/\/saintpierredemejans.com\/en\/wp-json\/wp\/v2\/product\/1345","targetHints":{"allow":["GET"]}}],"collection":[{"href":"https:\/\/saintpierredemejans.com\/en\/wp-json\/wp\/v2\/product"}],"about":[{"href":"https:\/\/saintpierredemejans.com\/en\/wp-json\/wp\/v2\/types\/product"}],"wp:featuredmedia":[{"embeddable":true,"href":"https:\/\/saintpierredemejans.com\/en\/wp-json\/wp\/v2\/media\/3938"}],"wp:attachment":[{"href":"https:\/\/saintpierredemejans.com\/en\/wp-json\/wp\/v2\/media?parent=1345"}],"wp:term":[{"taxonomy":"product_brand","embeddable":true,"href":"https:\/\/saintpierredemejans.com\/en\/wp-json\/wp\/v2\/product_brand?post=1345"},{"taxonomy":"product_cat","embeddable":true,"href":"https:\/\/saintpierredemejans.com\/en\/wp-json\/wp\/v2\/product_cat?post=1345"},{"taxonomy":"product_tag","embeddable":true,"href":"https:\/\/saintpierredemejans.com\/en\/wp-json\/wp\/v2\/product_tag?post=1345"}],"curies":[{"name":"wp","href":"https:\/\/api.w.org\/{rel}","templated":true}]}}